{"id":55,"date":"2018-10-16T21:58:53","date_gmt":"2018-10-16T21:58:53","guid":{"rendered":"http:\/\/td_uid_13_5bc65f1d1f8e3"},"modified":"2018-10-16T21:58:53","modified_gmt":"2018-10-16T21:58:53","slug":"homepage-loop","status":"publish","type":"page","link":"http:\/\/fundacionluisanderson.org\/index.php\/homepage-loop\/","title":{"rendered":"Homepage &#8211; Loop"},"content":{"rendered":"<p>[vc_row full_width=\u00bb\u00bb parallax=\u00bb\u00bb parallax_image=\u00bb\u00bb][vc_column width=\u00bb1\/1&#8243;]<div class=\"td_block_wrap td_block_trending_now td_uid_1_69f2522c12f3f_rand td-pb-border-top td_block_template_1\"  data-td-block-uid=\"td_uid_1_69f2522c12f3f\" ><script>var block_td_uid_1_69f2522c12f3f = new tdBlock();\nblock_td_uid_1_69f2522c12f3f.id = \"td_uid_1_69f2522c12f3f\";\nblock_td_uid_1_69f2522c12f3f.atts = '{\"limit\":\"5\",\"navigation\":\"\",\"style\":\"\",\"separator\":\"\",\"post_ids\":\"\",\"category_id\":\"\",\"category_ids\":\"\",\"tag_slug\":\"\",\"autors_id\":\"\",\"installed_post_types\":\"\",\"sort\":\"\",\"offset\":\"\",\"el_class\":\"\",\"header_text_color\":\"\",\"header_color\":\"\",\"articles_color\":\"\",\"next_prev_color\":\"\",\"next_prev_border_color\":\"\",\"f_title_font_header\":\"\",\"f_title_font_title\":\"Block title\",\"f_title_font_settings\":\"\",\"f_title_font_family\":\"\",\"f_title_font_size\":\"\",\"f_title_font_line_height\":\"\",\"f_title_font_style\":\"\",\"f_title_font_weight\":\"\",\"f_title_font_transform\":\"\",\"f_title_font_spacing\":\"\",\"f_title_\":\"\",\"f_article_font_title\":\"Articles title\",\"f_article_font_settings\":\"\",\"f_article_font_family\":\"\",\"f_article_font_size\":\"\",\"f_article_font_line_height\":\"\",\"f_article_font_style\":\"\",\"f_article_font_weight\":\"\",\"f_article_font_transform\":\"\",\"f_article_font_spacing\":\"\",\"f_article_\":\"\",\"css\":\"\",\"tdc_css\":\"\",\"block_template_id\":\"\",\"td_column_number\":1,\"ajax_pagination_infinite_stop\":\"\",\"td_ajax_preloading\":\"\",\"td_ajax_filter_type\":\"\",\"td_filter_default_txt\":\"\",\"td_ajax_filter_ids\":\"\",\"color_preset\":\"\",\"ajax_pagination\":\"\",\"border_top\":\"\",\"class\":\"td_uid_1_69f2522c12f3f_rand\",\"tdc_css_class\":\"td_uid_1_69f2522c12f3f_rand\",\"tdc_css_class_style\":\"td_uid_1_69f2522c12f3f_rand_style\"}';\nblock_td_uid_1_69f2522c12f3f.td_column_number = \"1\";\nblock_td_uid_1_69f2522c12f3f.block_type = \"td_block_trending_now\";\nblock_td_uid_1_69f2522c12f3f.post_count = \"5\";\nblock_td_uid_1_69f2522c12f3f.found_posts = \"47\";\nblock_td_uid_1_69f2522c12f3f.header_color = \"\";\nblock_td_uid_1_69f2522c12f3f.ajax_pagination_infinite_stop = \"\";\nblock_td_uid_1_69f2522c12f3f.max_num_pages = \"10\";\ntdBlocksArray.push(block_td_uid_1_69f2522c12f3f);\n<\/script><div id=td_uid_1_69f2522c12f3f class=\"td_block_inner\">\n\n\t<div class=\"td-block-row\"><div class=\"td-trending-now-wrapper\" id=\"td_uid_1_69f2522c12f3f\" data-start=\"\"><div class=\"td-trending-now-title\">\u00daltimas entradas<\/div><div class=\"td-trending-now-display-area\">\r\n        <div class=\"td_module_trending_now td-trending-now-post-0 td-trending-now-post\">\r\n\r\n            <h3 class=\"entry-title td-module-title\"><a href=\"http:\/\/fundacionluisanderson.org\/index.php\/2021\/12\/10\/desaparicion-fisica-de-nuestro-amigo-luigi-cal\/\" rel=\"bookmark\" title=\"Desaparici\u00f3n f\u00edsica de nuestro amigo Luigi Cal\">Desaparici\u00f3n f\u00edsica de nuestro amigo Luigi Cal<\/a><\/h3>\r\n        <\/div>\r\n\r\n        \r\n        <div class=\"td_module_trending_now td-trending-now-post-1 td-trending-now-post\">\r\n\r\n            <h3 class=\"entry-title td-module-title\"><a href=\"http:\/\/fundacionluisanderson.org\/index.php\/2020\/07\/07\/desaparicion-fisica-del-companero-mariano-negron\/\" rel=\"bookmark\" title=\"Desaparici\u00f3n F\u00edsica del compa\u00f1ero Mariano Negr\u00f3n\">Desaparici\u00f3n F\u00edsica del compa\u00f1ero Mariano Negr\u00f3n<\/a><\/h3>\r\n        <\/div>\r\n\r\n        \r\n        <div class=\"td_module_trending_now td-trending-now-post-2 td-trending-now-post\">\r\n\r\n            <h3 class=\"entry-title td-module-title\"><a href=\"http:\/\/fundacionluisanderson.org\/index.php\/2019\/12\/10\/conferencia-magistral-la-historia-de-la-oit-desde-una-vision-americana\/\" rel=\"bookmark\" title=\"Conferencia Magistral, \u201cLa historia de la OIT desde una visi\u00f3n americana\u201d\">Conferencia Magistral, \u201cLa historia de la OIT desde una visi\u00f3n americana\u201d<\/a><\/h3>\r\n        <\/div>\r\n\r\n        \r\n        <div class=\"td_module_trending_now td-trending-now-post-3 td-trending-now-post\">\r\n\r\n            <h3 class=\"entry-title td-module-title\"><a href=\"http:\/\/fundacionluisanderson.org\/index.php\/2019\/10\/21\/articulo-oit-america-latina-y-la-oit-indagar-el-pasado-para-entender-el-futuro-del-trabajo\/\" rel=\"bookmark\" title=\"ARTICULO: OIT &#8211; Am\u00e9rica Latina y la OIT: indagar el pasado para entender el futuro del trabajo\">ARTICULO: OIT &#8211; Am\u00e9rica Latina y la OIT: indagar el pasado para entender el futuro del trabajo<\/a><\/h3>\r\n        <\/div>\r\n\r\n        \r\n        <div class=\"td_module_trending_now td-trending-now-post-4 td-trending-now-post\">\r\n\r\n            <h3 class=\"entry-title td-module-title\"><a href=\"http:\/\/fundacionluisanderson.org\/index.php\/2019\/10\/14\/desaparicion-fisica-del-companero-santiago-montero\/\" rel=\"bookmark\" title=\"Desaparici\u00f3n f\u00edsica del compa\u00f1ero Santiago Montero\">Desaparici\u00f3n f\u00edsica del compa\u00f1ero Santiago Montero<\/a><\/h3>\r\n        <\/div>\r\n\r\n        <\/div><div class=\"td-next-prev-wrap\"><a href=\"#\"\r\n                                  class=\"td_ajax-prev-pagex td-trending-now-nav-left\"\r\n                                  data-block-id=\"td_uid_1_69f2522c12f3f\"\r\n                                  data-moving=\"left\"\r\n                                  data-control-start=\"\"><i class=\"td-icon-menu-left\"><\/i><\/a><a href=\"#\"\r\n                                  class=\"td_ajax-next-pagex td-trending-now-nav-right\"\r\n                                  data-block-id=\"td_uid_1_69f2522c12f3f\"\r\n                                  data-moving=\"right\"\r\n                                  data-control-start=\"\"><i class=\"td-icon-menu-right\"><\/i><\/a><\/div><\/div><\/div><!--.\/row-fluid--><\/div><\/div> <!-- .\/block -->[\/vc_column][\/vc_row][vc_row full_width=\u00bb\u00bb parallax=\u00bb\u00bb parallax_image=\u00bb\u00bb][vc_column width=\u00bb2\/3&#8243;]<div class=\"td_block_wrap td_block_18 td_uid_2_69f2522c13a16_rand td-pb-border-top td_block_template_1 td-column-1\"  data-td-block-uid=\"td_uid_2_69f2522c13a16\" ><script>var block_td_uid_2_69f2522c13a16 = new tdBlock();\nblock_td_uid_2_69f2522c13a16.id = \"td_uid_2_69f2522c13a16\";\nblock_td_uid_2_69f2522c13a16.atts = '{\"limit\":\"4\",\"td_filter_default_txt\":\"All\",\"sort\":\"random_posts\",\"separator\":\"\",\"custom_title\":\"\",\"custom_url\":\"\",\"block_template_id\":\"\",\"mx8_tl\":\"\",\"m10_tl\":\"\",\"m10_el\":\"\",\"mx2_tl\":\"\",\"post_ids\":\"\",\"category_id\":\"\",\"category_ids\":\"\",\"tag_slug\":\"\",\"autors_id\":\"\",\"installed_post_types\":\"\",\"offset\":\"\",\"el_class\":\"\",\"td_ajax_filter_type\":\"\",\"td_ajax_filter_ids\":\"\",\"td_ajax_preloading\":\"\",\"f_header_font_header\":\"\",\"f_header_font_title\":\"Block header\",\"f_header_font_settings\":\"\",\"f_header_font_family\":\"\",\"f_header_font_size\":\"\",\"f_header_font_line_height\":\"\",\"f_header_font_style\":\"\",\"f_header_font_weight\":\"\",\"f_header_font_transform\":\"\",\"f_header_font_spacing\":\"\",\"f_header_\":\"\",\"f_ajax_font_title\":\"Ajax categories\",\"f_ajax_font_settings\":\"\",\"f_ajax_font_family\":\"\",\"f_ajax_font_size\":\"\",\"f_ajax_font_line_height\":\"\",\"f_ajax_font_style\":\"\",\"f_ajax_font_weight\":\"\",\"f_ajax_font_transform\":\"\",\"f_ajax_font_spacing\":\"\",\"f_ajax_\":\"\",\"f_more_font_title\":\"Load more button\",\"f_more_font_settings\":\"\",\"f_more_font_family\":\"\",\"f_more_font_size\":\"\",\"f_more_font_line_height\":\"\",\"f_more_font_style\":\"\",\"f_more_font_weight\":\"\",\"f_more_font_transform\":\"\",\"f_more_font_spacing\":\"\",\"f_more_\":\"\",\"mx8f_title_font_header\":\"\",\"mx8f_title_font_title\":\"Article title\",\"mx8f_title_font_settings\":\"\",\"mx8f_title_font_family\":\"\",\"mx8f_title_font_size\":\"\",\"mx8f_title_font_line_height\":\"\",\"mx8f_title_font_style\":\"\",\"mx8f_title_font_weight\":\"\",\"mx8f_title_font_transform\":\"\",\"mx8f_title_font_spacing\":\"\",\"mx8f_title_\":\"\",\"mx8f_cat_font_title\":\"Article category tag\",\"mx8f_cat_font_settings\":\"\",\"mx8f_cat_font_family\":\"\",\"mx8f_cat_font_size\":\"\",\"mx8f_cat_font_line_height\":\"\",\"mx8f_cat_font_style\":\"\",\"mx8f_cat_font_weight\":\"\",\"mx8f_cat_font_transform\":\"\",\"mx8f_cat_font_spacing\":\"\",\"mx8f_cat_\":\"\",\"mx8f_meta_font_title\":\"Article meta info\",\"mx8f_meta_font_settings\":\"\",\"mx8f_meta_font_family\":\"\",\"mx8f_meta_font_size\":\"\",\"mx8f_meta_font_line_height\":\"\",\"mx8f_meta_font_style\":\"\",\"mx8f_meta_font_weight\":\"\",\"mx8f_meta_font_transform\":\"\",\"mx8f_meta_font_spacing\":\"\",\"mx8f_meta_\":\"\",\"m10f_title_font_header\":\"\",\"m10f_title_font_title\":\"Article title\",\"m10f_title_font_settings\":\"\",\"m10f_title_font_family\":\"\",\"m10f_title_font_size\":\"\",\"m10f_title_font_line_height\":\"\",\"m10f_title_font_style\":\"\",\"m10f_title_font_weight\":\"\",\"m10f_title_font_transform\":\"\",\"m10f_title_font_spacing\":\"\",\"m10f_title_\":\"\",\"m10f_cat_font_title\":\"Article category tag\",\"m10f_cat_font_settings\":\"\",\"m10f_cat_font_family\":\"\",\"m10f_cat_font_size\":\"\",\"m10f_cat_font_line_height\":\"\",\"m10f_cat_font_style\":\"\",\"m10f_cat_font_weight\":\"\",\"m10f_cat_font_transform\":\"\",\"m10f_cat_font_spacing\":\"\",\"m10f_cat_\":\"\",\"m10f_meta_font_title\":\"Article meta info\",\"m10f_meta_font_settings\":\"\",\"m10f_meta_font_family\":\"\",\"m10f_meta_font_size\":\"\",\"m10f_meta_font_line_height\":\"\",\"m10f_meta_font_style\":\"\",\"m10f_meta_font_weight\":\"\",\"m10f_meta_font_transform\":\"\",\"m10f_meta_font_spacing\":\"\",\"m10f_meta_\":\"\",\"m10f_ex_font_title\":\"Article excerpt\",\"m10f_ex_font_settings\":\"\",\"m10f_ex_font_family\":\"\",\"m10f_ex_font_size\":\"\",\"m10f_ex_font_line_height\":\"\",\"m10f_ex_font_style\":\"\",\"m10f_ex_font_weight\":\"\",\"m10f_ex_font_transform\":\"\",\"m10f_ex_font_spacing\":\"\",\"m10f_ex_\":\"\",\"mx2f_title_font_header\":\"\",\"mx2f_title_font_title\":\"Article title\",\"mx2f_title_font_settings\":\"\",\"mx2f_title_font_family\":\"\",\"mx2f_title_font_size\":\"\",\"mx2f_title_font_line_height\":\"\",\"mx2f_title_font_style\":\"\",\"mx2f_title_font_weight\":\"\",\"mx2f_title_font_transform\":\"\",\"mx2f_title_font_spacing\":\"\",\"mx2f_title_\":\"\",\"mx2f_cat_font_title\":\"Article category tag\",\"mx2f_cat_font_settings\":\"\",\"mx2f_cat_font_family\":\"\",\"mx2f_cat_font_size\":\"\",\"mx2f_cat_font_line_height\":\"\",\"mx2f_cat_font_style\":\"\",\"mx2f_cat_font_weight\":\"\",\"mx2f_cat_font_transform\":\"\",\"mx2f_cat_font_spacing\":\"\",\"mx2f_cat_\":\"\",\"mx2f_meta_font_title\":\"Article meta info\",\"mx2f_meta_font_settings\":\"\",\"mx2f_meta_font_family\":\"\",\"mx2f_meta_font_size\":\"\",\"mx2f_meta_font_line_height\":\"\",\"mx2f_meta_font_style\":\"\",\"mx2f_meta_font_weight\":\"\",\"mx2f_meta_font_transform\":\"\",\"mx2f_meta_font_spacing\":\"\",\"mx2f_meta_\":\"\",\"ajax_pagination\":\"\",\"ajax_pagination_infinite_stop\":\"\",\"css\":\"\",\"tdc_css\":\"\",\"td_column_number\":1,\"header_color\":\"\",\"color_preset\":\"\",\"border_top\":\"\",\"class\":\"td_uid_2_69f2522c13a16_rand\",\"tdc_css_class\":\"td_uid_2_69f2522c13a16_rand\",\"tdc_css_class_style\":\"td_uid_2_69f2522c13a16_rand_style\"}';\nblock_td_uid_2_69f2522c13a16.td_column_number = \"1\";\nblock_td_uid_2_69f2522c13a16.block_type = \"td_block_18\";\nblock_td_uid_2_69f2522c13a16.post_count = \"4\";\nblock_td_uid_2_69f2522c13a16.found_posts = \"47\";\nblock_td_uid_2_69f2522c13a16.header_color = \"\";\nblock_td_uid_2_69f2522c13a16.ajax_pagination_infinite_stop = \"\";\nblock_td_uid_2_69f2522c13a16.max_num_pages = \"12\";\ntdBlocksArray.push(block_td_uid_2_69f2522c13a16);\n<\/script><div class=\"td-block-title-wrap\"><\/div><div id=td_uid_2_69f2522c13a16 class=\"td_block_inner td-column-1\">\r\n        <div class=\"td_module_mx8 td_module_wrap td-animation-stack\">\r\n            <div class=\"meta-info-container\">\r\n                <div class=\"td-module-thumb\"><a href=\"http:\/\/fundacionluisanderson.org\/index.php\/2018\/10\/30\/mis-recuerdos-de-luis-anderson\/\" rel=\"bookmark\" class=\"td-image-wrap\" title=\"Mis recuerdos de Luis Anderson\"><img loading=\"lazy\" decoding=\"async\" width=\"580\" height=\"385\" class=\"entry-thumb\" src=\"http:\/\/fundacionluisanderson.org\/wp-content\/uploads\/2018\/11\/TimBeatty.jpg\" srcset=\"http:\/\/fundacionluisanderson.org\/wp-content\/uploads\/2018\/11\/TimBeatty.jpg 640w, http:\/\/fundacionluisanderson.org\/wp-content\/uploads\/2018\/11\/TimBeatty-300x199.jpg 300w\" sizes=\"(max-width: 580px) 100vw, 580px\" alt=\"\" title=\"Mis recuerdos de Luis Anderson\"\/><\/a><\/div>\r\n                <div class=\"td-module-meta-info\">\r\n                    <h3 class=\"entry-title td-module-title\"><a href=\"http:\/\/fundacionluisanderson.org\/index.php\/2018\/10\/30\/mis-recuerdos-de-luis-anderson\/\" rel=\"bookmark\" title=\"Mis recuerdos de Luis Anderson\">Mis recuerdos de Luis Anderson<\/a><\/h3>                                        <span class=\"td-author-date\">\r\n                        <span class=\"td-post-author-name\"><a href=\"http:\/\/fundacionluisanderson.org\/index.php\/author\/admin\/\">admin<\/a> <span>-<\/span> <\/span>                        <span class=\"td-post-date\"><time class=\"entry-date updated td-module-date\" datetime=\"2018-10-30T04:00:13+00:00\" >30 octubre, 2018<\/time><\/span>                        <div class=\"td-module-comments\"><a href=\"http:\/\/fundacionluisanderson.org\/index.php\/2018\/10\/30\/mis-recuerdos-de-luis-anderson\/#respond\">0<\/a><\/div>                    <\/span>\r\n                <\/div>\r\n            <\/div>\r\n\r\n        <\/div>\r\n\r\n        \r\n        <div class=\"td_module_mx2 td_module_wrap td-animation-stack\">\r\n\r\n            <div class=\"td-module-thumb\"><a href=\"http:\/\/fundacionluisanderson.org\/index.php\/2018\/10\/30\/testimonio-sobre-luis-anderson\/\" rel=\"bookmark\" class=\"td-image-wrap\" title=\"Testimonio Sobre Luis Anderson\"><img loading=\"lazy\" decoding=\"async\" width=\"80\" height=\"60\" class=\"entry-thumb\" src=\"http:\/\/fundacionluisanderson.org\/wp-content\/uploads\/2018\/11\/Iuiliano-80x60.jpg\" srcset=\"http:\/\/fundacionluisanderson.org\/wp-content\/uploads\/2018\/11\/Iuiliano-80x60.jpg 80w, http:\/\/fundacionluisanderson.org\/wp-content\/uploads\/2018\/11\/Iuiliano-265x198.jpg 265w\" sizes=\"(max-width: 80px) 100vw, 80px\" alt=\"\" title=\"Testimonio Sobre Luis Anderson\"\/><\/a><\/div>\r\n            <div class=\"item-details\">\r\n                <h3 class=\"entry-title td-module-title\"><a href=\"http:\/\/fundacionluisanderson.org\/index.php\/2018\/10\/30\/testimonio-sobre-luis-anderson\/\" rel=\"bookmark\" title=\"Testimonio Sobre Luis Anderson\">Testimonio Sobre Luis Anderson<\/a><\/h3>                <div class=\"td-module-meta-info\">\r\n                                                            <span class=\"td-post-date\"><time class=\"entry-date updated td-module-date\" datetime=\"2018-10-30T02:40:44+00:00\" >30 octubre, 2018<\/time><\/span>                                    <\/div>\r\n            <\/div>\r\n\r\n        <\/div>\r\n\r\n        \r\n        <div class=\"td_module_mx2 td_module_wrap td-animation-stack\">\r\n\r\n            <div class=\"td-module-thumb\"><a href=\"http:\/\/fundacionluisanderson.org\/index.php\/2018\/10\/28\/luis-anderson-no-son-pocos-los-meritos\/\" rel=\"bookmark\" class=\"td-image-wrap\" title=\"Luis Anderson, no son pocos los m\u00e9ritos\"><img loading=\"lazy\" decoding=\"async\" width=\"80\" height=\"60\" class=\"entry-thumb\" src=\"http:\/\/fundacionluisanderson.org\/wp-content\/uploads\/2018\/10\/Foto_Friso-80x60.jpg\" alt=\"\" title=\"Luis Anderson, no son pocos los m\u00e9ritos\"\/><\/a><\/div>\r\n            <div class=\"item-details\">\r\n                <h3 class=\"entry-title td-module-title\"><a href=\"http:\/\/fundacionluisanderson.org\/index.php\/2018\/10\/28\/luis-anderson-no-son-pocos-los-meritos\/\" rel=\"bookmark\" title=\"Luis Anderson, no son pocos los m\u00e9ritos\">Luis Anderson, no son pocos los m\u00e9ritos<\/a><\/h3>                <div class=\"td-module-meta-info\">\r\n                                                            <span class=\"td-post-date\"><time class=\"entry-date updated td-module-date\" datetime=\"2018-10-28T23:52:06+00:00\" >28 octubre, 2018<\/time><\/span>                                    <\/div>\r\n            <\/div>\r\n\r\n        <\/div>\r\n\r\n        \r\n        <div class=\"td_module_mx2 td_module_wrap td-animation-stack\">\r\n\r\n            <div class=\"td-module-thumb\"><a href=\"http:\/\/fundacionluisanderson.org\/index.php\/2019\/12\/10\/conferencia-magistral-la-historia-de-la-oit-desde-una-vision-americana\/\" rel=\"bookmark\" class=\"td-image-wrap\" title=\"Conferencia Magistral, \u201cLa historia de la OIT desde una visi\u00f3n americana\u201d\"><img loading=\"lazy\" decoding=\"async\" width=\"80\" height=\"60\" class=\"entry-thumb\" src=\"http:\/\/fundacionluisanderson.org\/wp-content\/uploads\/2019\/12\/2-80x60.jpeg\" srcset=\"http:\/\/fundacionluisanderson.org\/wp-content\/uploads\/2019\/12\/2-80x60.jpeg 80w, http:\/\/fundacionluisanderson.org\/wp-content\/uploads\/2019\/12\/2-300x225.jpeg 300w, http:\/\/fundacionluisanderson.org\/wp-content\/uploads\/2019\/12\/2-768x576.jpeg 768w, http:\/\/fundacionluisanderson.org\/wp-content\/uploads\/2019\/12\/2.jpeg 1024w, http:\/\/fundacionluisanderson.org\/wp-content\/uploads\/2019\/12\/2-265x198.jpeg 265w, http:\/\/fundacionluisanderson.org\/wp-content\/uploads\/2019\/12\/2-696x522.jpeg 696w, http:\/\/fundacionluisanderson.org\/wp-content\/uploads\/2019\/12\/2-560x420.jpeg 560w\" sizes=\"(max-width: 80px) 100vw, 80px\" alt=\"\" title=\"Conferencia Magistral, \u201cLa historia de la OIT desde una visi\u00f3n americana\u201d\"\/><\/a><\/div>\r\n            <div class=\"item-details\">\r\n                <h3 class=\"entry-title td-module-title\"><a href=\"http:\/\/fundacionluisanderson.org\/index.php\/2019\/12\/10\/conferencia-magistral-la-historia-de-la-oit-desde-una-vision-americana\/\" rel=\"bookmark\" title=\"Conferencia Magistral, \u201cLa historia de la OIT desde una visi\u00f3n americana\u201d\">Conferencia Magistral, \u201cLa historia de la OIT desde una visi\u00f3n americana\u201d<\/a><\/h3>                <div class=\"td-module-meta-info\">\r\n                                                            <span class=\"td-post-date\"><time class=\"entry-date updated td-module-date\" datetime=\"2019-12-10T17:21:49+00:00\" >10 diciembre, 2019<\/time><\/span>                                    <\/div>\r\n            <\/div>\r\n\r\n        <\/div>\r\n\r\n        <\/div><\/div> <!-- .\/block --><div class=\"td_block_wrap td_block_18 td_uid_3_69f2522c15edc_rand td-pb-border-top td_block_template_1 td-column-1\"  data-td-block-uid=\"td_uid_3_69f2522c15edc\" ><script>var block_td_uid_3_69f2522c15edc = new tdBlock();\nblock_td_uid_3_69f2522c15edc.id = \"td_uid_3_69f2522c15edc\";\nblock_td_uid_3_69f2522c15edc.atts = '{\"limit\":\"4\",\"offset\":\"\",\"td_filter_default_txt\":\"All\",\"sort\":\"random_posts\",\"separator\":\"\",\"custom_title\":\"\",\"custom_url\":\"\",\"block_template_id\":\"\",\"mx8_tl\":\"\",\"m10_tl\":\"\",\"m10_el\":\"\",\"mx2_tl\":\"\",\"post_ids\":\"\",\"category_id\":\"\",\"category_ids\":\"\",\"tag_slug\":\"\",\"autors_id\":\"\",\"installed_post_types\":\"\",\"el_class\":\"\",\"td_ajax_filter_type\":\"\",\"td_ajax_filter_ids\":\"\",\"td_ajax_preloading\":\"\",\"f_header_font_header\":\"\",\"f_header_font_title\":\"Block header\",\"f_header_font_settings\":\"\",\"f_header_font_family\":\"\",\"f_header_font_size\":\"\",\"f_header_font_line_height\":\"\",\"f_header_font_style\":\"\",\"f_header_font_weight\":\"\",\"f_header_font_transform\":\"\",\"f_header_font_spacing\":\"\",\"f_header_\":\"\",\"f_ajax_font_title\":\"Ajax categories\",\"f_ajax_font_settings\":\"\",\"f_ajax_font_family\":\"\",\"f_ajax_font_size\":\"\",\"f_ajax_font_line_height\":\"\",\"f_ajax_font_style\":\"\",\"f_ajax_font_weight\":\"\",\"f_ajax_font_transform\":\"\",\"f_ajax_font_spacing\":\"\",\"f_ajax_\":\"\",\"f_more_font_title\":\"Load more button\",\"f_more_font_settings\":\"\",\"f_more_font_family\":\"\",\"f_more_font_size\":\"\",\"f_more_font_line_height\":\"\",\"f_more_font_style\":\"\",\"f_more_font_weight\":\"\",\"f_more_font_transform\":\"\",\"f_more_font_spacing\":\"\",\"f_more_\":\"\",\"mx8f_title_font_header\":\"\",\"mx8f_title_font_title\":\"Article title\",\"mx8f_title_font_settings\":\"\",\"mx8f_title_font_family\":\"\",\"mx8f_title_font_size\":\"\",\"mx8f_title_font_line_height\":\"\",\"mx8f_title_font_style\":\"\",\"mx8f_title_font_weight\":\"\",\"mx8f_title_font_transform\":\"\",\"mx8f_title_font_spacing\":\"\",\"mx8f_title_\":\"\",\"mx8f_cat_font_title\":\"Article category tag\",\"mx8f_cat_font_settings\":\"\",\"mx8f_cat_font_family\":\"\",\"mx8f_cat_font_size\":\"\",\"mx8f_cat_font_line_height\":\"\",\"mx8f_cat_font_style\":\"\",\"mx8f_cat_font_weight\":\"\",\"mx8f_cat_font_transform\":\"\",\"mx8f_cat_font_spacing\":\"\",\"mx8f_cat_\":\"\",\"mx8f_meta_font_title\":\"Article meta info\",\"mx8f_meta_font_settings\":\"\",\"mx8f_meta_font_family\":\"\",\"mx8f_meta_font_size\":\"\",\"mx8f_meta_font_line_height\":\"\",\"mx8f_meta_font_style\":\"\",\"mx8f_meta_font_weight\":\"\",\"mx8f_meta_font_transform\":\"\",\"mx8f_meta_font_spacing\":\"\",\"mx8f_meta_\":\"\",\"m10f_title_font_header\":\"\",\"m10f_title_font_title\":\"Article title\",\"m10f_title_font_settings\":\"\",\"m10f_title_font_family\":\"\",\"m10f_title_font_size\":\"\",\"m10f_title_font_line_height\":\"\",\"m10f_title_font_style\":\"\",\"m10f_title_font_weight\":\"\",\"m10f_title_font_transform\":\"\",\"m10f_title_font_spacing\":\"\",\"m10f_title_\":\"\",\"m10f_cat_font_title\":\"Article category tag\",\"m10f_cat_font_settings\":\"\",\"m10f_cat_font_family\":\"\",\"m10f_cat_font_size\":\"\",\"m10f_cat_font_line_height\":\"\",\"m10f_cat_font_style\":\"\",\"m10f_cat_font_weight\":\"\",\"m10f_cat_font_transform\":\"\",\"m10f_cat_font_spacing\":\"\",\"m10f_cat_\":\"\",\"m10f_meta_font_title\":\"Article meta info\",\"m10f_meta_font_settings\":\"\",\"m10f_meta_font_family\":\"\",\"m10f_meta_font_size\":\"\",\"m10f_meta_font_line_height\":\"\",\"m10f_meta_font_style\":\"\",\"m10f_meta_font_weight\":\"\",\"m10f_meta_font_transform\":\"\",\"m10f_meta_font_spacing\":\"\",\"m10f_meta_\":\"\",\"m10f_ex_font_title\":\"Article excerpt\",\"m10f_ex_font_settings\":\"\",\"m10f_ex_font_family\":\"\",\"m10f_ex_font_size\":\"\",\"m10f_ex_font_line_height\":\"\",\"m10f_ex_font_style\":\"\",\"m10f_ex_font_weight\":\"\",\"m10f_ex_font_transform\":\"\",\"m10f_ex_font_spacing\":\"\",\"m10f_ex_\":\"\",\"mx2f_title_font_header\":\"\",\"mx2f_title_font_title\":\"Article title\",\"mx2f_title_font_settings\":\"\",\"mx2f_title_font_family\":\"\",\"mx2f_title_font_size\":\"\",\"mx2f_title_font_line_height\":\"\",\"mx2f_title_font_style\":\"\",\"mx2f_title_font_weight\":\"\",\"mx2f_title_font_transform\":\"\",\"mx2f_title_font_spacing\":\"\",\"mx2f_title_\":\"\",\"mx2f_cat_font_title\":\"Article category tag\",\"mx2f_cat_font_settings\":\"\",\"mx2f_cat_font_family\":\"\",\"mx2f_cat_font_size\":\"\",\"mx2f_cat_font_line_height\":\"\",\"mx2f_cat_font_style\":\"\",\"mx2f_cat_font_weight\":\"\",\"mx2f_cat_font_transform\":\"\",\"mx2f_cat_font_spacing\":\"\",\"mx2f_cat_\":\"\",\"mx2f_meta_font_title\":\"Article meta info\",\"mx2f_meta_font_settings\":\"\",\"mx2f_meta_font_family\":\"\",\"mx2f_meta_font_size\":\"\",\"mx2f_meta_font_line_height\":\"\",\"mx2f_meta_font_style\":\"\",\"mx2f_meta_font_weight\":\"\",\"mx2f_meta_font_transform\":\"\",\"mx2f_meta_font_spacing\":\"\",\"mx2f_meta_\":\"\",\"ajax_pagination\":\"\",\"ajax_pagination_infinite_stop\":\"\",\"css\":\"\",\"tdc_css\":\"\",\"td_column_number\":1,\"header_color\":\"\",\"color_preset\":\"\",\"border_top\":\"\",\"class\":\"td_uid_3_69f2522c15edc_rand\",\"tdc_css_class\":\"td_uid_3_69f2522c15edc_rand\",\"tdc_css_class_style\":\"td_uid_3_69f2522c15edc_rand_style\"}';\nblock_td_uid_3_69f2522c15edc.td_column_number = \"1\";\nblock_td_uid_3_69f2522c15edc.block_type = \"td_block_18\";\nblock_td_uid_3_69f2522c15edc.post_count = \"4\";\nblock_td_uid_3_69f2522c15edc.found_posts = \"47\";\nblock_td_uid_3_69f2522c15edc.header_color = \"\";\nblock_td_uid_3_69f2522c15edc.ajax_pagination_infinite_stop = \"\";\nblock_td_uid_3_69f2522c15edc.max_num_pages = \"12\";\ntdBlocksArray.push(block_td_uid_3_69f2522c15edc);\n<\/script><div class=\"td-block-title-wrap\"><\/div><div id=td_uid_3_69f2522c15edc class=\"td_block_inner td-column-1\">\r\n        <div class=\"td_module_mx8 td_module_wrap td-animation-stack\">\r\n            <div class=\"meta-info-container\">\r\n                <div class=\"td-module-thumb\"><a href=\"http:\/\/fundacionluisanderson.org\/index.php\/2018\/10\/30\/mis-recuerdos-de-luis-anderson\/\" rel=\"bookmark\" class=\"td-image-wrap\" title=\"Mis recuerdos de Luis Anderson\"><img loading=\"lazy\" decoding=\"async\" width=\"580\" height=\"385\" class=\"entry-thumb\" src=\"http:\/\/fundacionluisanderson.org\/wp-content\/uploads\/2018\/11\/TimBeatty.jpg\" srcset=\"http:\/\/fundacionluisanderson.org\/wp-content\/uploads\/2018\/11\/TimBeatty.jpg 640w, http:\/\/fundacionluisanderson.org\/wp-content\/uploads\/2018\/11\/TimBeatty-300x199.jpg 300w\" sizes=\"(max-width: 580px) 100vw, 580px\" alt=\"\" title=\"Mis recuerdos de Luis Anderson\"\/><\/a><\/div>\r\n                <div class=\"td-module-meta-info\">\r\n                    <h3 class=\"entry-title td-module-title\"><a href=\"http:\/\/fundacionluisanderson.org\/index.php\/2018\/10\/30\/mis-recuerdos-de-luis-anderson\/\" rel=\"bookmark\" title=\"Mis recuerdos de Luis Anderson\">Mis recuerdos de Luis Anderson<\/a><\/h3>                                        <span class=\"td-author-date\">\r\n                        <span class=\"td-post-author-name\"><a href=\"http:\/\/fundacionluisanderson.org\/index.php\/author\/admin\/\">admin<\/a> <span>-<\/span> <\/span>                        <span class=\"td-post-date\"><time class=\"entry-date updated td-module-date\" datetime=\"2018-10-30T04:00:13+00:00\" >30 octubre, 2018<\/time><\/span>                        <div class=\"td-module-comments\"><a href=\"http:\/\/fundacionluisanderson.org\/index.php\/2018\/10\/30\/mis-recuerdos-de-luis-anderson\/#respond\">0<\/a><\/div>                    <\/span>\r\n                <\/div>\r\n            <\/div>\r\n\r\n        <\/div>\r\n\r\n        \r\n        <div class=\"td_module_mx2 td_module_wrap td-animation-stack\">\r\n\r\n            <div class=\"td-module-thumb\"><a href=\"http:\/\/fundacionluisanderson.org\/index.php\/2018\/10\/30\/en-memoria-de-luis-a-anderson-mac-neill-a-15-anos-de-su-fallecimiento\/\" rel=\"bookmark\" class=\"td-image-wrap\" title=\"En Memoria De Luis A. Anderson Mac Neill  A 15 A\u00f1os De Su Fallecimiento\"><img loading=\"lazy\" decoding=\"async\" width=\"80\" height=\"60\" class=\"entry-thumb\" src=\"http:\/\/fundacionluisanderson.org\/wp-content\/uploads\/2018\/10\/EDUARDO-RODRIGUEZ-80x60.jpg\" srcset=\"http:\/\/fundacionluisanderson.org\/wp-content\/uploads\/2018\/10\/EDUARDO-RODRIGUEZ-80x60.jpg 80w, http:\/\/fundacionluisanderson.org\/wp-content\/uploads\/2018\/10\/EDUARDO-RODRIGUEZ-265x198.jpg 265w\" sizes=\"(max-width: 80px) 100vw, 80px\" alt=\"\" title=\"En Memoria De Luis A. Anderson Mac Neill  A 15 A\u00f1os De Su Fallecimiento\"\/><\/a><\/div>\r\n            <div class=\"item-details\">\r\n                <h3 class=\"entry-title td-module-title\"><a href=\"http:\/\/fundacionluisanderson.org\/index.php\/2018\/10\/30\/en-memoria-de-luis-a-anderson-mac-neill-a-15-anos-de-su-fallecimiento\/\" rel=\"bookmark\" title=\"En Memoria De Luis A. Anderson Mac Neill  A 15 A\u00f1os De Su Fallecimiento\">En Memoria De Luis A. Anderson Mac Neill  A 15 A\u00f1os De Su Fallecimiento<\/a><\/h3>                <div class=\"td-module-meta-info\">\r\n                                                            <span class=\"td-post-date\"><time class=\"entry-date updated td-module-date\" datetime=\"2018-10-30T04:14:58+00:00\" >30 octubre, 2018<\/time><\/span>                                    <\/div>\r\n            <\/div>\r\n\r\n        <\/div>\r\n\r\n        \r\n        <div class=\"td_module_mx2 td_module_wrap td-animation-stack\">\r\n\r\n            <div class=\"td-module-thumb\"><a href=\"http:\/\/fundacionluisanderson.org\/index.php\/2018\/10\/30\/luis-anderson-la-tenacidad-de-un-sindicalista-americano-necesario-y-singular\/\" rel=\"bookmark\" class=\"td-image-wrap\" title=\"Luis Anderson: La tenacidad de un sindicalista americano necesario y singular\"><img loading=\"lazy\" decoding=\"async\" width=\"80\" height=\"60\" class=\"entry-thumb\" src=\"http:\/\/fundacionluisanderson.org\/wp-content\/uploads\/2018\/10\/foto.PedroWeinberg-80x60.jpg\" alt=\"\" title=\"Luis Anderson: La tenacidad de un sindicalista americano necesario y singular\"\/><\/a><\/div>\r\n            <div class=\"item-details\">\r\n                <h3 class=\"entry-title td-module-title\"><a href=\"http:\/\/fundacionluisanderson.org\/index.php\/2018\/10\/30\/luis-anderson-la-tenacidad-de-un-sindicalista-americano-necesario-y-singular\/\" rel=\"bookmark\" title=\"Luis Anderson: La tenacidad de un sindicalista americano necesario y singular\">Luis Anderson: La tenacidad de un sindicalista americano necesario y singular<\/a><\/h3>                <div class=\"td-module-meta-info\">\r\n                                                            <span class=\"td-post-date\"><time class=\"entry-date updated td-module-date\" datetime=\"2018-10-30T02:43:36+00:00\" >30 octubre, 2018<\/time><\/span>                                    <\/div>\r\n            <\/div>\r\n\r\n        <\/div>\r\n\r\n        \r\n        <div class=\"td_module_mx2 td_module_wrap td-animation-stack\">\r\n\r\n            <div class=\"td-module-thumb\"><a href=\"http:\/\/fundacionluisanderson.org\/index.php\/2018\/10\/30\/luis-anderson-en-argentina\/\" rel=\"bookmark\" class=\"td-image-wrap\" title=\"Luis Anderson en Argentina\"><img loading=\"lazy\" decoding=\"async\" width=\"80\" height=\"60\" class=\"entry-thumb\" src=\"http:\/\/fundacionluisanderson.org\/wp-content\/uploads\/2018\/11\/Foto.OscarNieva2-80x60.jpeg\" alt=\"\" title=\"Luis Anderson en Argentina\"\/><\/a><\/div>\r\n            <div class=\"item-details\">\r\n                <h3 class=\"entry-title td-module-title\"><a href=\"http:\/\/fundacionluisanderson.org\/index.php\/2018\/10\/30\/luis-anderson-en-argentina\/\" rel=\"bookmark\" title=\"Luis Anderson en Argentina\">Luis Anderson en Argentina<\/a><\/h3>                <div class=\"td-module-meta-info\">\r\n                                                            <span class=\"td-post-date\"><time class=\"entry-date updated td-module-date\" datetime=\"2018-10-30T03:03:36+00:00\" >30 octubre, 2018<\/time><\/span>                                    <\/div>\r\n            <\/div>\r\n\r\n        <\/div>\r\n\r\n        <\/div><\/div> <!-- .\/block --><div class=\"td_block_wrap td_block_18 td_uid_4_69f2522c17b11_rand td-pb-border-top td_block_template_1 td-column-1\"  data-td-block-uid=\"td_uid_4_69f2522c17b11\" ><script>var block_td_uid_4_69f2522c17b11 = new tdBlock();\nblock_td_uid_4_69f2522c17b11.id = \"td_uid_4_69f2522c17b11\";\nblock_td_uid_4_69f2522c17b11.atts = '{\"limit\":\"4\",\"offset\":\"\",\"td_filter_default_txt\":\"All\",\"sort\":\"random_posts\",\"separator\":\"\",\"custom_title\":\"\",\"custom_url\":\"\",\"block_template_id\":\"\",\"mx8_tl\":\"\",\"m10_tl\":\"\",\"m10_el\":\"\",\"mx2_tl\":\"\",\"post_ids\":\"\",\"category_id\":\"\",\"category_ids\":\"\",\"tag_slug\":\"\",\"autors_id\":\"\",\"installed_post_types\":\"\",\"el_class\":\"\",\"td_ajax_filter_type\":\"\",\"td_ajax_filter_ids\":\"\",\"td_ajax_preloading\":\"\",\"f_header_font_header\":\"\",\"f_header_font_title\":\"Block header\",\"f_header_font_settings\":\"\",\"f_header_font_family\":\"\",\"f_header_font_size\":\"\",\"f_header_font_line_height\":\"\",\"f_header_font_style\":\"\",\"f_header_font_weight\":\"\",\"f_header_font_transform\":\"\",\"f_header_font_spacing\":\"\",\"f_header_\":\"\",\"f_ajax_font_title\":\"Ajax categories\",\"f_ajax_font_settings\":\"\",\"f_ajax_font_family\":\"\",\"f_ajax_font_size\":\"\",\"f_ajax_font_line_height\":\"\",\"f_ajax_font_style\":\"\",\"f_ajax_font_weight\":\"\",\"f_ajax_font_transform\":\"\",\"f_ajax_font_spacing\":\"\",\"f_ajax_\":\"\",\"f_more_font_title\":\"Load more button\",\"f_more_font_settings\":\"\",\"f_more_font_family\":\"\",\"f_more_font_size\":\"\",\"f_more_font_line_height\":\"\",\"f_more_font_style\":\"\",\"f_more_font_weight\":\"\",\"f_more_font_transform\":\"\",\"f_more_font_spacing\":\"\",\"f_more_\":\"\",\"mx8f_title_font_header\":\"\",\"mx8f_title_font_title\":\"Article title\",\"mx8f_title_font_settings\":\"\",\"mx8f_title_font_family\":\"\",\"mx8f_title_font_size\":\"\",\"mx8f_title_font_line_height\":\"\",\"mx8f_title_font_style\":\"\",\"mx8f_title_font_weight\":\"\",\"mx8f_title_font_transform\":\"\",\"mx8f_title_font_spacing\":\"\",\"mx8f_title_\":\"\",\"mx8f_cat_font_title\":\"Article category tag\",\"mx8f_cat_font_settings\":\"\",\"mx8f_cat_font_family\":\"\",\"mx8f_cat_font_size\":\"\",\"mx8f_cat_font_line_height\":\"\",\"mx8f_cat_font_style\":\"\",\"mx8f_cat_font_weight\":\"\",\"mx8f_cat_font_transform\":\"\",\"mx8f_cat_font_spacing\":\"\",\"mx8f_cat_\":\"\",\"mx8f_meta_font_title\":\"Article meta info\",\"mx8f_meta_font_settings\":\"\",\"mx8f_meta_font_family\":\"\",\"mx8f_meta_font_size\":\"\",\"mx8f_meta_font_line_height\":\"\",\"mx8f_meta_font_style\":\"\",\"mx8f_meta_font_weight\":\"\",\"mx8f_meta_font_transform\":\"\",\"mx8f_meta_font_spacing\":\"\",\"mx8f_meta_\":\"\",\"m10f_title_font_header\":\"\",\"m10f_title_font_title\":\"Article title\",\"m10f_title_font_settings\":\"\",\"m10f_title_font_family\":\"\",\"m10f_title_font_size\":\"\",\"m10f_title_font_line_height\":\"\",\"m10f_title_font_style\":\"\",\"m10f_title_font_weight\":\"\",\"m10f_title_font_transform\":\"\",\"m10f_title_font_spacing\":\"\",\"m10f_title_\":\"\",\"m10f_cat_font_title\":\"Article category tag\",\"m10f_cat_font_settings\":\"\",\"m10f_cat_font_family\":\"\",\"m10f_cat_font_size\":\"\",\"m10f_cat_font_line_height\":\"\",\"m10f_cat_font_style\":\"\",\"m10f_cat_font_weight\":\"\",\"m10f_cat_font_transform\":\"\",\"m10f_cat_font_spacing\":\"\",\"m10f_cat_\":\"\",\"m10f_meta_font_title\":\"Article meta info\",\"m10f_meta_font_settings\":\"\",\"m10f_meta_font_family\":\"\",\"m10f_meta_font_size\":\"\",\"m10f_meta_font_line_height\":\"\",\"m10f_meta_font_style\":\"\",\"m10f_meta_font_weight\":\"\",\"m10f_meta_font_transform\":\"\",\"m10f_meta_font_spacing\":\"\",\"m10f_meta_\":\"\",\"m10f_ex_font_title\":\"Article excerpt\",\"m10f_ex_font_settings\":\"\",\"m10f_ex_font_family\":\"\",\"m10f_ex_font_size\":\"\",\"m10f_ex_font_line_height\":\"\",\"m10f_ex_font_style\":\"\",\"m10f_ex_font_weight\":\"\",\"m10f_ex_font_transform\":\"\",\"m10f_ex_font_spacing\":\"\",\"m10f_ex_\":\"\",\"mx2f_title_font_header\":\"\",\"mx2f_title_font_title\":\"Article title\",\"mx2f_title_font_settings\":\"\",\"mx2f_title_font_family\":\"\",\"mx2f_title_font_size\":\"\",\"mx2f_title_font_line_height\":\"\",\"mx2f_title_font_style\":\"\",\"mx2f_title_font_weight\":\"\",\"mx2f_title_font_transform\":\"\",\"mx2f_title_font_spacing\":\"\",\"mx2f_title_\":\"\",\"mx2f_cat_font_title\":\"Article category tag\",\"mx2f_cat_font_settings\":\"\",\"mx2f_cat_font_family\":\"\",\"mx2f_cat_font_size\":\"\",\"mx2f_cat_font_line_height\":\"\",\"mx2f_cat_font_style\":\"\",\"mx2f_cat_font_weight\":\"\",\"mx2f_cat_font_transform\":\"\",\"mx2f_cat_font_spacing\":\"\",\"mx2f_cat_\":\"\",\"mx2f_meta_font_title\":\"Article meta info\",\"mx2f_meta_font_settings\":\"\",\"mx2f_meta_font_family\":\"\",\"mx2f_meta_font_size\":\"\",\"mx2f_meta_font_line_height\":\"\",\"mx2f_meta_font_style\":\"\",\"mx2f_meta_font_weight\":\"\",\"mx2f_meta_font_transform\":\"\",\"mx2f_meta_font_spacing\":\"\",\"mx2f_meta_\":\"\",\"ajax_pagination\":\"\",\"ajax_pagination_infinite_stop\":\"\",\"css\":\"\",\"tdc_css\":\"\",\"td_column_number\":1,\"header_color\":\"\",\"color_preset\":\"\",\"border_top\":\"\",\"class\":\"td_uid_4_69f2522c17b11_rand\",\"tdc_css_class\":\"td_uid_4_69f2522c17b11_rand\",\"tdc_css_class_style\":\"td_uid_4_69f2522c17b11_rand_style\"}';\nblock_td_uid_4_69f2522c17b11.td_column_number = \"1\";\nblock_td_uid_4_69f2522c17b11.block_type = \"td_block_18\";\nblock_td_uid_4_69f2522c17b11.post_count = \"4\";\nblock_td_uid_4_69f2522c17b11.found_posts = \"47\";\nblock_td_uid_4_69f2522c17b11.header_color = \"\";\nblock_td_uid_4_69f2522c17b11.ajax_pagination_infinite_stop = \"\";\nblock_td_uid_4_69f2522c17b11.max_num_pages = \"12\";\ntdBlocksArray.push(block_td_uid_4_69f2522c17b11);\n<\/script><div class=\"td-block-title-wrap\"><\/div><div id=td_uid_4_69f2522c17b11 class=\"td_block_inner td-column-1\">\r\n        <div class=\"td_module_mx8 td_module_wrap td-animation-stack\">\r\n            <div class=\"meta-info-container\">\r\n                <div class=\"td-module-thumb\"><a href=\"http:\/\/fundacionluisanderson.org\/index.php\/2018\/10\/30\/recuerdo-a-luis-anderson\/\" rel=\"bookmark\" class=\"td-image-wrap\" title=\"Recuerdo a Luis Anderson\"><img loading=\"lazy\" decoding=\"async\" width=\"696\" height=\"385\" class=\"entry-thumb\" src=\"http:\/\/fundacionluisanderson.org\/wp-content\/uploads\/2018\/10\/NanaCorossacz-696x385.jpg\" alt=\"\" title=\"Recuerdo a Luis Anderson\"\/><\/a><\/div>\r\n                <div class=\"td-module-meta-info\">\r\n                    <h3 class=\"entry-title td-module-title\"><a href=\"http:\/\/fundacionluisanderson.org\/index.php\/2018\/10\/30\/recuerdo-a-luis-anderson\/\" rel=\"bookmark\" title=\"Recuerdo a Luis Anderson\">Recuerdo a Luis Anderson<\/a><\/h3>                                        <span class=\"td-author-date\">\r\n                        <span class=\"td-post-author-name\"><a href=\"http:\/\/fundacionluisanderson.org\/index.php\/author\/admin\/\">admin<\/a> <span>-<\/span> <\/span>                        <span class=\"td-post-date\"><time class=\"entry-date updated td-module-date\" datetime=\"2018-10-30T03:52:45+00:00\" >30 octubre, 2018<\/time><\/span>                        <div class=\"td-module-comments\"><a href=\"http:\/\/fundacionluisanderson.org\/index.php\/2018\/10\/30\/recuerdo-a-luis-anderson\/#respond\">0<\/a><\/div>                    <\/span>\r\n                <\/div>\r\n            <\/div>\r\n\r\n        <\/div>\r\n\r\n        \r\n        <div class=\"td_module_mx2 td_module_wrap td-animation-stack\">\r\n\r\n            <div class=\"td-module-thumb\"><a href=\"http:\/\/fundacionluisanderson.org\/index.php\/2018\/10\/30\/el-mas-grande-legado-de-luis-anderson\/\" rel=\"bookmark\" class=\"td-image-wrap\" title=\"El m\u00e1s grande legado de Luis Anderson\"><img loading=\"lazy\" decoding=\"async\" width=\"80\" height=\"60\" class=\"entry-thumb\" src=\"http:\/\/fundacionluisanderson.org\/wp-content\/uploads\/2018\/11\/GilbertBrown-80x60.jpg\" srcset=\"http:\/\/fundacionluisanderson.org\/wp-content\/uploads\/2018\/11\/GilbertBrown-80x60.jpg 80w, http:\/\/fundacionluisanderson.org\/wp-content\/uploads\/2018\/11\/GilbertBrown-265x198.jpg 265w, http:\/\/fundacionluisanderson.org\/wp-content\/uploads\/2018\/11\/GilbertBrown-640x486.jpg 640w\" sizes=\"(max-width: 80px) 100vw, 80px\" alt=\"\" title=\"El m\u00e1s grande legado de Luis Anderson\"\/><\/a><\/div>\r\n            <div class=\"item-details\">\r\n                <h3 class=\"entry-title td-module-title\"><a href=\"http:\/\/fundacionluisanderson.org\/index.php\/2018\/10\/30\/el-mas-grande-legado-de-luis-anderson\/\" rel=\"bookmark\" title=\"El m\u00e1s grande legado de Luis Anderson\">El m\u00e1s grande legado de Luis Anderson<\/a><\/h3>                <div class=\"td-module-meta-info\">\r\n                                                            <span class=\"td-post-date\"><time class=\"entry-date updated td-module-date\" datetime=\"2018-10-30T02:59:14+00:00\" >30 octubre, 2018<\/time><\/span>                                    <\/div>\r\n            <\/div>\r\n\r\n        <\/div>\r\n\r\n        \r\n        <div class=\"td_module_mx2 td_module_wrap td-animation-stack\">\r\n\r\n            <div class=\"td-module-thumb\"><a href=\"http:\/\/fundacionluisanderson.org\/index.php\/2018\/10\/30\/307\/\" rel=\"bookmark\" class=\"td-image-wrap\" title=\"Algunas an\u00e9cdotas\"><img loading=\"lazy\" decoding=\"async\" width=\"80\" height=\"60\" class=\"entry-thumb\" src=\"http:\/\/fundacionluisanderson.org\/wp-content\/uploads\/2018\/11\/AnaNitoslaska-80x60.jpg\" srcset=\"http:\/\/fundacionluisanderson.org\/wp-content\/uploads\/2018\/11\/AnaNitoslaska-80x60.jpg 80w, http:\/\/fundacionluisanderson.org\/wp-content\/uploads\/2018\/11\/AnaNitoslaska-265x198.jpg 265w\" sizes=\"(max-width: 80px) 100vw, 80px\" alt=\"\" title=\"Algunas an\u00e9cdotas\"\/><\/a><\/div>\r\n            <div class=\"item-details\">\r\n                <h3 class=\"entry-title td-module-title\"><a href=\"http:\/\/fundacionluisanderson.org\/index.php\/2018\/10\/30\/307\/\" rel=\"bookmark\" title=\"Algunas an\u00e9cdotas\">Algunas an\u00e9cdotas<\/a><\/h3>                <div class=\"td-module-meta-info\">\r\n                                                            <span class=\"td-post-date\"><time class=\"entry-date updated td-module-date\" datetime=\"2018-10-30T02:22:08+00:00\" >30 octubre, 2018<\/time><\/span>                                    <\/div>\r\n            <\/div>\r\n\r\n        <\/div>\r\n\r\n        \r\n        <div class=\"td_module_mx2 td_module_wrap td-animation-stack\">\r\n\r\n            <div class=\"td-module-thumb\"><a href=\"http:\/\/fundacionluisanderson.org\/index.php\/2018\/10\/30\/un-dia-cualquiera-a-base-de-listas-de-puntos-pendientes-y-tareas-por-hacer\/\" rel=\"bookmark\" class=\"td-image-wrap\" title=\"Un d\u00eda cualquiera a base de listas de puntos pendientes y tareas por hacer\"><img loading=\"lazy\" decoding=\"async\" width=\"80\" height=\"60\" class=\"entry-thumb\" src=\"http:\/\/fundacionluisanderson.org\/wp-content\/uploads\/2018\/10\/Marval-324x235-80x60.jpeg\" srcset=\"http:\/\/fundacionluisanderson.org\/wp-content\/uploads\/2018\/10\/Marval-324x235-80x60.jpeg 80w, http:\/\/fundacionluisanderson.org\/wp-content\/uploads\/2018\/10\/Marval-324x235-265x198.jpeg 265w\" sizes=\"(max-width: 80px) 100vw, 80px\" alt=\"\" title=\"Un d\u00eda cualquiera a base de listas de puntos pendientes y tareas por hacer\"\/><\/a><\/div>\r\n            <div class=\"item-details\">\r\n                <h3 class=\"entry-title td-module-title\"><a href=\"http:\/\/fundacionluisanderson.org\/index.php\/2018\/10\/30\/un-dia-cualquiera-a-base-de-listas-de-puntos-pendientes-y-tareas-por-hacer\/\" rel=\"bookmark\" title=\"Un d\u00eda cualquiera a base de listas de puntos pendientes y tareas por hacer\">Un d\u00eda cualquiera a base de listas de puntos pendientes y tareas por hacer<\/a><\/h3>                <div class=\"td-module-meta-info\">\r\n                                                            <span class=\"td-post-date\"><time class=\"entry-date updated td-module-date\" datetime=\"2018-10-30T02:46:45+00:00\" >30 octubre, 2018<\/time><\/span>                                    <\/div>\r\n            <\/div>\r\n\r\n        <\/div>\r\n\r\n        <\/div><\/div> <!-- .\/block -->[\/vc_column][vc_column width=\u00bb1\/3&#8243;][td_block_social_counter facebook=\u00bbenvato\u00bb twitter=\u00bbenvato\u00bb youtube=\u00bbenvato\u00bb]<div class=\"td-a-rec td-a-rec-id-sidebar  td-rec-hide-on-m td-rec-hide-on-tl td-rec-hide-on-tp td-rec-hide-on-p td_uid_5_69f2522c19cbb_rand td_block_template_1\"><span class=\"td-adspot-title\">- Advertisement -<\/span><div class=\"td-all-devices\"><a href=\"#\" target=\"_blank\"><img decoding=\"async\" src=\"http:\/\/nastacloud.com\/demo\/fundacionluisanderson\/wp-content\/uploads\/2018\/10\/newspaper-rec300.jpg\"\/><\/a><\/div><\/div><div class=\"td_block_wrap td_block_9 td_uid_6_69f2522c19de4_rand td_with_ajax_pagination td-pb-border-top td_block_template_1 td-column-1 td_block_padding td_block_bot_line\"  data-td-block-uid=\"td_uid_6_69f2522c19de4\" ><script>var block_td_uid_6_69f2522c19de4 = new tdBlock();\nblock_td_uid_6_69f2522c19de4.id = \"td_uid_6_69f2522c19de4\";\nblock_td_uid_6_69f2522c19de4.atts = '{\"limit\":\"3\",\"custom_title\":\"Featured\",\"td_filter_default_txt\":\"All\",\"ajax_pagination\":\"next_prev\",\"category_id\":\"\",\"sort\":\"random_posts\",\"separator\":\"\",\"custom_url\":\"\",\"block_template_id\":\"\",\"m8_tl\":\"\",\"post_ids\":\"\",\"category_ids\":\"\",\"tag_slug\":\"\",\"autors_id\":\"\",\"installed_post_types\":\"\",\"offset\":\"\",\"el_class\":\"\",\"td_ajax_filter_type\":\"\",\"td_ajax_filter_ids\":\"\",\"td_ajax_preloading\":\"\",\"f_header_font_header\":\"\",\"f_header_font_title\":\"Block header\",\"f_header_font_settings\":\"\",\"f_header_font_family\":\"\",\"f_header_font_size\":\"\",\"f_header_font_line_height\":\"\",\"f_header_font_style\":\"\",\"f_header_font_weight\":\"\",\"f_header_font_transform\":\"\",\"f_header_font_spacing\":\"\",\"f_header_\":\"\",\"f_ajax_font_title\":\"Ajax categories\",\"f_ajax_font_settings\":\"\",\"f_ajax_font_family\":\"\",\"f_ajax_font_size\":\"\",\"f_ajax_font_line_height\":\"\",\"f_ajax_font_style\":\"\",\"f_ajax_font_weight\":\"\",\"f_ajax_font_transform\":\"\",\"f_ajax_font_spacing\":\"\",\"f_ajax_\":\"\",\"f_more_font_title\":\"Load more button\",\"f_more_font_settings\":\"\",\"f_more_font_family\":\"\",\"f_more_font_size\":\"\",\"f_more_font_line_height\":\"\",\"f_more_font_style\":\"\",\"f_more_font_weight\":\"\",\"f_more_font_transform\":\"\",\"f_more_font_spacing\":\"\",\"f_more_\":\"\",\"m8f_title_font_header\":\"\",\"m8f_title_font_title\":\"Article title\",\"m8f_title_font_settings\":\"\",\"m8f_title_font_family\":\"\",\"m8f_title_font_size\":\"\",\"m8f_title_font_line_height\":\"\",\"m8f_title_font_style\":\"\",\"m8f_title_font_weight\":\"\",\"m8f_title_font_transform\":\"\",\"m8f_title_font_spacing\":\"\",\"m8f_title_\":\"\",\"m8f_cat_font_title\":\"Article category tag\",\"m8f_cat_font_settings\":\"\",\"m8f_cat_font_family\":\"\",\"m8f_cat_font_size\":\"\",\"m8f_cat_font_line_height\":\"\",\"m8f_cat_font_style\":\"\",\"m8f_cat_font_weight\":\"\",\"m8f_cat_font_transform\":\"\",\"m8f_cat_font_spacing\":\"\",\"m8f_cat_\":\"\",\"m8f_meta_font_title\":\"Article meta info\",\"m8f_meta_font_settings\":\"\",\"m8f_meta_font_family\":\"\",\"m8f_meta_font_size\":\"\",\"m8f_meta_font_line_height\":\"\",\"m8f_meta_font_style\":\"\",\"m8f_meta_font_weight\":\"\",\"m8f_meta_font_transform\":\"\",\"m8f_meta_font_spacing\":\"\",\"m8f_meta_\":\"\",\"ajax_pagination_infinite_stop\":\"\",\"css\":\"\",\"tdc_css\":\"\",\"td_column_number\":1,\"header_color\":\"\",\"color_preset\":\"\",\"border_top\":\"\",\"class\":\"td_uid_6_69f2522c19de4_rand\",\"tdc_css_class\":\"td_uid_6_69f2522c19de4_rand\",\"tdc_css_class_style\":\"td_uid_6_69f2522c19de4_rand_style\"}';\nblock_td_uid_6_69f2522c19de4.td_column_number = \"1\";\nblock_td_uid_6_69f2522c19de4.block_type = \"td_block_9\";\nblock_td_uid_6_69f2522c19de4.post_count = \"3\";\nblock_td_uid_6_69f2522c19de4.found_posts = \"47\";\nblock_td_uid_6_69f2522c19de4.header_color = \"\";\nblock_td_uid_6_69f2522c19de4.ajax_pagination_infinite_stop = \"\";\nblock_td_uid_6_69f2522c19de4.max_num_pages = \"16\";\ntdBlocksArray.push(block_td_uid_6_69f2522c19de4);\n<\/script><div class=\"td-block-title-wrap\"><h4 class=\"block-title td-block-title\"><span class=\"td-pulldown-size\">Featured<\/span><\/h4><\/div><div id=td_uid_6_69f2522c19de4 class=\"td_block_inner\">\n\n\t<div class=\"td-block-span12\">\n\r\n        <div class=\"td_module_8 td_module_wrap\">\r\n\r\n            <div class=\"item-details\">\r\n                <h3 class=\"entry-title td-module-title\"><a href=\"http:\/\/fundacionluisanderson.org\/index.php\/2019\/06\/06\/nota-tecnica-a-dirigentes-empresariales-sindicales-y-profesionales-del-mundo-del-trabajo\/\" rel=\"bookmark\" title=\"NOTA TECNICA A DIRIGENTES EMPRESARIALES, SINDICALES Y PROFESIONALES DEL MUNDO DEL TRABAJO\">NOTA TECNICA A DIRIGENTES EMPRESARIALES, SINDICALES Y PROFESIONALES DEL MUNDO DEL TRABAJO<\/a><\/h3>\r\n                <div class=\"td-module-meta-info\">\r\n                                        <span class=\"td-post-author-name\"><a href=\"http:\/\/fundacionluisanderson.org\/index.php\/author\/fundacion\/\">Fundacion Luis Anderson<\/a> <span>-<\/span> <\/span>                    <span class=\"td-post-date\"><time class=\"entry-date updated td-module-date\" datetime=\"2019-06-06T03:41:57+00:00\" >6 junio, 2019<\/time><\/span>                    <div class=\"td-module-comments\"><a href=\"http:\/\/fundacionluisanderson.org\/index.php\/2019\/06\/06\/nota-tecnica-a-dirigentes-empresariales-sindicales-y-profesionales-del-mundo-del-trabajo\/#respond\">0<\/a><\/div>                <\/div>\r\n            <\/div>\r\n\r\n            \r\n        <\/div>\r\n\r\n        \n\t<\/div> <!-- .\/td-block-span12 -->\n\n\t<div class=\"td-block-span12\">\n\r\n        <div class=\"td_module_8 td_module_wrap\">\r\n\r\n            <div class=\"item-details\">\r\n                <h3 class=\"entry-title td-module-title\"><a href=\"http:\/\/fundacionluisanderson.org\/index.php\/2018\/10\/30\/luis-anderson-en-el-recuerdo\/\" rel=\"bookmark\" title=\"Luis Anderson en el recuerdo\">Luis Anderson en el recuerdo<\/a><\/h3>\r\n                <div class=\"td-module-meta-info\">\r\n                                        <span class=\"td-post-author-name\"><a href=\"http:\/\/fundacionluisanderson.org\/index.php\/author\/admin\/\">admin<\/a> <span>-<\/span> <\/span>                    <span class=\"td-post-date\"><time class=\"entry-date updated td-module-date\" datetime=\"2018-10-30T03:05:18+00:00\" >30 octubre, 2018<\/time><\/span>                    <div class=\"td-module-comments\"><a href=\"http:\/\/fundacionluisanderson.org\/index.php\/2018\/10\/30\/luis-anderson-en-el-recuerdo\/#respond\">0<\/a><\/div>                <\/div>\r\n            <\/div>\r\n\r\n            \r\n        <\/div>\r\n\r\n        \n\t<\/div> <!-- .\/td-block-span12 -->\n\n\t<div class=\"td-block-span12\">\n\r\n        <div class=\"td_module_8 td_module_wrap\">\r\n\r\n            <div class=\"item-details\">\r\n                <h3 class=\"entry-title td-module-title\"><a href=\"http:\/\/fundacionluisanderson.org\/index.php\/2018\/10\/30\/el-fracaso-de-la-muerte-que-no-borra-la-vida-de-luis\/\" rel=\"bookmark\" title=\"El fracaso de la muerte que no borra la vida de Luis\">El fracaso de la muerte que no borra la vida de Luis<\/a><\/h3>\r\n                <div class=\"td-module-meta-info\">\r\n                                        <span class=\"td-post-author-name\"><a href=\"http:\/\/fundacionluisanderson.org\/index.php\/author\/admin\/\">admin<\/a> <span>-<\/span> <\/span>                    <span class=\"td-post-date\"><time class=\"entry-date updated td-module-date\" datetime=\"2018-10-30T03:55:14+00:00\" >30 octubre, 2018<\/time><\/span>                    <div class=\"td-module-comments\"><a href=\"http:\/\/fundacionluisanderson.org\/index.php\/2018\/10\/30\/el-fracaso-de-la-muerte-que-no-borra-la-vida-de-luis\/#respond\">0<\/a><\/div>                <\/div>\r\n            <\/div>\r\n\r\n            \r\n        <\/div>\r\n\r\n        \n\t<\/div> <!-- .\/td-block-span12 --><\/div><div class=\"td-next-prev-wrap\"><a href=\"#\" class=\"td-ajax-prev-page ajax-page-disabled\" id=\"prev-page-td_uid_6_69f2522c19de4\" data-td_block_id=\"td_uid_6_69f2522c19de4\"><i class=\"td-icon-font td-icon-menu-left\"><\/i><\/a><a href=\"#\"  class=\"td-ajax-next-page\" id=\"next-page-td_uid_6_69f2522c19de4\" data-td_block_id=\"td_uid_6_69f2522c19de4\"><i class=\"td-icon-font td-icon-menu-right\"><\/i><\/a><\/div><\/div> <!-- .\/block --><div class=\"td_block_wrap td_block_2 td_uid_7_69f2522c1ab88_rand td_with_ajax_pagination td-pb-border-top td_block_template_1 td-column-1 td_block_padding\"  data-td-block-uid=\"td_uid_7_69f2522c1ab88\" ><script>var block_td_uid_7_69f2522c1ab88 = new tdBlock();\nblock_td_uid_7_69f2522c1ab88.id = \"td_uid_7_69f2522c1ab88\";\nblock_td_uid_7_69f2522c1ab88.atts = '{\"limit\":\"5\",\"custom_title\":\"Most Popular\",\"td_filter_default_txt\":\"All\",\"ajax_pagination\":\"next_prev\",\"category_id\":\"\",\"sort\":\"random_posts\",\"separator\":\"\",\"custom_url\":\"\",\"block_template_id\":\"\",\"m2_tl\":\"\",\"m2_el\":\"\",\"m6_tl\":\"\",\"post_ids\":\"\",\"category_ids\":\"\",\"tag_slug\":\"\",\"autors_id\":\"\",\"installed_post_types\":\"\",\"offset\":\"\",\"el_class\":\"\",\"td_ajax_filter_type\":\"\",\"td_ajax_filter_ids\":\"\",\"td_ajax_preloading\":\"\",\"f_header_font_header\":\"\",\"f_header_font_title\":\"Block header\",\"f_header_font_settings\":\"\",\"f_header_font_family\":\"\",\"f_header_font_size\":\"\",\"f_header_font_line_height\":\"\",\"f_header_font_style\":\"\",\"f_header_font_weight\":\"\",\"f_header_font_transform\":\"\",\"f_header_font_spacing\":\"\",\"f_header_\":\"\",\"f_ajax_font_title\":\"Ajax categories\",\"f_ajax_font_settings\":\"\",\"f_ajax_font_family\":\"\",\"f_ajax_font_size\":\"\",\"f_ajax_font_line_height\":\"\",\"f_ajax_font_style\":\"\",\"f_ajax_font_weight\":\"\",\"f_ajax_font_transform\":\"\",\"f_ajax_font_spacing\":\"\",\"f_ajax_\":\"\",\"f_more_font_title\":\"Load more button\",\"f_more_font_settings\":\"\",\"f_more_font_family\":\"\",\"f_more_font_size\":\"\",\"f_more_font_line_height\":\"\",\"f_more_font_style\":\"\",\"f_more_font_weight\":\"\",\"f_more_font_transform\":\"\",\"f_more_font_spacing\":\"\",\"f_more_\":\"\",\"m2f_title_font_header\":\"\",\"m2f_title_font_title\":\"Article title\",\"m2f_title_font_settings\":\"\",\"m2f_title_font_family\":\"\",\"m2f_title_font_size\":\"\",\"m2f_title_font_line_height\":\"\",\"m2f_title_font_style\":\"\",\"m2f_title_font_weight\":\"\",\"m2f_title_font_transform\":\"\",\"m2f_title_font_spacing\":\"\",\"m2f_title_\":\"\",\"m2f_cat_font_title\":\"Article category tag\",\"m2f_cat_font_settings\":\"\",\"m2f_cat_font_family\":\"\",\"m2f_cat_font_size\":\"\",\"m2f_cat_font_line_height\":\"\",\"m2f_cat_font_style\":\"\",\"m2f_cat_font_weight\":\"\",\"m2f_cat_font_transform\":\"\",\"m2f_cat_font_spacing\":\"\",\"m2f_cat_\":\"\",\"m2f_meta_font_title\":\"Article meta info\",\"m2f_meta_font_settings\":\"\",\"m2f_meta_font_family\":\"\",\"m2f_meta_font_size\":\"\",\"m2f_meta_font_line_height\":\"\",\"m2f_meta_font_style\":\"\",\"m2f_meta_font_weight\":\"\",\"m2f_meta_font_transform\":\"\",\"m2f_meta_font_spacing\":\"\",\"m2f_meta_\":\"\",\"m2f_ex_font_title\":\"Article excerpt\",\"m2f_ex_font_settings\":\"\",\"m2f_ex_font_family\":\"\",\"m2f_ex_font_size\":\"\",\"m2f_ex_font_line_height\":\"\",\"m2f_ex_font_style\":\"\",\"m2f_ex_font_weight\":\"\",\"m2f_ex_font_transform\":\"\",\"m2f_ex_font_spacing\":\"\",\"m2f_ex_\":\"\",\"m6f_title_font_header\":\"\",\"m6f_title_font_title\":\"Article title\",\"m6f_title_font_settings\":\"\",\"m6f_title_font_family\":\"\",\"m6f_title_font_size\":\"\",\"m6f_title_font_line_height\":\"\",\"m6f_title_font_style\":\"\",\"m6f_title_font_weight\":\"\",\"m6f_title_font_transform\":\"\",\"m6f_title_font_spacing\":\"\",\"m6f_title_\":\"\",\"m6f_cat_font_title\":\"Article category tag\",\"m6f_cat_font_settings\":\"\",\"m6f_cat_font_family\":\"\",\"m6f_cat_font_size\":\"\",\"m6f_cat_font_line_height\":\"\",\"m6f_cat_font_style\":\"\",\"m6f_cat_font_weight\":\"\",\"m6f_cat_font_transform\":\"\",\"m6f_cat_font_spacing\":\"\",\"m6f_cat_\":\"\",\"m6f_meta_font_title\":\"Article meta info\",\"m6f_meta_font_settings\":\"\",\"m6f_meta_font_family\":\"\",\"m6f_meta_font_size\":\"\",\"m6f_meta_font_line_height\":\"\",\"m6f_meta_font_style\":\"\",\"m6f_meta_font_weight\":\"\",\"m6f_meta_font_transform\":\"\",\"m6f_meta_font_spacing\":\"\",\"m6f_meta_\":\"\",\"ajax_pagination_infinite_stop\":\"\",\"css\":\"\",\"tdc_css\":\"\",\"td_column_number\":1,\"header_color\":\"\",\"color_preset\":\"\",\"border_top\":\"\",\"class\":\"td_uid_7_69f2522c1ab88_rand\",\"tdc_css_class\":\"td_uid_7_69f2522c1ab88_rand\",\"tdc_css_class_style\":\"td_uid_7_69f2522c1ab88_rand_style\"}';\nblock_td_uid_7_69f2522c1ab88.td_column_number = \"1\";\nblock_td_uid_7_69f2522c1ab88.block_type = \"td_block_2\";\nblock_td_uid_7_69f2522c1ab88.post_count = \"5\";\nblock_td_uid_7_69f2522c1ab88.found_posts = \"47\";\nblock_td_uid_7_69f2522c1ab88.header_color = \"\";\nblock_td_uid_7_69f2522c1ab88.ajax_pagination_infinite_stop = \"\";\nblock_td_uid_7_69f2522c1ab88.max_num_pages = \"10\";\ntdBlocksArray.push(block_td_uid_7_69f2522c1ab88);\n<\/script><div class=\"td-block-title-wrap\"><h4 class=\"block-title td-block-title\"><span class=\"td-pulldown-size\">Most Popular<\/span><\/h4><\/div><div id=td_uid_7_69f2522c1ab88 class=\"td_block_inner\">\n\n\t<div class=\"td-block-span12\">\n\r\n        <div class=\"td_module_2 td_module_wrap td-animation-stack\">\r\n            <div class=\"td-module-image\">\r\n                <div class=\"td-module-thumb\"><a href=\"http:\/\/fundacionluisanderson.org\/index.php\/2019\/06\/12\/invitacion-a-presentacion-de-libro-y-documental-sobre-luis-anderson\/\" rel=\"bookmark\" class=\"td-image-wrap\" title=\"INVITACION A PRESENTACION DE LIBRO Y DOCUMENTAL SOBRE LUIS ANDERSON\"><img loading=\"lazy\" decoding=\"async\" width=\"324\" height=\"160\" class=\"entry-thumb\" src=\"http:\/\/fundacionluisanderson.org\/wp-content\/uploads\/2018\/11\/Foto_18-324x160.jpg\" srcset=\"http:\/\/fundacionluisanderson.org\/wp-content\/uploads\/2018\/11\/Foto_18-324x160.jpg 324w, http:\/\/fundacionluisanderson.org\/wp-content\/uploads\/2018\/11\/Foto_18-533x261.jpg 533w\" sizes=\"(max-width: 324px) 100vw, 324px\" alt=\"\" title=\"INVITACION A PRESENTACION DE LIBRO Y DOCUMENTAL SOBRE LUIS ANDERSON\"\/><\/a><\/div>                <a href=\"http:\/\/fundacionluisanderson.org\/index.php\/category\/eventos\/\" class=\"td-post-category\">Eventos<\/a>            <\/div>\r\n            <h3 class=\"entry-title td-module-title\"><a href=\"http:\/\/fundacionluisanderson.org\/index.php\/2019\/06\/12\/invitacion-a-presentacion-de-libro-y-documental-sobre-luis-anderson\/\" rel=\"bookmark\" title=\"INVITACION A PRESENTACION DE LIBRO Y DOCUMENTAL SOBRE LUIS ANDERSON\">INVITACION A PRESENTACION DE LIBRO Y DOCUMENTAL SOBRE LUIS ANDERSON<\/a><\/h3>\r\n\r\n            <div class=\"td-module-meta-info\">\r\n                <span class=\"td-post-author-name\"><a href=\"http:\/\/fundacionluisanderson.org\/index.php\/author\/fundacion\/\">Fundacion Luis Anderson<\/a> <span>-<\/span> <\/span>                <span class=\"td-post-date\"><time class=\"entry-date updated td-module-date\" datetime=\"2019-06-12T03:14:23+00:00\" >12 junio, 2019<\/time><\/span>                <div class=\"td-module-comments\"><a href=\"http:\/\/fundacionluisanderson.org\/index.php\/2019\/06\/12\/invitacion-a-presentacion-de-libro-y-documental-sobre-luis-anderson\/#respond\">0<\/a><\/div>            <\/div>\r\n\r\n\r\n            <div class=\"td-excerpt\">\r\n                La Fundaci\u00f3n Luis Anderson se complace en cursar invitaci\u00f3n para que asista a la presentaci\u00f3n del LIBRO \u201cLUIS ANDERSON MEMORIA COLECTIVA DE UN CAMINO...            <\/div>\r\n\r\n            \r\n        <\/div>\r\n\r\n        \n\t<\/div> <!-- .\/td-block-span12 -->\n\n\t<div class=\"td-block-span12\">\n\r\n        <div class=\"td_module_6 td_module_wrap td-animation-stack\">\r\n\r\n        <div class=\"td-module-thumb\"><a href=\"http:\/\/fundacionluisanderson.org\/index.php\/2018\/10\/30\/un-dia-cualquiera-a-base-de-listas-de-puntos-pendientes-y-tareas-por-hacer\/\" rel=\"bookmark\" class=\"td-image-wrap\" title=\"Un d\u00eda cualquiera a base de listas de puntos pendientes y tareas por hacer\"><img loading=\"lazy\" decoding=\"async\" width=\"100\" height=\"70\" class=\"entry-thumb\" src=\"http:\/\/fundacionluisanderson.org\/wp-content\/uploads\/2018\/10\/Marval-324x235-100x70.jpeg\" srcset=\"http:\/\/fundacionluisanderson.org\/wp-content\/uploads\/2018\/10\/Marval-324x235-100x70.jpeg 100w, http:\/\/fundacionluisanderson.org\/wp-content\/uploads\/2018\/10\/Marval-324x235-218x150.jpeg 218w\" sizes=\"(max-width: 100px) 100vw, 100px\" alt=\"\" title=\"Un d\u00eda cualquiera a base de listas de puntos pendientes y tareas por hacer\"\/><\/a><\/div>\r\n        <div class=\"item-details\">\r\n            <h3 class=\"entry-title td-module-title\"><a href=\"http:\/\/fundacionluisanderson.org\/index.php\/2018\/10\/30\/un-dia-cualquiera-a-base-de-listas-de-puntos-pendientes-y-tareas-por-hacer\/\" rel=\"bookmark\" title=\"Un d\u00eda cualquiera a base de listas de puntos pendientes y tareas por hacer\">Un d\u00eda cualquiera a base de listas de puntos pendientes y...<\/a><\/h3>            <div class=\"td-module-meta-info\">\r\n                                                <span class=\"td-post-date\"><time class=\"entry-date updated td-module-date\" datetime=\"2018-10-30T02:46:45+00:00\" >30 octubre, 2018<\/time><\/span>                            <\/div>\r\n        <\/div>\r\n\r\n        <\/div>\r\n\r\n        \n\t<\/div> <!-- .\/td-block-span12 -->\n\n\t<div class=\"td-block-span12\">\n\r\n        <div class=\"td_module_6 td_module_wrap td-animation-stack\">\r\n\r\n        <div class=\"td-module-thumb\"><a href=\"http:\/\/fundacionluisanderson.org\/index.php\/2018\/10\/28\/luis-anderson-no-son-pocos-los-meritos\/\" rel=\"bookmark\" class=\"td-image-wrap\" title=\"Luis Anderson, no son pocos los m\u00e9ritos\"><img loading=\"lazy\" decoding=\"async\" width=\"100\" height=\"70\" class=\"entry-thumb\" src=\"http:\/\/fundacionluisanderson.org\/wp-content\/uploads\/2018\/10\/Foto_Friso-100x70.jpg\" alt=\"\" title=\"Luis Anderson, no son pocos los m\u00e9ritos\"\/><\/a><\/div>\r\n        <div class=\"item-details\">\r\n            <h3 class=\"entry-title td-module-title\"><a href=\"http:\/\/fundacionluisanderson.org\/index.php\/2018\/10\/28\/luis-anderson-no-son-pocos-los-meritos\/\" rel=\"bookmark\" title=\"Luis Anderson, no son pocos los m\u00e9ritos\">Luis Anderson, no son pocos los m\u00e9ritos<\/a><\/h3>            <div class=\"td-module-meta-info\">\r\n                                                <span class=\"td-post-date\"><time class=\"entry-date updated td-module-date\" datetime=\"2018-10-28T23:52:06+00:00\" >28 octubre, 2018<\/time><\/span>                            <\/div>\r\n        <\/div>\r\n\r\n        <\/div>\r\n\r\n        \n\t<\/div> <!-- .\/td-block-span12 -->\n\n\t<div class=\"td-block-span12\">\n\r\n        <div class=\"td_module_6 td_module_wrap td-animation-stack\">\r\n\r\n        <div class=\"td-module-thumb\"><a href=\"http:\/\/fundacionluisanderson.org\/index.php\/2018\/10\/30\/dos-encuentros-en-bruselas\/\" rel=\"bookmark\" class=\"td-image-wrap\" title=\"Dos encuentros en Bruselas\"><img loading=\"lazy\" decoding=\"async\" width=\"100\" height=\"70\" class=\"entry-thumb\" src=\"http:\/\/fundacionluisanderson.org\/wp-content\/uploads\/2018\/10\/Queren-1-100x70.png\" srcset=\"http:\/\/fundacionluisanderson.org\/wp-content\/uploads\/2018\/10\/Queren-1-100x70.png 100w, http:\/\/fundacionluisanderson.org\/wp-content\/uploads\/2018\/10\/Queren-1.png 218w\" sizes=\"(max-width: 100px) 100vw, 100px\" alt=\"\" title=\"Dos encuentros en Bruselas\"\/><\/a><\/div>\r\n        <div class=\"item-details\">\r\n            <h3 class=\"entry-title td-module-title\"><a href=\"http:\/\/fundacionluisanderson.org\/index.php\/2018\/10\/30\/dos-encuentros-en-bruselas\/\" rel=\"bookmark\" title=\"Dos encuentros en Bruselas\">Dos encuentros en Bruselas<\/a><\/h3>            <div class=\"td-module-meta-info\">\r\n                                                <span class=\"td-post-date\"><time class=\"entry-date updated td-module-date\" datetime=\"2018-10-30T03:01:47+00:00\" >30 octubre, 2018<\/time><\/span>                            <\/div>\r\n        <\/div>\r\n\r\n        <\/div>\r\n\r\n        \n\t<\/div> <!-- .\/td-block-span12 -->\n\n\t<div class=\"td-block-span12\">\n\r\n        <div class=\"td_module_6 td_module_wrap td-animation-stack\">\r\n\r\n        <div class=\"td-module-thumb\"><a href=\"http:\/\/fundacionluisanderson.org\/index.php\/2018\/10\/30\/luis-anderson\/\" rel=\"bookmark\" class=\"td-image-wrap\" title=\"Luis Anderson\"><img loading=\"lazy\" decoding=\"async\" width=\"100\" height=\"70\" class=\"entry-thumb\" src=\"http:\/\/fundacionluisanderson.org\/wp-content\/uploads\/2018\/11\/Aniano-Pinzon-100x70.jpg\" srcset=\"http:\/\/fundacionluisanderson.org\/wp-content\/uploads\/2018\/11\/Aniano-Pinzon-100x70.jpg 100w, http:\/\/fundacionluisanderson.org\/wp-content\/uploads\/2018\/11\/Aniano-Pinzon-218x150.jpg 218w\" sizes=\"(max-width: 100px) 100vw, 100px\" alt=\"\" title=\"Luis Anderson\"\/><\/a><\/div>\r\n        <div class=\"item-details\">\r\n            <h3 class=\"entry-title td-module-title\"><a href=\"http:\/\/fundacionluisanderson.org\/index.php\/2018\/10\/30\/luis-anderson\/\" rel=\"bookmark\" title=\"Luis Anderson\">Luis Anderson<\/a><\/h3>            <div class=\"td-module-meta-info\">\r\n                                                <span class=\"td-post-date\"><time class=\"entry-date updated td-module-date\" datetime=\"2018-10-30T02:56:41+00:00\" >30 octubre, 2018<\/time><\/span>                            <\/div>\r\n        <\/div>\r\n\r\n        <\/div>\r\n\r\n        \n\t<\/div> <!-- .\/td-block-span12 --><\/div><div class=\"td-next-prev-wrap\"><a href=\"#\" class=\"td-ajax-prev-page ajax-page-disabled\" id=\"prev-page-td_uid_7_69f2522c1ab88\" data-td_block_id=\"td_uid_7_69f2522c1ab88\"><i class=\"td-icon-font td-icon-menu-left\"><\/i><\/a><a href=\"#\"  class=\"td-ajax-next-page\" id=\"next-page-td_uid_7_69f2522c1ab88\" data-td_block_id=\"td_uid_7_69f2522c1ab88\"><i class=\"td-icon-font td-icon-menu-right\"><\/i><\/a><\/div><\/div> <!-- .\/block --><div class=\"td_block_wrap td_block_4 td_uid_8_69f2522c1c347_rand td_with_ajax_pagination td-pb-border-top td_block_template_1 td-column-1 td_block_padding\"  data-td-block-uid=\"td_uid_8_69f2522c1c347\" ><script>var block_td_uid_8_69f2522c1c347 = new tdBlock();\nblock_td_uid_8_69f2522c1c347.id = \"td_uid_8_69f2522c1c347\";\nblock_td_uid_8_69f2522c1c347.atts = '{\"category_id\":\"\",\"limit\":\"3\",\"custom_title\":\"Latest reviews\",\"td_filter_default_txt\":\"All\",\"ajax_pagination\":\"next_prev\",\"sort\":\"random_posts\",\"separator\":\"\",\"custom_url\":\"\",\"block_template_id\":\"\",\"m2_tl\":\"\",\"m2_el\":\"\",\"post_ids\":\"\",\"category_ids\":\"\",\"tag_slug\":\"\",\"autors_id\":\"\",\"installed_post_types\":\"\",\"offset\":\"\",\"el_class\":\"\",\"td_ajax_filter_type\":\"\",\"td_ajax_filter_ids\":\"\",\"td_ajax_preloading\":\"\",\"f_header_font_header\":\"\",\"f_header_font_title\":\"Block header\",\"f_header_font_settings\":\"\",\"f_header_font_family\":\"\",\"f_header_font_size\":\"\",\"f_header_font_line_height\":\"\",\"f_header_font_style\":\"\",\"f_header_font_weight\":\"\",\"f_header_font_transform\":\"\",\"f_header_font_spacing\":\"\",\"f_header_\":\"\",\"f_ajax_font_title\":\"Ajax categories\",\"f_ajax_font_settings\":\"\",\"f_ajax_font_family\":\"\",\"f_ajax_font_size\":\"\",\"f_ajax_font_line_height\":\"\",\"f_ajax_font_style\":\"\",\"f_ajax_font_weight\":\"\",\"f_ajax_font_transform\":\"\",\"f_ajax_font_spacing\":\"\",\"f_ajax_\":\"\",\"f_more_font_title\":\"Load more button\",\"f_more_font_settings\":\"\",\"f_more_font_family\":\"\",\"f_more_font_size\":\"\",\"f_more_font_line_height\":\"\",\"f_more_font_style\":\"\",\"f_more_font_weight\":\"\",\"f_more_font_transform\":\"\",\"f_more_font_spacing\":\"\",\"f_more_\":\"\",\"m2f_title_font_header\":\"\",\"m2f_title_font_title\":\"Article title\",\"m2f_title_font_settings\":\"\",\"m2f_title_font_family\":\"\",\"m2f_title_font_size\":\"\",\"m2f_title_font_line_height\":\"\",\"m2f_title_font_style\":\"\",\"m2f_title_font_weight\":\"\",\"m2f_title_font_transform\":\"\",\"m2f_title_font_spacing\":\"\",\"m2f_title_\":\"\",\"m2f_cat_font_title\":\"Article category tag\",\"m2f_cat_font_settings\":\"\",\"m2f_cat_font_family\":\"\",\"m2f_cat_font_size\":\"\",\"m2f_cat_font_line_height\":\"\",\"m2f_cat_font_style\":\"\",\"m2f_cat_font_weight\":\"\",\"m2f_cat_font_transform\":\"\",\"m2f_cat_font_spacing\":\"\",\"m2f_cat_\":\"\",\"m2f_meta_font_title\":\"Article meta info\",\"m2f_meta_font_settings\":\"\",\"m2f_meta_font_family\":\"\",\"m2f_meta_font_size\":\"\",\"m2f_meta_font_line_height\":\"\",\"m2f_meta_font_style\":\"\",\"m2f_meta_font_weight\":\"\",\"m2f_meta_font_transform\":\"\",\"m2f_meta_font_spacing\":\"\",\"m2f_meta_\":\"\",\"m2f_ex_font_title\":\"Article excerpt\",\"m2f_ex_font_settings\":\"\",\"m2f_ex_font_family\":\"\",\"m2f_ex_font_size\":\"\",\"m2f_ex_font_line_height\":\"\",\"m2f_ex_font_style\":\"\",\"m2f_ex_font_weight\":\"\",\"m2f_ex_font_transform\":\"\",\"m2f_ex_font_spacing\":\"\",\"m2f_ex_\":\"\",\"ajax_pagination_infinite_stop\":\"\",\"css\":\"\",\"tdc_css\":\"\",\"td_column_number\":1,\"header_color\":\"\",\"color_preset\":\"\",\"border_top\":\"\",\"class\":\"td_uid_8_69f2522c1c347_rand\",\"tdc_css_class\":\"td_uid_8_69f2522c1c347_rand\",\"tdc_css_class_style\":\"td_uid_8_69f2522c1c347_rand_style\"}';\nblock_td_uid_8_69f2522c1c347.td_column_number = \"1\";\nblock_td_uid_8_69f2522c1c347.block_type = \"td_block_4\";\nblock_td_uid_8_69f2522c1c347.post_count = \"3\";\nblock_td_uid_8_69f2522c1c347.found_posts = \"47\";\nblock_td_uid_8_69f2522c1c347.header_color = \"\";\nblock_td_uid_8_69f2522c1c347.ajax_pagination_infinite_stop = \"\";\nblock_td_uid_8_69f2522c1c347.max_num_pages = \"16\";\ntdBlocksArray.push(block_td_uid_8_69f2522c1c347);\n<\/script><div class=\"td-block-title-wrap\"><h4 class=\"block-title td-block-title\"><span class=\"td-pulldown-size\">Latest reviews<\/span><\/h4><\/div><div id=td_uid_8_69f2522c1c347 class=\"td_block_inner\">\n\n\t<div class=\"td-block-span12\">\n\r\n        <div class=\"td_module_2 td_module_wrap td-animation-stack\">\r\n            <div class=\"td-module-image\">\r\n                <div class=\"td-module-thumb\"><a href=\"http:\/\/fundacionluisanderson.org\/index.php\/2018\/10\/30\/luis-anderson\/\" rel=\"bookmark\" class=\"td-image-wrap\" title=\"Luis Anderson\"><img loading=\"lazy\" decoding=\"async\" width=\"324\" height=\"160\" class=\"entry-thumb\" src=\"http:\/\/fundacionluisanderson.org\/wp-content\/uploads\/2018\/11\/Aniano-Pinzon-324x160.jpg\" alt=\"\" title=\"Luis Anderson\"\/><\/a><\/div>                <a href=\"http:\/\/fundacionluisanderson.org\/index.php\/category\/homenaje\/\" class=\"td-post-category\">Homenaje<\/a>            <\/div>\r\n            <h3 class=\"entry-title td-module-title\"><a href=\"http:\/\/fundacionluisanderson.org\/index.php\/2018\/10\/30\/luis-anderson\/\" rel=\"bookmark\" title=\"Luis Anderson\">Luis Anderson<\/a><\/h3>\r\n\r\n            <div class=\"td-module-meta-info\">\r\n                <span class=\"td-post-author-name\"><a href=\"http:\/\/fundacionluisanderson.org\/index.php\/author\/admin\/\">admin<\/a> <span>-<\/span> <\/span>                <span class=\"td-post-date\"><time class=\"entry-date updated td-module-date\" datetime=\"2018-10-30T02:56:41+00:00\" >30 octubre, 2018<\/time><\/span>                <div class=\"td-module-comments\"><a href=\"http:\/\/fundacionluisanderson.org\/index.php\/2018\/10\/30\/luis-anderson\/#respond\">0<\/a><\/div>            <\/div>\r\n\r\n\r\n            <div class=\"td-excerpt\">\r\n                Comenc\u00e9 a trabajar en la empresa Polymer a los 19 a\u00f1os con la cual labor\u00e9 por 42 a\u00f1os. Yo ven\u00eda de un pueblo que...            <\/div>\r\n\r\n            \r\n        <\/div>\r\n\r\n        \n\t<\/div> <!-- .\/td-block-span12 -->\n\n\t<div class=\"td-block-span12\">\n\r\n        <div class=\"td_module_2 td_module_wrap td-animation-stack\">\r\n            <div class=\"td-module-image\">\r\n                <div class=\"td-module-thumb\"><a href=\"http:\/\/fundacionluisanderson.org\/index.php\/2018\/10\/29\/luis-anderson-su-aporte-al-cambio-geopolitico-mundial-recuerdo-en-los-15-anos-de-su-partida\/\" rel=\"bookmark\" class=\"td-image-wrap\" title=\"Luis Anderson: Su aporte al cambio geopol\u00edtico mundial. \u00a1Recuerdo en los 15 a\u00f1os de su partida!\"><img loading=\"lazy\" decoding=\"async\" width=\"225\" height=\"160\" class=\"entry-thumb\" src=\"http:\/\/fundacionluisanderson.org\/wp-content\/uploads\/2018\/11\/Beethoven-225x160.jpg\" srcset=\"http:\/\/fundacionluisanderson.org\/wp-content\/uploads\/2018\/11\/Beethoven-225x160.jpg 225w, http:\/\/fundacionluisanderson.org\/wp-content\/uploads\/2018\/11\/Beethoven-100x70.jpg 100w\" sizes=\"(max-width: 225px) 100vw, 225px\" alt=\"\" title=\"Luis Anderson: Su aporte al cambio geopol\u00edtico mundial. \u00a1Recuerdo en los 15 a\u00f1os de su partida!\"\/><\/a><\/div>                <a href=\"http:\/\/fundacionluisanderson.org\/index.php\/category\/homenaje\/\" class=\"td-post-category\">Homenaje<\/a>            <\/div>\r\n            <h3 class=\"entry-title td-module-title\"><a href=\"http:\/\/fundacionluisanderson.org\/index.php\/2018\/10\/29\/luis-anderson-su-aporte-al-cambio-geopolitico-mundial-recuerdo-en-los-15-anos-de-su-partida\/\" rel=\"bookmark\" title=\"Luis Anderson: Su aporte al cambio geopol\u00edtico mundial. \u00a1Recuerdo en los 15 a\u00f1os de su partida!\">Luis Anderson: Su aporte al cambio geopol\u00edtico mundial. \u00a1Recuerdo en los...<\/a><\/h3>\r\n\r\n            <div class=\"td-module-meta-info\">\r\n                <span class=\"td-post-author-name\"><a href=\"http:\/\/fundacionluisanderson.org\/index.php\/author\/admin\/\">admin<\/a> <span>-<\/span> <\/span>                <span class=\"td-post-date\"><time class=\"entry-date updated td-module-date\" datetime=\"2018-10-29T00:13:28+00:00\" >29 octubre, 2018<\/time><\/span>                <div class=\"td-module-comments\"><a href=\"http:\/\/fundacionluisanderson.org\/index.php\/2018\/10\/29\/luis-anderson-su-aporte-al-cambio-geopolitico-mundial-recuerdo-en-los-15-anos-de-su-partida\/#respond\">0<\/a><\/div>            <\/div>\r\n\r\n\r\n            <div class=\"td-excerpt\">\r\n                1.-Un encuentro personal.\r\n\r\nYo hab\u00eda llegado a M\u00e9xico para iniciar mis estudios de Maestr\u00eda en econom\u00eda y pol\u00edtica internacional, y la ma\u00f1ana del 24 de...            <\/div>\r\n\r\n            \r\n        <\/div>\r\n\r\n        \n\t<\/div> <!-- .\/td-block-span12 -->\n\n\t<div class=\"td-block-span12\">\n\r\n        <div class=\"td_module_2 td_module_wrap td-animation-stack\">\r\n            <div class=\"td-module-image\">\r\n                <div class=\"td-module-thumb\"><a href=\"http:\/\/fundacionluisanderson.org\/index.php\/2018\/10\/30\/el-fracaso-de-la-muerte-que-no-borra-la-vida-de-luis\/\" rel=\"bookmark\" class=\"td-image-wrap\" title=\"El fracaso de la muerte que no borra la vida de Luis\"><img loading=\"lazy\" decoding=\"async\" width=\"218\" height=\"150\" class=\"entry-thumb\" src=\"http:\/\/fundacionluisanderson.org\/wp-content\/uploads\/2018\/10\/Antonio-Gutierrez_2-2.jpg\" srcset=\"http:\/\/fundacionluisanderson.org\/wp-content\/uploads\/2018\/10\/Antonio-Gutierrez_2-2.jpg 218w, http:\/\/fundacionluisanderson.org\/wp-content\/uploads\/2018\/10\/Antonio-Gutierrez_2-2-100x70.jpg 100w\" sizes=\"(max-width: 218px) 100vw, 218px\" alt=\"\" title=\"El fracaso de la muerte que no borra la vida de Luis\"\/><\/a><\/div>                <a href=\"http:\/\/fundacionluisanderson.org\/index.php\/category\/homenaje\/\" class=\"td-post-category\">Homenaje<\/a>            <\/div>\r\n            <h3 class=\"entry-title td-module-title\"><a href=\"http:\/\/fundacionluisanderson.org\/index.php\/2018\/10\/30\/el-fracaso-de-la-muerte-que-no-borra-la-vida-de-luis\/\" rel=\"bookmark\" title=\"El fracaso de la muerte que no borra la vida de Luis\">El fracaso de la muerte que no borra la vida de...<\/a><\/h3>\r\n\r\n            <div class=\"td-module-meta-info\">\r\n                <span class=\"td-post-author-name\"><a href=\"http:\/\/fundacionluisanderson.org\/index.php\/author\/admin\/\">admin<\/a> <span>-<\/span> <\/span>                <span class=\"td-post-date\"><time class=\"entry-date updated td-module-date\" datetime=\"2018-10-30T03:55:14+00:00\" >30 octubre, 2018<\/time><\/span>                <div class=\"td-module-comments\"><a href=\"http:\/\/fundacionluisanderson.org\/index.php\/2018\/10\/30\/el-fracaso-de-la-muerte-que-no-borra-la-vida-de-luis\/#respond\">0<\/a><\/div>            <\/div>\r\n\r\n\r\n            <div class=\"td-excerpt\">\r\n                A veces se te cruzan personas con las que intuyes coincidencias antes de intercambiar palabras. Pero cuando compruebas que se comparten pensamientos e inquietudes,...            <\/div>\r\n\r\n            \r\n        <\/div>\r\n\r\n        \n\t<\/div> <!-- .\/td-block-span12 --><\/div><div class=\"td-next-prev-wrap\"><a href=\"#\" class=\"td-ajax-prev-page ajax-page-disabled\" id=\"prev-page-td_uid_8_69f2522c1c347\" data-td_block_id=\"td_uid_8_69f2522c1c347\"><i class=\"td-icon-font td-icon-menu-left\"><\/i><\/a><a href=\"#\"  class=\"td-ajax-next-page\" id=\"next-page-td_uid_8_69f2522c1c347\" data-td_block_id=\"td_uid_8_69f2522c1c347\"><i class=\"td-icon-font td-icon-menu-right\"><\/i><\/a><\/div><\/div> <!-- .\/block -->[\/vc_column][\/vc_row][vc_row full_width=\u00bb\u00bb parallax=\u00bb\u00bb parallax_image=\u00bb\u00bb][vc_column width=\u00bb1\/1&#8243;]<div class=\"td-a-rec td-a-rec-id-custom_ad_1  td_uid_9_69f2522c1d585_rand td_block_template_1\"><div class=\"td-all-devices\"><a href=\"#\" target=\"_blank\"><img decoding=\"async\" src=\"http:\/\/nastacloud.com\/demo\/fundacionluisanderson\/wp-content\/uploads\/2018\/10\/newspaper-rec728.jpg\"\/><\/a><\/div><\/div><div class=\"td_block_wrap td_block_3 td_uid_10_69f2522c1d6cf_rand td_with_ajax_pagination td-pb-border-top td_block_template_1 td-column-1 td_block_padding\"  data-td-block-uid=\"td_uid_10_69f2522c1d6cf\" ><script>var block_td_uid_10_69f2522c1d6cf = new tdBlock();\nblock_td_uid_10_69f2522c1d6cf.id = \"td_uid_10_69f2522c1d6cf\";\nblock_td_uid_10_69f2522c1d6cf.atts = '{\"limit\":\"9\",\"custom_title\":\"More News\",\"td_filter_default_txt\":\"All\",\"ajax_pagination\":\"infinite\",\"ajax_pagination_infinite_stop\":\"1\",\"offset\":\"\",\"sort\":\"random_posts\",\"separator\":\"\",\"custom_url\":\"\",\"block_template_id\":\"\",\"m1_tl\":\"\",\"post_ids\":\"\",\"category_id\":\"\",\"category_ids\":\"\",\"tag_slug\":\"\",\"autors_id\":\"\",\"installed_post_types\":\"\",\"el_class\":\"\",\"td_ajax_filter_type\":\"\",\"td_ajax_filter_ids\":\"\",\"td_ajax_preloading\":\"\",\"f_header_font_header\":\"\",\"f_header_font_title\":\"Block header\",\"f_header_font_settings\":\"\",\"f_header_font_family\":\"\",\"f_header_font_size\":\"\",\"f_header_font_line_height\":\"\",\"f_header_font_style\":\"\",\"f_header_font_weight\":\"\",\"f_header_font_transform\":\"\",\"f_header_font_spacing\":\"\",\"f_header_\":\"\",\"f_ajax_font_title\":\"Ajax categories\",\"f_ajax_font_settings\":\"\",\"f_ajax_font_family\":\"\",\"f_ajax_font_size\":\"\",\"f_ajax_font_line_height\":\"\",\"f_ajax_font_style\":\"\",\"f_ajax_font_weight\":\"\",\"f_ajax_font_transform\":\"\",\"f_ajax_font_spacing\":\"\",\"f_ajax_\":\"\",\"f_more_font_title\":\"Load more button\",\"f_more_font_settings\":\"\",\"f_more_font_family\":\"\",\"f_more_font_size\":\"\",\"f_more_font_line_height\":\"\",\"f_more_font_style\":\"\",\"f_more_font_weight\":\"\",\"f_more_font_transform\":\"\",\"f_more_font_spacing\":\"\",\"f_more_\":\"\",\"m1f_title_font_header\":\"\",\"m1f_title_font_title\":\"Article title\",\"m1f_title_font_settings\":\"\",\"m1f_title_font_family\":\"\",\"m1f_title_font_size\":\"\",\"m1f_title_font_line_height\":\"\",\"m1f_title_font_style\":\"\",\"m1f_title_font_weight\":\"\",\"m1f_title_font_transform\":\"\",\"m1f_title_font_spacing\":\"\",\"m1f_title_\":\"\",\"m1f_cat_font_title\":\"Article category tag\",\"m1f_cat_font_settings\":\"\",\"m1f_cat_font_family\":\"\",\"m1f_cat_font_size\":\"\",\"m1f_cat_font_line_height\":\"\",\"m1f_cat_font_style\":\"\",\"m1f_cat_font_weight\":\"\",\"m1f_cat_font_transform\":\"\",\"m1f_cat_font_spacing\":\"\",\"m1f_cat_\":\"\",\"m1f_meta_font_title\":\"Article meta info\",\"m1f_meta_font_settings\":\"\",\"m1f_meta_font_family\":\"\",\"m1f_meta_font_size\":\"\",\"m1f_meta_font_line_height\":\"\",\"m1f_meta_font_style\":\"\",\"m1f_meta_font_weight\":\"\",\"m1f_meta_font_transform\":\"\",\"m1f_meta_font_spacing\":\"\",\"m1f_meta_\":\"\",\"css\":\"\",\"tdc_css\":\"\",\"td_column_number\":1,\"header_color\":\"\",\"color_preset\":\"\",\"border_top\":\"\",\"class\":\"td_uid_10_69f2522c1d6cf_rand\",\"tdc_css_class\":\"td_uid_10_69f2522c1d6cf_rand\",\"tdc_css_class_style\":\"td_uid_10_69f2522c1d6cf_rand_style\"}';\nblock_td_uid_10_69f2522c1d6cf.td_column_number = \"1\";\nblock_td_uid_10_69f2522c1d6cf.block_type = \"td_block_3\";\nblock_td_uid_10_69f2522c1d6cf.post_count = \"9\";\nblock_td_uid_10_69f2522c1d6cf.found_posts = \"47\";\nblock_td_uid_10_69f2522c1d6cf.header_color = \"\";\nblock_td_uid_10_69f2522c1d6cf.ajax_pagination_infinite_stop = \"1\";\nblock_td_uid_10_69f2522c1d6cf.max_num_pages = \"6\";\ntdBlocksArray.push(block_td_uid_10_69f2522c1d6cf);\n<\/script><div class=\"td-block-title-wrap\"><h4 class=\"block-title td-block-title\"><span class=\"td-pulldown-size\">More News<\/span><\/h4><\/div><div id=td_uid_10_69f2522c1d6cf class=\"td_block_inner\">\n\n\t<div class=\"td-block-span12\">\n\r\n        <div class=\"td_module_1 td_module_wrap td-animation-stack\">\r\n            <div class=\"td-module-image\">\r\n                <div class=\"td-module-thumb\"><a href=\"http:\/\/fundacionluisanderson.org\/index.php\/2018\/10\/30\/307\/\" rel=\"bookmark\" class=\"td-image-wrap\" title=\"Algunas an\u00e9cdotas\"><img loading=\"lazy\" decoding=\"async\" width=\"324\" height=\"160\" class=\"entry-thumb\" src=\"http:\/\/fundacionluisanderson.org\/wp-content\/uploads\/2018\/11\/AnaNitoslaska-324x160.jpg\" srcset=\"http:\/\/fundacionluisanderson.org\/wp-content\/uploads\/2018\/11\/AnaNitoslaska-324x160.jpg 324w, http:\/\/fundacionluisanderson.org\/wp-content\/uploads\/2018\/11\/AnaNitoslaska-533x261.jpg 533w\" sizes=\"(max-width: 324px) 100vw, 324px\" alt=\"\" title=\"Algunas an\u00e9cdotas\"\/><\/a><\/div>                <a href=\"http:\/\/fundacionluisanderson.org\/index.php\/category\/homenaje\/\" class=\"td-post-category\">Homenaje<\/a>            <\/div>\r\n            <h3 class=\"entry-title td-module-title\"><a href=\"http:\/\/fundacionluisanderson.org\/index.php\/2018\/10\/30\/307\/\" rel=\"bookmark\" title=\"Algunas an\u00e9cdotas\">Algunas an\u00e9cdotas<\/a><\/h3>\r\n            <div class=\"td-module-meta-info\">\r\n                <span class=\"td-post-author-name\"><a href=\"http:\/\/fundacionluisanderson.org\/index.php\/author\/admin\/\">admin<\/a> <span>-<\/span> <\/span>                <span class=\"td-post-date\"><time class=\"entry-date updated td-module-date\" datetime=\"2018-10-30T02:22:08+00:00\" >30 octubre, 2018<\/time><\/span>                <div class=\"td-module-comments\"><a href=\"http:\/\/fundacionluisanderson.org\/index.php\/2018\/10\/30\/307\/#respond\">0<\/a><\/div>            <\/div>\r\n\r\n            \r\n        <\/div>\r\n\r\n        \n\t<\/div> <!-- .\/td-block-span12 -->\n\n\t<div class=\"td-block-span12\">\n\r\n        <div class=\"td_module_1 td_module_wrap td-animation-stack\">\r\n            <div class=\"td-module-image\">\r\n                <div class=\"td-module-thumb\"><a href=\"http:\/\/fundacionluisanderson.org\/index.php\/2019\/12\/10\/conferencia-magistral-la-historia-de-la-oit-desde-una-vision-americana\/\" rel=\"bookmark\" class=\"td-image-wrap\" title=\"Conferencia Magistral, \u201cLa historia de la OIT desde una visi\u00f3n americana\u201d\"><img loading=\"lazy\" decoding=\"async\" width=\"324\" height=\"160\" class=\"entry-thumb\" src=\"http:\/\/fundacionluisanderson.org\/wp-content\/uploads\/2019\/12\/2-324x160.jpeg\" srcset=\"http:\/\/fundacionluisanderson.org\/wp-content\/uploads\/2019\/12\/2-324x160.jpeg 324w, http:\/\/fundacionluisanderson.org\/wp-content\/uploads\/2019\/12\/2-533x261.jpeg 533w\" sizes=\"(max-width: 324px) 100vw, 324px\" alt=\"\" title=\"Conferencia Magistral, \u201cLa historia de la OIT desde una visi\u00f3n americana\u201d\"\/><\/a><\/div>                <a href=\"http:\/\/fundacionluisanderson.org\/index.php\/category\/eventos\/\" class=\"td-post-category\">Eventos<\/a>            <\/div>\r\n            <h3 class=\"entry-title td-module-title\"><a href=\"http:\/\/fundacionluisanderson.org\/index.php\/2019\/12\/10\/conferencia-magistral-la-historia-de-la-oit-desde-una-vision-americana\/\" rel=\"bookmark\" title=\"Conferencia Magistral, \u201cLa historia de la OIT desde una visi\u00f3n americana\u201d\">Conferencia Magistral, \u201cLa historia de la OIT desde una visi\u00f3n americana\u201d<\/a><\/h3>\r\n            <div class=\"td-module-meta-info\">\r\n                <span class=\"td-post-author-name\"><a href=\"http:\/\/fundacionluisanderson.org\/index.php\/author\/fundacion\/\">Fundacion Luis Anderson<\/a> <span>-<\/span> <\/span>                <span class=\"td-post-date\"><time class=\"entry-date updated td-module-date\" datetime=\"2019-12-10T17:21:49+00:00\" >10 diciembre, 2019<\/time><\/span>                <div class=\"td-module-comments\"><a href=\"http:\/\/fundacionluisanderson.org\/index.php\/2019\/12\/10\/conferencia-magistral-la-historia-de-la-oit-desde-una-vision-americana\/#respond\">0<\/a><\/div>            <\/div>\r\n\r\n            \r\n        <\/div>\r\n\r\n        \n\t<\/div> <!-- .\/td-block-span12 -->\n\n\t<div class=\"td-block-span12\">\n\r\n        <div class=\"td_module_1 td_module_wrap td-animation-stack\">\r\n            <div class=\"td-module-image\">\r\n                <div class=\"td-module-thumb\"><a href=\"http:\/\/fundacionluisanderson.org\/index.php\/2018\/10\/30\/el-mas-grande-legado-de-luis-anderson\/\" rel=\"bookmark\" class=\"td-image-wrap\" title=\"El m\u00e1s grande legado de Luis Anderson\"><img loading=\"lazy\" decoding=\"async\" width=\"324\" height=\"160\" class=\"entry-thumb\" src=\"http:\/\/fundacionluisanderson.org\/wp-content\/uploads\/2018\/11\/GilbertBrown-324x160.jpg\" srcset=\"http:\/\/fundacionluisanderson.org\/wp-content\/uploads\/2018\/11\/GilbertBrown-324x160.jpg 324w, http:\/\/fundacionluisanderson.org\/wp-content\/uploads\/2018\/11\/GilbertBrown-533x261.jpg 533w\" sizes=\"(max-width: 324px) 100vw, 324px\" alt=\"\" title=\"El m\u00e1s grande legado de Luis Anderson\"\/><\/a><\/div>                <a href=\"http:\/\/fundacionluisanderson.org\/index.php\/category\/homenaje\/\" class=\"td-post-category\">Homenaje<\/a>            <\/div>\r\n            <h3 class=\"entry-title td-module-title\"><a href=\"http:\/\/fundacionluisanderson.org\/index.php\/2018\/10\/30\/el-mas-grande-legado-de-luis-anderson\/\" rel=\"bookmark\" title=\"El m\u00e1s grande legado de Luis Anderson\">El m\u00e1s grande legado de Luis Anderson<\/a><\/h3>\r\n            <div class=\"td-module-meta-info\">\r\n                <span class=\"td-post-author-name\"><a href=\"http:\/\/fundacionluisanderson.org\/index.php\/author\/admin\/\">admin<\/a> <span>-<\/span> <\/span>                <span class=\"td-post-date\"><time class=\"entry-date updated td-module-date\" datetime=\"2018-10-30T02:59:14+00:00\" >30 octubre, 2018<\/time><\/span>                <div class=\"td-module-comments\"><a href=\"http:\/\/fundacionluisanderson.org\/index.php\/2018\/10\/30\/el-mas-grande-legado-de-luis-anderson\/#respond\">0<\/a><\/div>            <\/div>\r\n\r\n            \r\n        <\/div>\r\n\r\n        \n\t<\/div> <!-- .\/td-block-span12 -->\n\n\t<div class=\"td-block-span12\">\n\r\n        <div class=\"td_module_1 td_module_wrap td-animation-stack\">\r\n            <div class=\"td-module-image\">\r\n                <div class=\"td-module-thumb\"><a href=\"http:\/\/fundacionluisanderson.org\/index.php\/2018\/10\/30\/luis-alejandro-anderson-mcneill-un-hombre-que-dejo-huella\/\" rel=\"bookmark\" class=\"td-image-wrap\" title=\"Luis Alejandro Anderson McNeill: un hombre que dej\u00f3 huella\"><img loading=\"lazy\" decoding=\"async\" width=\"324\" height=\"160\" class=\"entry-thumb\" src=\"http:\/\/fundacionluisanderson.org\/wp-content\/uploads\/2018\/10\/Foto.CarlosRodriguez2-324x160.jpg\" srcset=\"http:\/\/fundacionluisanderson.org\/wp-content\/uploads\/2018\/10\/Foto.CarlosRodriguez2-324x160.jpg 324w, http:\/\/fundacionluisanderson.org\/wp-content\/uploads\/2018\/10\/Foto.CarlosRodriguez2-533x261.jpg 533w\" sizes=\"(max-width: 324px) 100vw, 324px\" alt=\"\" title=\"Luis Alejandro Anderson McNeill: un hombre que dej\u00f3 huella\"\/><\/a><\/div>                <a href=\"http:\/\/fundacionluisanderson.org\/index.php\/category\/homenaje\/\" class=\"td-post-category\">Homenaje<\/a>            <\/div>\r\n            <h3 class=\"entry-title td-module-title\"><a href=\"http:\/\/fundacionluisanderson.org\/index.php\/2018\/10\/30\/luis-alejandro-anderson-mcneill-un-hombre-que-dejo-huella\/\" rel=\"bookmark\" title=\"Luis Alejandro Anderson McNeill: un hombre que dej\u00f3 huella\">Luis Alejandro Anderson McNeill: un hombre que dej\u00f3 huella<\/a><\/h3>\r\n            <div class=\"td-module-meta-info\">\r\n                <span class=\"td-post-author-name\"><a href=\"http:\/\/fundacionluisanderson.org\/index.php\/author\/admin\/\">admin<\/a> <span>-<\/span> <\/span>                <span class=\"td-post-date\"><time class=\"entry-date updated td-module-date\" datetime=\"2018-10-30T03:21:17+00:00\" >30 octubre, 2018<\/time><\/span>                <div class=\"td-module-comments\"><a href=\"http:\/\/fundacionluisanderson.org\/index.php\/2018\/10\/30\/luis-alejandro-anderson-mcneill-un-hombre-que-dejo-huella\/#respond\">0<\/a><\/div>            <\/div>\r\n\r\n            \r\n        <\/div>\r\n\r\n        \n\t<\/div> <!-- .\/td-block-span12 -->\n\n\t<div class=\"td-block-span12\">\n\r\n        <div class=\"td_module_1 td_module_wrap td-animation-stack\">\r\n            <div class=\"td-module-image\">\r\n                <div class=\"td-module-thumb\"><a href=\"http:\/\/fundacionluisanderson.org\/index.php\/2019\/04\/09\/convocatoria-a-la-reunion-2019-de-patronato-de-la-fundacion-luis-anderson\/\" rel=\"bookmark\" class=\"td-image-wrap\" title=\"Convocatoria a la Reunion 2019 de Patronato de la Fundaci\u00f3n Luis Anderson\"><img loading=\"lazy\" decoding=\"async\" width=\"324\" height=\"160\" class=\"entry-thumb\" src=\"http:\/\/fundacionluisanderson.org\/wp-content\/uploads\/2018\/11\/LOGO-FLA-FINAL-01-324x160.png\" srcset=\"http:\/\/fundacionluisanderson.org\/wp-content\/uploads\/2018\/11\/LOGO-FLA-FINAL-01-324x160.png 324w, http:\/\/fundacionluisanderson.org\/wp-content\/uploads\/2018\/11\/LOGO-FLA-FINAL-01-533x261.png 533w\" sizes=\"(max-width: 324px) 100vw, 324px\" alt=\"\" title=\"Convocatoria a la Reunion 2019 de Patronato de la Fundaci\u00f3n Luis Anderson\"\/><\/a><\/div>                <a href=\"http:\/\/fundacionluisanderson.org\/index.php\/category\/eventos\/\" class=\"td-post-category\">Eventos<\/a>            <\/div>\r\n            <h3 class=\"entry-title td-module-title\"><a href=\"http:\/\/fundacionluisanderson.org\/index.php\/2019\/04\/09\/convocatoria-a-la-reunion-2019-de-patronato-de-la-fundacion-luis-anderson\/\" rel=\"bookmark\" title=\"Convocatoria a la Reunion 2019 de Patronato de la Fundaci\u00f3n Luis Anderson\">Convocatoria a la Reunion 2019 de Patronato de la Fundaci\u00f3n Luis...<\/a><\/h3>\r\n            <div class=\"td-module-meta-info\">\r\n                <span class=\"td-post-author-name\"><a href=\"http:\/\/fundacionluisanderson.org\/index.php\/author\/fundacion\/\">Fundacion Luis Anderson<\/a> <span>-<\/span> <\/span>                <span class=\"td-post-date\"><time class=\"entry-date updated td-module-date\" datetime=\"2019-04-09T15:46:04+00:00\" >9 abril, 2019<\/time><\/span>                <div class=\"td-module-comments\"><a href=\"http:\/\/fundacionluisanderson.org\/index.php\/2019\/04\/09\/convocatoria-a-la-reunion-2019-de-patronato-de-la-fundacion-luis-anderson\/#respond\">0<\/a><\/div>            <\/div>\r\n\r\n            \r\n        <\/div>\r\n\r\n        \n\t<\/div> <!-- .\/td-block-span12 -->\n\n\t<div class=\"td-block-span12\">\n\r\n        <div class=\"td_module_1 td_module_wrap td-animation-stack\">\r\n            <div class=\"td-module-image\">\r\n                <div class=\"td-module-thumb\"><a href=\"http:\/\/fundacionluisanderson.org\/index.php\/2018\/11\/21\/luis-anderson-mcneill\/\" rel=\"bookmark\" class=\"td-image-wrap\" title=\"Luis Anderson McNeill\"><img loading=\"lazy\" decoding=\"async\" width=\"161\" height=\"160\" class=\"entry-thumb\" src=\"http:\/\/fundacionluisanderson.org\/wp-content\/uploads\/2018\/11\/Jos\u00e9-Joaqu\u00edn-Mel\u00e9ndez-161x160.jpg\" srcset=\"http:\/\/fundacionluisanderson.org\/wp-content\/uploads\/2018\/11\/Jos\u00e9-Joaqu\u00edn-Mel\u00e9ndez-161x160.jpg 161w, http:\/\/fundacionluisanderson.org\/wp-content\/uploads\/2018\/11\/Jos\u00e9-Joaqu\u00edn-Mel\u00e9ndez-150x150.jpg 150w\" sizes=\"(max-width: 161px) 100vw, 161px\" alt=\"\" title=\"Luis Anderson McNeill\"\/><\/a><\/div>                <a href=\"http:\/\/fundacionluisanderson.org\/index.php\/category\/homenaje\/\" class=\"td-post-category\">Homenaje<\/a>            <\/div>\r\n            <h3 class=\"entry-title td-module-title\"><a href=\"http:\/\/fundacionluisanderson.org\/index.php\/2018\/11\/21\/luis-anderson-mcneill\/\" rel=\"bookmark\" title=\"Luis Anderson McNeill\">Luis Anderson McNeill<\/a><\/h3>\r\n            <div class=\"td-module-meta-info\">\r\n                <span class=\"td-post-author-name\"><a href=\"http:\/\/fundacionluisanderson.org\/index.php\/author\/fundacion\/\">Fundacion Luis Anderson<\/a> <span>-<\/span> <\/span>                <span class=\"td-post-date\"><time class=\"entry-date updated td-module-date\" datetime=\"2018-11-21T03:51:07+00:00\" >21 noviembre, 2018<\/time><\/span>                <div class=\"td-module-comments\"><a href=\"http:\/\/fundacionluisanderson.org\/index.php\/2018\/11\/21\/luis-anderson-mcneill\/#respond\">0<\/a><\/div>            <\/div>\r\n\r\n            \r\n        <\/div>\r\n\r\n        \n\t<\/div> <!-- .\/td-block-span12 -->\n\n\t<div class=\"td-block-span12\">\n\r\n        <div class=\"td_module_1 td_module_wrap td-animation-stack\">\r\n            <div class=\"td-module-image\">\r\n                <div class=\"td-module-thumb\"><a href=\"http:\/\/fundacionluisanderson.org\/index.php\/2018\/10\/30\/en-memoria-de-luis-a-anderson-mac-neill-a-15-anos-de-su-fallecimiento\/\" rel=\"bookmark\" class=\"td-image-wrap\" title=\"En Memoria De Luis A. Anderson Mac Neill  A 15 A\u00f1os De Su Fallecimiento\"><img loading=\"lazy\" decoding=\"async\" width=\"270\" height=\"160\" class=\"entry-thumb\" src=\"http:\/\/fundacionluisanderson.org\/wp-content\/uploads\/2018\/10\/EDUARDO-RODRIGUEZ-270x160.jpg\" alt=\"\" title=\"En Memoria De Luis A. Anderson Mac Neill  A 15 A\u00f1os De Su Fallecimiento\"\/><\/a><\/div>                <a href=\"http:\/\/fundacionluisanderson.org\/index.php\/category\/homenaje\/\" class=\"td-post-category\">Homenaje<\/a>            <\/div>\r\n            <h3 class=\"entry-title td-module-title\"><a href=\"http:\/\/fundacionluisanderson.org\/index.php\/2018\/10\/30\/en-memoria-de-luis-a-anderson-mac-neill-a-15-anos-de-su-fallecimiento\/\" rel=\"bookmark\" title=\"En Memoria De Luis A. Anderson Mac Neill  A 15 A\u00f1os De Su Fallecimiento\">En Memoria De Luis A. Anderson Mac Neill  A 15...<\/a><\/h3>\r\n            <div class=\"td-module-meta-info\">\r\n                <span class=\"td-post-author-name\"><a href=\"http:\/\/fundacionluisanderson.org\/index.php\/author\/admin\/\">admin<\/a> <span>-<\/span> <\/span>                <span class=\"td-post-date\"><time class=\"entry-date updated td-module-date\" datetime=\"2018-10-30T04:14:58+00:00\" >30 octubre, 2018<\/time><\/span>                <div class=\"td-module-comments\"><a href=\"http:\/\/fundacionluisanderson.org\/index.php\/2018\/10\/30\/en-memoria-de-luis-a-anderson-mac-neill-a-15-anos-de-su-fallecimiento\/#respond\">0<\/a><\/div>            <\/div>\r\n\r\n            \r\n        <\/div>\r\n\r\n        \n\t<\/div> <!-- .\/td-block-span12 -->\n\n\t<div class=\"td-block-span12\">\n\r\n        <div class=\"td_module_1 td_module_wrap td-animation-stack\">\r\n            <div class=\"td-module-image\">\r\n                <div class=\"td-module-thumb\"><a href=\"http:\/\/fundacionluisanderson.org\/index.php\/2018\/10\/30\/homenaje-a-luis-anderson\/\" rel=\"bookmark\" class=\"td-image-wrap\" title=\"Homenaje a Luis Anderson\"><img loading=\"lazy\" decoding=\"async\" width=\"169\" height=\"160\" class=\"entry-thumb\" src=\"http:\/\/fundacionluisanderson.org\/wp-content\/uploads\/2018\/11\/StanleyGacek.png\" srcset=\"http:\/\/fundacionluisanderson.org\/wp-content\/uploads\/2018\/11\/StanleyGacek.png 714w, http:\/\/fundacionluisanderson.org\/wp-content\/uploads\/2018\/11\/StanleyGacek-300x284.png 300w, http:\/\/fundacionluisanderson.org\/wp-content\/uploads\/2018\/11\/StanleyGacek-696x660.png 696w, http:\/\/fundacionluisanderson.org\/wp-content\/uploads\/2018\/11\/StanleyGacek-443x420.png 443w\" sizes=\"(max-width: 169px) 100vw, 169px\" alt=\"\" title=\"Homenaje a Luis Anderson\"\/><\/a><\/div>                <a href=\"http:\/\/fundacionluisanderson.org\/index.php\/category\/homenaje\/\" class=\"td-post-category\">Homenaje<\/a>            <\/div>\r\n            <h3 class=\"entry-title td-module-title\"><a href=\"http:\/\/fundacionluisanderson.org\/index.php\/2018\/10\/30\/homenaje-a-luis-anderson\/\" rel=\"bookmark\" title=\"Homenaje a Luis Anderson\">Homenaje a Luis Anderson<\/a><\/h3>\r\n            <div class=\"td-module-meta-info\">\r\n                <span class=\"td-post-author-name\"><a href=\"http:\/\/fundacionluisanderson.org\/index.php\/author\/admin\/\">admin<\/a> <span>-<\/span> <\/span>                <span class=\"td-post-date\"><time class=\"entry-date updated td-module-date\" datetime=\"2018-10-30T03:59:19+00:00\" >30 octubre, 2018<\/time><\/span>                <div class=\"td-module-comments\"><a href=\"http:\/\/fundacionluisanderson.org\/index.php\/2018\/10\/30\/homenaje-a-luis-anderson\/#respond\">0<\/a><\/div>            <\/div>\r\n\r\n            \r\n        <\/div>\r\n\r\n        \n\t<\/div> <!-- .\/td-block-span12 -->\n\n\t<div class=\"td-block-span12\">\n\r\n        <div class=\"td_module_1 td_module_wrap td-animation-stack\">\r\n            <div class=\"td-module-image\">\r\n                <div class=\"td-module-thumb\"><a href=\"http:\/\/fundacionluisanderson.org\/index.php\/2018\/10\/29\/luis-anderson-de-dirigente-sindical-de-la-ctrp-a-ministro-de-trabajo\/\" rel=\"bookmark\" class=\"td-image-wrap\" title=\"Luis Anderson de dirigente sindical de la CTRP a Ministro de Trabajo\"><img loading=\"lazy\" decoding=\"async\" width=\"324\" height=\"160\" class=\"entry-thumb\" src=\"http:\/\/fundacionluisanderson.org\/wp-content\/uploads\/2018\/11\/MiguelDelCid_final-324x160.jpg\" srcset=\"http:\/\/fundacionluisanderson.org\/wp-content\/uploads\/2018\/11\/MiguelDelCid_final-324x160.jpg 324w, http:\/\/fundacionluisanderson.org\/wp-content\/uploads\/2018\/11\/MiguelDelCid_final-533x261.jpg 533w\" sizes=\"(max-width: 324px) 100vw, 324px\" alt=\"\" title=\"Luis Anderson de dirigente sindical de la CTRP a Ministro de Trabajo\"\/><\/a><\/div>                <a href=\"http:\/\/fundacionluisanderson.org\/index.php\/category\/homenaje\/\" class=\"td-post-category\">Homenaje<\/a>            <\/div>\r\n            <h3 class=\"entry-title td-module-title\"><a href=\"http:\/\/fundacionluisanderson.org\/index.php\/2018\/10\/29\/luis-anderson-de-dirigente-sindical-de-la-ctrp-a-ministro-de-trabajo\/\" rel=\"bookmark\" title=\"Luis Anderson de dirigente sindical de la CTRP a Ministro de Trabajo\">Luis Anderson de dirigente sindical de la CTRP a Ministro de...<\/a><\/h3>\r\n            <div class=\"td-module-meta-info\">\r\n                <span class=\"td-post-author-name\"><a href=\"http:\/\/fundacionluisanderson.org\/index.php\/author\/admin\/\">admin<\/a> <span>-<\/span> <\/span>                <span class=\"td-post-date\"><time class=\"entry-date updated td-module-date\" datetime=\"2018-10-29T00:10:23+00:00\" >29 octubre, 2018<\/time><\/span>                <div class=\"td-module-comments\"><a href=\"http:\/\/fundacionluisanderson.org\/index.php\/2018\/10\/29\/luis-anderson-de-dirigente-sindical-de-la-ctrp-a-ministro-de-trabajo\/#respond\">0<\/a><\/div>            <\/div>\r\n\r\n            \r\n        <\/div>\r\n\r\n        \n\t<\/div> <!-- .\/td-block-span12 --><\/div><div class=\"td_ajax_infinite\" id=\"next-page-td_uid_10_69f2522c1d6cf\" data-td_block_id=\"td_uid_10_69f2522c1d6cf\"> <\/div><div class=\"td-load-more-wrap td-load-more-infinite-wrap\" id=\"infinite-lm-td_uid_10_69f2522c1d6cf\"><a href=\"#\" class=\"td_ajax_load_more td_ajax_load_more_js\" id=\"next-page-td_uid_10_69f2522c1d6cf\" data-td_block_id=\"td_uid_10_69f2522c1d6cf\">Cargar m\u00e1s<i class=\"td-icon-font td-icon-menu-down\"><\/i><\/a><\/div><\/div> <!-- .\/block -->[\/vc_column][\/vc_row]<\/p>\n","protected":false},"excerpt":{"rendered":"<p>[vc_row full_width=\u00bb\u00bb parallax=\u00bb\u00bb parallax_image=\u00bb\u00bb][vc_column width=\u00bb1\/1&#8243;][\/vc_column][\/vc_row][vc_row full_width=\u00bb\u00bb parallax=\u00bb\u00bb parallax_image=\u00bb\u00bb][vc_column width=\u00bb2\/3&#8243;][\/vc_column][vc_column width=\u00bb1\/3&#8243;][td_block_social_counter facebook=\u00bbenvato\u00bb twitter=\u00bbenvato\u00bb youtube=\u00bbenvato\u00bb][\/vc_column][\/vc_row][vc_row full_width=\u00bb\u00bb parallax=\u00bb\u00bb parallax_image=\u00bb\u00bb][vc_column width=\u00bb1\/1&#8243;][\/vc_column][\/vc_row]<\/p>\n","protected":false},"author":1,"featured_media":0,"parent":0,"menu_order":0,"comment_status":"open","ping_status":"closed","template":"","meta":{"footnotes":""},"_links":{"self":[{"href":"http:\/\/fundacionluisanderson.org\/index.php\/wp-json\/wp\/v2\/pages\/55"}],"collection":[{"href":"http:\/\/fundacionluisanderson.org\/index.php\/wp-json\/wp\/v2\/pages"}],"about":[{"href":"http:\/\/fundacionluisanderson.org\/index.php\/wp-json\/wp\/v2\/types\/page"}],"author":[{"embeddable":true,"href":"http:\/\/fundacionluisanderson.org\/index.php\/wp-json\/wp\/v2\/users\/1"}],"replies":[{"embeddable":true,"href":"http:\/\/fundacionluisanderson.org\/index.php\/wp-json\/wp\/v2\/comments?post=55"}],"version-history":[{"count":0,"href":"http:\/\/fundacionluisanderson.org\/index.php\/wp-json\/wp\/v2\/pages\/55\/revisions"}],"wp:attachment":[{"href":"http:\/\/fundacionluisanderson.org\/index.php\/wp-json\/wp\/v2\/media?parent=55"}],"curies":[{"name":"wp","href":"https:\/\/api.w.org\/{rel}","templated":true}]}}