{"id":51,"date":"2018-10-16T21:58:53","date_gmt":"2018-10-16T21:58:53","guid":{"rendered":"http:\/\/td_uid_9_5bc65f1d0a1a8"},"modified":"2018-10-16T21:58:53","modified_gmt":"2018-10-16T21:58:53","slug":"homepage-infinite-scroll","status":"publish","type":"page","link":"http:\/\/fundacionluisanderson.org\/index.php\/homepage-infinite-scroll\/","title":{"rendered":"Homepage &#8211; Infinite Scroll"},"content":{"rendered":"<p>[vc_row full_width=\u00bb\u00bb parallax=\u00bb\u00bb parallax_image=\u00bb\u00bb][vc_column width=\u00bb1\/1&#8243;]<div class=\"td_block_wrap td_block_trending_now td_uid_1_69f5dac773ba6_rand td-pb-border-top td_block_template_1\"  data-td-block-uid=\"td_uid_1_69f5dac773ba6\" ><script>var block_td_uid_1_69f5dac773ba6 = new tdBlock();\nblock_td_uid_1_69f5dac773ba6.id = \"td_uid_1_69f5dac773ba6\";\nblock_td_uid_1_69f5dac773ba6.atts = '{\"limit\":\"5\",\"navigation\":\"\",\"style\":\"\",\"separator\":\"\",\"post_ids\":\"\",\"category_id\":\"\",\"category_ids\":\"\",\"tag_slug\":\"\",\"autors_id\":\"\",\"installed_post_types\":\"\",\"sort\":\"\",\"offset\":\"\",\"el_class\":\"\",\"header_text_color\":\"\",\"header_color\":\"\",\"articles_color\":\"\",\"next_prev_color\":\"\",\"next_prev_border_color\":\"\",\"f_title_font_header\":\"\",\"f_title_font_title\":\"Block title\",\"f_title_font_settings\":\"\",\"f_title_font_family\":\"\",\"f_title_font_size\":\"\",\"f_title_font_line_height\":\"\",\"f_title_font_style\":\"\",\"f_title_font_weight\":\"\",\"f_title_font_transform\":\"\",\"f_title_font_spacing\":\"\",\"f_title_\":\"\",\"f_article_font_title\":\"Articles title\",\"f_article_font_settings\":\"\",\"f_article_font_family\":\"\",\"f_article_font_size\":\"\",\"f_article_font_line_height\":\"\",\"f_article_font_style\":\"\",\"f_article_font_weight\":\"\",\"f_article_font_transform\":\"\",\"f_article_font_spacing\":\"\",\"f_article_\":\"\",\"css\":\"\",\"tdc_css\":\"\",\"block_template_id\":\"\",\"td_column_number\":1,\"ajax_pagination_infinite_stop\":\"\",\"td_ajax_preloading\":\"\",\"td_ajax_filter_type\":\"\",\"td_filter_default_txt\":\"\",\"td_ajax_filter_ids\":\"\",\"color_preset\":\"\",\"ajax_pagination\":\"\",\"border_top\":\"\",\"class\":\"td_uid_1_69f5dac773ba6_rand\",\"tdc_css_class\":\"td_uid_1_69f5dac773ba6_rand\",\"tdc_css_class_style\":\"td_uid_1_69f5dac773ba6_rand_style\"}';\nblock_td_uid_1_69f5dac773ba6.td_column_number = \"1\";\nblock_td_uid_1_69f5dac773ba6.block_type = \"td_block_trending_now\";\nblock_td_uid_1_69f5dac773ba6.post_count = \"5\";\nblock_td_uid_1_69f5dac773ba6.found_posts = \"47\";\nblock_td_uid_1_69f5dac773ba6.header_color = \"\";\nblock_td_uid_1_69f5dac773ba6.ajax_pagination_infinite_stop = \"\";\nblock_td_uid_1_69f5dac773ba6.max_num_pages = \"10\";\ntdBlocksArray.push(block_td_uid_1_69f5dac773ba6);\n<\/script><div id=td_uid_1_69f5dac773ba6 class=\"td_block_inner\">\n\n\t<div class=\"td-block-row\"><div class=\"td-trending-now-wrapper\" id=\"td_uid_1_69f5dac773ba6\" data-start=\"\"><div class=\"td-trending-now-title\">\u00daltimas entradas<\/div><div class=\"td-trending-now-display-area\">\r\n        <div class=\"td_module_trending_now td-trending-now-post-0 td-trending-now-post\">\r\n\r\n            <h3 class=\"entry-title td-module-title\"><a href=\"http:\/\/fundacionluisanderson.org\/index.php\/2021\/12\/10\/desaparicion-fisica-de-nuestro-amigo-luigi-cal\/\" rel=\"bookmark\" title=\"Desaparici\u00f3n f\u00edsica de nuestro amigo Luigi Cal\">Desaparici\u00f3n f\u00edsica de nuestro amigo Luigi Cal<\/a><\/h3>\r\n        <\/div>\r\n\r\n        \r\n        <div class=\"td_module_trending_now td-trending-now-post-1 td-trending-now-post\">\r\n\r\n            <h3 class=\"entry-title td-module-title\"><a href=\"http:\/\/fundacionluisanderson.org\/index.php\/2020\/07\/07\/desaparicion-fisica-del-companero-mariano-negron\/\" rel=\"bookmark\" title=\"Desaparici\u00f3n F\u00edsica del compa\u00f1ero Mariano Negr\u00f3n\">Desaparici\u00f3n F\u00edsica del compa\u00f1ero Mariano Negr\u00f3n<\/a><\/h3>\r\n        <\/div>\r\n\r\n        \r\n        <div class=\"td_module_trending_now td-trending-now-post-2 td-trending-now-post\">\r\n\r\n            <h3 class=\"entry-title td-module-title\"><a href=\"http:\/\/fundacionluisanderson.org\/index.php\/2019\/12\/10\/conferencia-magistral-la-historia-de-la-oit-desde-una-vision-americana\/\" rel=\"bookmark\" title=\"Conferencia Magistral, \u201cLa historia de la OIT desde una visi\u00f3n americana\u201d\">Conferencia Magistral, \u201cLa historia de la OIT desde una visi\u00f3n americana\u201d<\/a><\/h3>\r\n        <\/div>\r\n\r\n        \r\n        <div class=\"td_module_trending_now td-trending-now-post-3 td-trending-now-post\">\r\n\r\n            <h3 class=\"entry-title td-module-title\"><a href=\"http:\/\/fundacionluisanderson.org\/index.php\/2019\/10\/21\/articulo-oit-america-latina-y-la-oit-indagar-el-pasado-para-entender-el-futuro-del-trabajo\/\" rel=\"bookmark\" title=\"ARTICULO: OIT &#8211; Am\u00e9rica Latina y la OIT: indagar el pasado para entender el futuro del trabajo\">ARTICULO: OIT &#8211; Am\u00e9rica Latina y la OIT: indagar el pasado para entender el futuro del trabajo<\/a><\/h3>\r\n        <\/div>\r\n\r\n        \r\n        <div class=\"td_module_trending_now td-trending-now-post-4 td-trending-now-post\">\r\n\r\n            <h3 class=\"entry-title td-module-title\"><a href=\"http:\/\/fundacionluisanderson.org\/index.php\/2019\/10\/14\/desaparicion-fisica-del-companero-santiago-montero\/\" rel=\"bookmark\" title=\"Desaparici\u00f3n f\u00edsica del compa\u00f1ero Santiago Montero\">Desaparici\u00f3n f\u00edsica del compa\u00f1ero Santiago Montero<\/a><\/h3>\r\n        <\/div>\r\n\r\n        <\/div><div class=\"td-next-prev-wrap\"><a href=\"#\"\r\n                                  class=\"td_ajax-prev-pagex td-trending-now-nav-left\"\r\n                                  data-block-id=\"td_uid_1_69f5dac773ba6\"\r\n                                  data-moving=\"left\"\r\n                                  data-control-start=\"\"><i class=\"td-icon-menu-left\"><\/i><\/a><a href=\"#\"\r\n                                  class=\"td_ajax-next-pagex td-trending-now-nav-right\"\r\n                                  data-block-id=\"td_uid_1_69f5dac773ba6\"\r\n                                  data-moving=\"right\"\r\n                                  data-control-start=\"\"><i class=\"td-icon-menu-right\"><\/i><\/a><\/div><\/div><\/div><!--.\/row-fluid--><\/div><\/div> <!-- .\/block --><div class=\"td_block_wrap td_block_big_grid_1 td_uid_2_69f5dac774ca0_rand td-grid-style-1 td-hover-1 td-big-grids td-pb-border-top td_block_template_1 tdc-no-posts\"  data-td-block-uid=\"td_uid_2_69f5dac774ca0\" ><div id=td_uid_2_69f5dac774ca0 class=\"td_block_inner\"><div class=\"clearfix\"><\/div><\/div><\/div> <!-- .\/block --><div class=\"td_block_wrap td_block_14 td_uid_3_69f5dac775545_rand td-pb-full-cell td_with_ajax_pagination td-pb-border-top td_block_template_1 td-column-1\"  data-td-block-uid=\"td_uid_3_69f5dac775545\" ><script>var block_td_uid_3_69f5dac775545 = new tdBlock();\nblock_td_uid_3_69f5dac775545.id = \"td_uid_3_69f5dac775545\";\nblock_td_uid_3_69f5dac775545.atts = '{\"category_id\":\"\",\"limit\":\"3\",\"td_filter_default_txt\":\"All\",\"ajax_pagination\":\"next_prev\",\"sort\":\"random_posts\",\"separator\":\"\",\"custom_title\":\"\",\"custom_url\":\"\",\"block_template_id\":\"\",\"mx1_tl\":\"\",\"post_ids\":\"\",\"category_ids\":\"\",\"tag_slug\":\"\",\"autors_id\":\"\",\"installed_post_types\":\"\",\"offset\":\"\",\"el_class\":\"\",\"td_ajax_filter_type\":\"\",\"td_ajax_filter_ids\":\"\",\"td_ajax_preloading\":\"\",\"f_header_font_header\":\"\",\"f_header_font_title\":\"Block header\",\"f_header_font_settings\":\"\",\"f_header_font_family\":\"\",\"f_header_font_size\":\"\",\"f_header_font_line_height\":\"\",\"f_header_font_style\":\"\",\"f_header_font_weight\":\"\",\"f_header_font_transform\":\"\",\"f_header_font_spacing\":\"\",\"f_header_\":\"\",\"f_ajax_font_title\":\"Ajax categories\",\"f_ajax_font_settings\":\"\",\"f_ajax_font_family\":\"\",\"f_ajax_font_size\":\"\",\"f_ajax_font_line_height\":\"\",\"f_ajax_font_style\":\"\",\"f_ajax_font_weight\":\"\",\"f_ajax_font_transform\":\"\",\"f_ajax_font_spacing\":\"\",\"f_ajax_\":\"\",\"f_more_font_title\":\"Load more button\",\"f_more_font_settings\":\"\",\"f_more_font_family\":\"\",\"f_more_font_size\":\"\",\"f_more_font_line_height\":\"\",\"f_more_font_style\":\"\",\"f_more_font_weight\":\"\",\"f_more_font_transform\":\"\",\"f_more_font_spacing\":\"\",\"f_more_\":\"\",\"mx1f_title_font_header\":\"\",\"mx1f_title_font_title\":\"Article title\",\"mx1f_title_font_settings\":\"\",\"mx1f_title_font_family\":\"\",\"mx1f_title_font_size\":\"\",\"mx1f_title_font_line_height\":\"\",\"mx1f_title_font_style\":\"\",\"mx1f_title_font_weight\":\"\",\"mx1f_title_font_transform\":\"\",\"mx1f_title_font_spacing\":\"\",\"mx1f_title_\":\"\",\"mx1f_cat_font_title\":\"Article category tag\",\"mx1f_cat_font_settings\":\"\",\"mx1f_cat_font_family\":\"\",\"mx1f_cat_font_size\":\"\",\"mx1f_cat_font_line_height\":\"\",\"mx1f_cat_font_style\":\"\",\"mx1f_cat_font_weight\":\"\",\"mx1f_cat_font_transform\":\"\",\"mx1f_cat_font_spacing\":\"\",\"mx1f_cat_\":\"\",\"mx1f_meta_font_title\":\"Article meta info\",\"mx1f_meta_font_settings\":\"\",\"mx1f_meta_font_family\":\"\",\"mx1f_meta_font_size\":\"\",\"mx1f_meta_font_line_height\":\"\",\"mx1f_meta_font_style\":\"\",\"mx1f_meta_font_weight\":\"\",\"mx1f_meta_font_transform\":\"\",\"mx1f_meta_font_spacing\":\"\",\"mx1f_meta_\":\"\",\"ajax_pagination_infinite_stop\":\"\",\"css\":\"\",\"tdc_css\":\"\",\"td_column_number\":1,\"header_color\":\"\",\"color_preset\":\"\",\"border_top\":\"\",\"class\":\"td_uid_3_69f5dac775545_rand\",\"tdc_css_class\":\"td_uid_3_69f5dac775545_rand\",\"tdc_css_class_style\":\"td_uid_3_69f5dac775545_rand_style\"}';\nblock_td_uid_3_69f5dac775545.td_column_number = \"1\";\nblock_td_uid_3_69f5dac775545.block_type = \"td_block_14\";\nblock_td_uid_3_69f5dac775545.post_count = \"3\";\nblock_td_uid_3_69f5dac775545.found_posts = \"47\";\nblock_td_uid_3_69f5dac775545.header_color = \"\";\nblock_td_uid_3_69f5dac775545.ajax_pagination_infinite_stop = \"\";\nblock_td_uid_3_69f5dac775545.max_num_pages = \"16\";\ntdBlocksArray.push(block_td_uid_3_69f5dac775545);\n<\/script><div class=\"td-block-title-wrap\"><\/div><div id=td_uid_3_69f5dac775545 class=\"td_block_inner td-column-1\">\n\n\t<div class=\"td-block-span12\">\n\r\n        <div class=\"td_module_mx1 td_module_wrap td-animation-stack\">\r\n            <div class=\"td-module-thumb\"><a href=\"http:\/\/fundacionluisanderson.org\/index.php\/2018\/10\/30\/anderson-y-el-camino-recorrido\/\" rel=\"bookmark\" class=\"td-image-wrap\" title=\"Anderson y El Camino Recorrido\"><img loading=\"lazy\" decoding=\"async\" width=\"150\" height=\"170\" class=\"entry-thumb\" src=\"http:\/\/fundacionluisanderson.org\/wp-content\/uploads\/2018\/11\/Sepulveda.jpg\" alt=\"\" title=\"Anderson y El Camino Recorrido\"\/><\/a><\/div>\r\n            <div class=\"td-module-meta-info\">\r\n                <h3 class=\"entry-title td-module-title\"><a href=\"http:\/\/fundacionluisanderson.org\/index.php\/2018\/10\/30\/anderson-y-el-camino-recorrido\/\" rel=\"bookmark\" title=\"Anderson y El Camino Recorrido\">Anderson y El Camino Recorrido<\/a><\/h3>                <div class=\"td-editor-date\">\r\n                                        <span class=\"td-author-date\">\r\n                        <span class=\"td-post-author-name\"><a href=\"http:\/\/fundacionluisanderson.org\/index.php\/author\/admin\/\">admin<\/a> <span>-<\/span> <\/span>                        <span class=\"td-post-date\"><time class=\"entry-date updated td-module-date\" datetime=\"2018-10-30T02:26:57+00:00\" >30 octubre, 2018<\/time><\/span>                    <\/span>\r\n                <\/div>\r\n            <\/div>\r\n\r\n        <\/div>\r\n\r\n        \n\t<\/div> <!-- .\/td-block-span12 -->\n\n\t<div class=\"td-block-span12\">\n\r\n        <div class=\"td_module_mx1 td_module_wrap td-animation-stack\">\r\n            <div class=\"td-module-thumb\"><a href=\"http:\/\/fundacionluisanderson.org\/index.php\/2018\/10\/30\/luis-anderson-en-el-recuerdo\/\" rel=\"bookmark\" class=\"td-image-wrap\" title=\"Luis Anderson en el recuerdo\"><img loading=\"lazy\" decoding=\"async\" width=\"356\" height=\"220\" class=\"entry-thumb\" src=\"http:\/\/fundacionluisanderson.org\/wp-content\/uploads\/2018\/11\/AdolfoAhumada-356x220.jpg\" alt=\"\" title=\"Luis Anderson en el recuerdo\"\/><\/a><\/div>\r\n            <div class=\"td-module-meta-info\">\r\n                <h3 class=\"entry-title td-module-title\"><a href=\"http:\/\/fundacionluisanderson.org\/index.php\/2018\/10\/30\/luis-anderson-en-el-recuerdo\/\" rel=\"bookmark\" title=\"Luis Anderson en el recuerdo\">Luis Anderson en el recuerdo<\/a><\/h3>                <div class=\"td-editor-date\">\r\n                                        <span class=\"td-author-date\">\r\n                        <span class=\"td-post-author-name\"><a href=\"http:\/\/fundacionluisanderson.org\/index.php\/author\/admin\/\">admin<\/a> <span>-<\/span> <\/span>                        <span class=\"td-post-date\"><time class=\"entry-date updated td-module-date\" datetime=\"2018-10-30T03:05:18+00:00\" >30 octubre, 2018<\/time><\/span>                    <\/span>\r\n                <\/div>\r\n            <\/div>\r\n\r\n        <\/div>\r\n\r\n        \n\t<\/div> <!-- .\/td-block-span12 -->\n\n\t<div class=\"td-block-span12\">\n\r\n        <div class=\"td_module_mx1 td_module_wrap td-animation-stack\">\r\n            <div class=\"td-module-thumb\"><a href=\"http:\/\/fundacionluisanderson.org\/index.php\/2018\/10\/30\/luis-anderson-un-recuerdo\/\" rel=\"bookmark\" class=\"td-image-wrap\" title=\"Luis Anderson, Un Recuerdo\"><img loading=\"lazy\" decoding=\"async\" width=\"356\" height=\"220\" class=\"entry-thumb\" src=\"http:\/\/fundacionluisanderson.org\/wp-content\/uploads\/2018\/10\/AnnaBiondi-356x220.jpg\" alt=\"\" title=\"Luis Anderson, Un Recuerdo\"\/><\/a><\/div>\r\n            <div class=\"td-module-meta-info\">\r\n                <h3 class=\"entry-title td-module-title\"><a href=\"http:\/\/fundacionluisanderson.org\/index.php\/2018\/10\/30\/luis-anderson-un-recuerdo\/\" rel=\"bookmark\" title=\"Luis Anderson, Un Recuerdo\">Luis Anderson, Un Recuerdo<\/a><\/h3>                <div class=\"td-editor-date\">\r\n                                        <span class=\"td-author-date\">\r\n                        <span class=\"td-post-author-name\"><a href=\"http:\/\/fundacionluisanderson.org\/index.php\/author\/admin\/\">admin<\/a> <span>-<\/span> <\/span>                        <span class=\"td-post-date\"><time class=\"entry-date updated td-module-date\" datetime=\"2018-10-30T04:02:44+00:00\" >30 octubre, 2018<\/time><\/span>                    <\/span>\r\n                <\/div>\r\n            <\/div>\r\n\r\n        <\/div>\r\n\r\n        \n\t<\/div> <!-- .\/td-block-span12 --><\/div><div class=\"td-next-prev-wrap\"><a href=\"#\" class=\"td-ajax-prev-page ajax-page-disabled\" id=\"prev-page-td_uid_3_69f5dac775545\" data-td_block_id=\"td_uid_3_69f5dac775545\"><i class=\"td-icon-font td-icon-menu-left\"><\/i><\/a><a href=\"#\"  class=\"td-ajax-next-page\" id=\"next-page-td_uid_3_69f5dac775545\" data-td_block_id=\"td_uid_3_69f5dac775545\"><i class=\"td-icon-font td-icon-menu-right\"><\/i><\/a><\/div><\/div> <!-- .\/block --><div class=\"clearfix\"><\/div>[\/vc_column][\/vc_row][vc_row el_class=\u00bbtd-ss-row\u00bb][vc_column width=\u00bb2\/3&#8243;]<div class=\"td_block_wrap td_block_4 td_uid_4_69f5dac776d4b_rand td_with_ajax_pagination td-pb-border-top td_block_template_1 td-column-1 td_block_padding\"  data-td-block-uid=\"td_uid_4_69f5dac776d4b\" ><script>var block_td_uid_4_69f5dac776d4b = new tdBlock();\nblock_td_uid_4_69f5dac776d4b.id = \"td_uid_4_69f5dac776d4b\";\nblock_td_uid_4_69f5dac776d4b.atts = '{\"limit\":\"6\",\"offset\":\"\",\"custom_title\":\"Infinite Load Articles\",\"td_filter_default_txt\":\"All\",\"ajax_pagination\":\"infinite\",\"ajax_pagination_infinite_stop\":\"2\",\"separator\":\"\",\"custom_url\":\"\",\"block_template_id\":\"\",\"m2_tl\":\"\",\"m2_el\":\"\",\"post_ids\":\"\",\"category_id\":\"\",\"category_ids\":\"\",\"tag_slug\":\"\",\"autors_id\":\"\",\"installed_post_types\":\"\",\"sort\":\"\",\"el_class\":\"\",\"td_ajax_filter_type\":\"\",\"td_ajax_filter_ids\":\"\",\"td_ajax_preloading\":\"\",\"f_header_font_header\":\"\",\"f_header_font_title\":\"Block header\",\"f_header_font_settings\":\"\",\"f_header_font_family\":\"\",\"f_header_font_size\":\"\",\"f_header_font_line_height\":\"\",\"f_header_font_style\":\"\",\"f_header_font_weight\":\"\",\"f_header_font_transform\":\"\",\"f_header_font_spacing\":\"\",\"f_header_\":\"\",\"f_ajax_font_title\":\"Ajax categories\",\"f_ajax_font_settings\":\"\",\"f_ajax_font_family\":\"\",\"f_ajax_font_size\":\"\",\"f_ajax_font_line_height\":\"\",\"f_ajax_font_style\":\"\",\"f_ajax_font_weight\":\"\",\"f_ajax_font_transform\":\"\",\"f_ajax_font_spacing\":\"\",\"f_ajax_\":\"\",\"f_more_font_title\":\"Load more button\",\"f_more_font_settings\":\"\",\"f_more_font_family\":\"\",\"f_more_font_size\":\"\",\"f_more_font_line_height\":\"\",\"f_more_font_style\":\"\",\"f_more_font_weight\":\"\",\"f_more_font_transform\":\"\",\"f_more_font_spacing\":\"\",\"f_more_\":\"\",\"m2f_title_font_header\":\"\",\"m2f_title_font_title\":\"Article title\",\"m2f_title_font_settings\":\"\",\"m2f_title_font_family\":\"\",\"m2f_title_font_size\":\"\",\"m2f_title_font_line_height\":\"\",\"m2f_title_font_style\":\"\",\"m2f_title_font_weight\":\"\",\"m2f_title_font_transform\":\"\",\"m2f_title_font_spacing\":\"\",\"m2f_title_\":\"\",\"m2f_cat_font_title\":\"Article category tag\",\"m2f_cat_font_settings\":\"\",\"m2f_cat_font_family\":\"\",\"m2f_cat_font_size\":\"\",\"m2f_cat_font_line_height\":\"\",\"m2f_cat_font_style\":\"\",\"m2f_cat_font_weight\":\"\",\"m2f_cat_font_transform\":\"\",\"m2f_cat_font_spacing\":\"\",\"m2f_cat_\":\"\",\"m2f_meta_font_title\":\"Article meta info\",\"m2f_meta_font_settings\":\"\",\"m2f_meta_font_family\":\"\",\"m2f_meta_font_size\":\"\",\"m2f_meta_font_line_height\":\"\",\"m2f_meta_font_style\":\"\",\"m2f_meta_font_weight\":\"\",\"m2f_meta_font_transform\":\"\",\"m2f_meta_font_spacing\":\"\",\"m2f_meta_\":\"\",\"m2f_ex_font_title\":\"Article excerpt\",\"m2f_ex_font_settings\":\"\",\"m2f_ex_font_family\":\"\",\"m2f_ex_font_size\":\"\",\"m2f_ex_font_line_height\":\"\",\"m2f_ex_font_style\":\"\",\"m2f_ex_font_weight\":\"\",\"m2f_ex_font_transform\":\"\",\"m2f_ex_font_spacing\":\"\",\"m2f_ex_\":\"\",\"css\":\"\",\"tdc_css\":\"\",\"td_column_number\":1,\"header_color\":\"\",\"color_preset\":\"\",\"border_top\":\"\",\"class\":\"td_uid_4_69f5dac776d4b_rand\",\"tdc_css_class\":\"td_uid_4_69f5dac776d4b_rand\",\"tdc_css_class_style\":\"td_uid_4_69f5dac776d4b_rand_style\"}';\nblock_td_uid_4_69f5dac776d4b.td_column_number = \"1\";\nblock_td_uid_4_69f5dac776d4b.block_type = \"td_block_4\";\nblock_td_uid_4_69f5dac776d4b.post_count = \"6\";\nblock_td_uid_4_69f5dac776d4b.found_posts = \"47\";\nblock_td_uid_4_69f5dac776d4b.header_color = \"\";\nblock_td_uid_4_69f5dac776d4b.ajax_pagination_infinite_stop = \"2\";\nblock_td_uid_4_69f5dac776d4b.max_num_pages = \"8\";\ntdBlocksArray.push(block_td_uid_4_69f5dac776d4b);\n<\/script><div class=\"td-block-title-wrap\"><h4 class=\"block-title td-block-title\"><span class=\"td-pulldown-size\">Infinite Load Articles<\/span><\/h4><\/div><div id=td_uid_4_69f5dac776d4b class=\"td_block_inner\">\n\n\t<div class=\"td-block-span12\">\n\r\n        <div class=\"td_module_2 td_module_wrap td-animation-stack\">\r\n            <div class=\"td-module-image\">\r\n                <div class=\"td-module-thumb\"><a href=\"http:\/\/fundacionluisanderson.org\/index.php\/2021\/12\/10\/desaparicion-fisica-de-nuestro-amigo-luigi-cal\/\" rel=\"bookmark\" class=\"td-image-wrap\" title=\"Desaparici\u00f3n f\u00edsica de nuestro amigo Luigi Cal\"><img loading=\"lazy\" decoding=\"async\" width=\"324\" height=\"160\" class=\"entry-thumb\" src=\"http:\/\/fundacionluisanderson.org\/wp-content\/uploads\/2021\/12\/WhatsApp-Image-2021-12-10-at-10.06.45-AM-324x160.jpeg\" alt=\"\" title=\"Desaparici\u00f3n f\u00edsica de nuestro amigo Luigi Cal\"\/><\/a><\/div>                <a href=\"http:\/\/fundacionluisanderson.org\/index.php\/category\/publicaciones\/\" class=\"td-post-category\">Publicaciones<\/a>            <\/div>\r\n            <h3 class=\"entry-title td-module-title\"><a href=\"http:\/\/fundacionluisanderson.org\/index.php\/2021\/12\/10\/desaparicion-fisica-de-nuestro-amigo-luigi-cal\/\" rel=\"bookmark\" title=\"Desaparici\u00f3n f\u00edsica de nuestro amigo Luigi Cal\">Desaparici\u00f3n f\u00edsica de nuestro amigo Luigi Cal<\/a><\/h3>\r\n\r\n            <div class=\"td-module-meta-info\">\r\n                <span class=\"td-post-author-name\"><a href=\"http:\/\/fundacionluisanderson.org\/index.php\/author\/fundacion\/\">Fundacion Luis Anderson<\/a> <span>-<\/span> <\/span>                <span class=\"td-post-date\"><time class=\"entry-date updated td-module-date\" datetime=\"2021-12-10T18:21:20+00:00\" >10 diciembre, 2021<\/time><\/span>                <div class=\"td-module-comments\"><a href=\"http:\/\/fundacionluisanderson.org\/index.php\/2021\/12\/10\/desaparicion-fisica-de-nuestro-amigo-luigi-cal\/#respond\">0<\/a><\/div>            <\/div>\r\n\r\n\r\n            <div class=\"td-excerpt\">\r\n                Nuestro compa\u00f1ero, nuestro amigo y hermano Luigi Cal ha pasado el l\u00edmite de la vida.\r\n\r\nUn hombre \u00edntegro, gran representante del movimiento sindical italiano e...            <\/div>\r\n\r\n            \r\n        <\/div>\r\n\r\n        \n\t<\/div> <!-- .\/td-block-span12 -->\n\n\t<div class=\"td-block-span12\">\n\r\n        <div class=\"td_module_2 td_module_wrap td-animation-stack\">\r\n            <div class=\"td-module-image\">\r\n                <div class=\"td-module-thumb\"><a href=\"http:\/\/fundacionluisanderson.org\/index.php\/2020\/07\/07\/desaparicion-fisica-del-companero-mariano-negron\/\" rel=\"bookmark\" class=\"td-image-wrap\" title=\"Desaparici\u00f3n F\u00edsica del compa\u00f1ero Mariano Negr\u00f3n\"><img loading=\"lazy\" decoding=\"async\" width=\"324\" height=\"160\" class=\"entry-thumb\" src=\"http:\/\/fundacionluisanderson.org\/wp-content\/themes\/Newspaper\/images\/no-thumb\/td_324x160.png\" alt=\"\"\/><\/a><\/div>                <a href=\"http:\/\/fundacionluisanderson.org\/index.php\/category\/publicaciones\/\" class=\"td-post-category\">Publicaciones<\/a>            <\/div>\r\n            <h3 class=\"entry-title td-module-title\"><a href=\"http:\/\/fundacionluisanderson.org\/index.php\/2020\/07\/07\/desaparicion-fisica-del-companero-mariano-negron\/\" rel=\"bookmark\" title=\"Desaparici\u00f3n F\u00edsica del compa\u00f1ero Mariano Negr\u00f3n\">Desaparici\u00f3n F\u00edsica del compa\u00f1ero Mariano Negr\u00f3n<\/a><\/h3>\r\n\r\n            <div class=\"td-module-meta-info\">\r\n                <span class=\"td-post-author-name\"><a href=\"http:\/\/fundacionluisanderson.org\/index.php\/author\/fundacion\/\">Fundacion Luis Anderson<\/a> <span>-<\/span> <\/span>                <span class=\"td-post-date\"><time class=\"entry-date updated td-module-date\" datetime=\"2020-07-07T20:36:23+00:00\" >7 julio, 2020<\/time><\/span>                <div class=\"td-module-comments\"><a href=\"http:\/\/fundacionluisanderson.org\/index.php\/2020\/07\/07\/desaparicion-fisica-del-companero-mariano-negron\/#respond\">0<\/a><\/div>            <\/div>\r\n\r\n\r\n            <div class=\"td-excerpt\">\r\n                La Fundaci\u00f3n Luis Anderson lamenta profundamente la desaparici\u00f3n f\u00edsica del compa\u00f1ero Mariano Negr\u00f3n. Expresamos nuestro p\u00e9same a su familia y al movimiento sindical por...            <\/div>\r\n\r\n            \r\n        <\/div>\r\n\r\n        \n\t<\/div> <!-- .\/td-block-span12 -->\n\n\t<div class=\"td-block-span12\">\n\r\n        <div class=\"td_module_2 td_module_wrap td-animation-stack\">\r\n            <div class=\"td-module-image\">\r\n                <div class=\"td-module-thumb\"><a href=\"http:\/\/fundacionluisanderson.org\/index.php\/2019\/12\/10\/conferencia-magistral-la-historia-de-la-oit-desde-una-vision-americana\/\" rel=\"bookmark\" class=\"td-image-wrap\" title=\"Conferencia Magistral, \u201cLa historia de la OIT desde una visi\u00f3n americana\u201d\"><img loading=\"lazy\" decoding=\"async\" width=\"324\" height=\"160\" class=\"entry-thumb\" src=\"http:\/\/fundacionluisanderson.org\/wp-content\/uploads\/2019\/12\/2-324x160.jpeg\" srcset=\"http:\/\/fundacionluisanderson.org\/wp-content\/uploads\/2019\/12\/2-324x160.jpeg 324w, http:\/\/fundacionluisanderson.org\/wp-content\/uploads\/2019\/12\/2-533x261.jpeg 533w\" sizes=\"(max-width: 324px) 100vw, 324px\" alt=\"\" title=\"Conferencia Magistral, \u201cLa historia de la OIT desde una visi\u00f3n americana\u201d\"\/><\/a><\/div>                <a href=\"http:\/\/fundacionluisanderson.org\/index.php\/category\/eventos\/\" class=\"td-post-category\">Eventos<\/a>            <\/div>\r\n            <h3 class=\"entry-title td-module-title\"><a href=\"http:\/\/fundacionluisanderson.org\/index.php\/2019\/12\/10\/conferencia-magistral-la-historia-de-la-oit-desde-una-vision-americana\/\" rel=\"bookmark\" title=\"Conferencia Magistral, \u201cLa historia de la OIT desde una visi\u00f3n americana\u201d\">Conferencia Magistral, \u201cLa historia de la OIT desde una visi\u00f3n americana\u201d<\/a><\/h3>\r\n\r\n            <div class=\"td-module-meta-info\">\r\n                <span class=\"td-post-author-name\"><a href=\"http:\/\/fundacionluisanderson.org\/index.php\/author\/fundacion\/\">Fundacion Luis Anderson<\/a> <span>-<\/span> <\/span>                <span class=\"td-post-date\"><time class=\"entry-date updated td-module-date\" datetime=\"2019-12-10T17:21:49+00:00\" >10 diciembre, 2019<\/time><\/span>                <div class=\"td-module-comments\"><a href=\"http:\/\/fundacionluisanderson.org\/index.php\/2019\/12\/10\/conferencia-magistral-la-historia-de-la-oit-desde-una-vision-americana\/#respond\">0<\/a><\/div>            <\/div>\r\n\r\n\r\n            <div class=\"td-excerpt\">\r\n                La Fundaci\u00f3n Luis Anderson logr\u00f3 instalar en la sede central de la CGTP \/ Panam\u00e1, de Perejil, Ciudad de Panam\u00e1, una presentaci\u00f3n \u00fanica, con...            <\/div>\r\n\r\n            \r\n        <\/div>\r\n\r\n        \n\t<\/div> <!-- .\/td-block-span12 -->\n\n\t<div class=\"td-block-span12\">\n\r\n        <div class=\"td_module_2 td_module_wrap td-animation-stack\">\r\n            <div class=\"td-module-image\">\r\n                <div class=\"td-module-thumb\"><a href=\"http:\/\/fundacionluisanderson.org\/index.php\/2019\/10\/21\/articulo-oit-america-latina-y-la-oit-indagar-el-pasado-para-entender-el-futuro-del-trabajo\/\" rel=\"bookmark\" class=\"td-image-wrap\" title=\"ARTICULO: OIT &#8211; Am\u00e9rica Latina y la OIT: indagar el pasado para entender el futuro del trabajo\"><img loading=\"lazy\" decoding=\"async\" width=\"324\" height=\"160\" class=\"entry-thumb\" src=\"http:\/\/fundacionluisanderson.org\/wp-content\/themes\/Newspaper\/images\/no-thumb\/td_324x160.png\" alt=\"\"\/><\/a><\/div>                <a href=\"http:\/\/fundacionluisanderson.org\/index.php\/category\/publicaciones\/\" class=\"td-post-category\">Publicaciones<\/a>            <\/div>\r\n            <h3 class=\"entry-title td-module-title\"><a href=\"http:\/\/fundacionluisanderson.org\/index.php\/2019\/10\/21\/articulo-oit-america-latina-y-la-oit-indagar-el-pasado-para-entender-el-futuro-del-trabajo\/\" rel=\"bookmark\" title=\"ARTICULO: OIT &#8211; Am\u00e9rica Latina y la OIT: indagar el pasado para entender el futuro del trabajo\">ARTICULO: OIT &#8211; Am\u00e9rica Latina y la OIT: indagar el pasado...<\/a><\/h3>\r\n\r\n            <div class=\"td-module-meta-info\">\r\n                <span class=\"td-post-author-name\"><a href=\"http:\/\/fundacionluisanderson.org\/index.php\/author\/fundacion\/\">Fundacion Luis Anderson<\/a> <span>-<\/span> <\/span>                <span class=\"td-post-date\"><time class=\"entry-date updated td-module-date\" datetime=\"2019-10-21T17:45:18+00:00\" >21 octubre, 2019<\/time><\/span>                <div class=\"td-module-comments\"><a href=\"http:\/\/fundacionluisanderson.org\/index.php\/2019\/10\/21\/articulo-oit-america-latina-y-la-oit-indagar-el-pasado-para-entender-el-futuro-del-trabajo\/#respond\">0<\/a><\/div>            <\/div>\r\n\r\n\r\n            <div class=\"td-excerpt\">\r\n                Recomendamos el siguiente articulo, publicado en la pagina web de la OIT el 18 de octubre de 2019.\r\nAm\u00e9rica Latina y la OIT: indagar el...            <\/div>\r\n\r\n            \r\n        <\/div>\r\n\r\n        \n\t<\/div> <!-- .\/td-block-span12 -->\n\n\t<div class=\"td-block-span12\">\n\r\n        <div class=\"td_module_2 td_module_wrap td-animation-stack\">\r\n            <div class=\"td-module-image\">\r\n                <div class=\"td-module-thumb\"><a href=\"http:\/\/fundacionluisanderson.org\/index.php\/2019\/10\/14\/desaparicion-fisica-del-companero-santiago-montero\/\" rel=\"bookmark\" class=\"td-image-wrap\" title=\"Desaparici\u00f3n f\u00edsica del compa\u00f1ero Santiago Montero\"><img loading=\"lazy\" decoding=\"async\" width=\"324\" height=\"160\" class=\"entry-thumb\" src=\"http:\/\/fundacionluisanderson.org\/wp-content\/uploads\/2019\/10\/Santiado-Montero-324x160.jpeg\" srcset=\"http:\/\/fundacionluisanderson.org\/wp-content\/uploads\/2019\/10\/Santiado-Montero-324x160.jpeg 324w, http:\/\/fundacionluisanderson.org\/wp-content\/uploads\/2019\/10\/Santiado-Montero-533x261.jpeg 533w\" sizes=\"(max-width: 324px) 100vw, 324px\" alt=\"\" title=\"Desaparici\u00f3n f\u00edsica del compa\u00f1ero Santiago Montero\"\/><\/a><\/div>                <a href=\"http:\/\/fundacionluisanderson.org\/index.php\/category\/publicaciones\/\" class=\"td-post-category\">Publicaciones<\/a>            <\/div>\r\n            <h3 class=\"entry-title td-module-title\"><a href=\"http:\/\/fundacionluisanderson.org\/index.php\/2019\/10\/14\/desaparicion-fisica-del-companero-santiago-montero\/\" rel=\"bookmark\" title=\"Desaparici\u00f3n f\u00edsica del compa\u00f1ero Santiago Montero\">Desaparici\u00f3n f\u00edsica del compa\u00f1ero Santiago Montero<\/a><\/h3>\r\n\r\n            <div class=\"td-module-meta-info\">\r\n                <span class=\"td-post-author-name\"><a href=\"http:\/\/fundacionluisanderson.org\/index.php\/author\/fundacion\/\">Fundacion Luis Anderson<\/a> <span>-<\/span> <\/span>                <span class=\"td-post-date\"><time class=\"entry-date updated td-module-date\" datetime=\"2019-10-14T22:30:51+00:00\" >14 octubre, 2019<\/time><\/span>                <div class=\"td-module-comments\"><a href=\"http:\/\/fundacionluisanderson.org\/index.php\/2019\/10\/14\/desaparicion-fisica-del-companero-santiago-montero\/#respond\">0<\/a><\/div>            <\/div>\r\n\r\n\r\n            <div class=\"td-excerpt\">\r\n                La Fundaci\u00f3n Luis Anderson lamenta profundamente la desaparici\u00f3n f\u00edsica del compa\u00f1ero Santiago Montero. Expresamos nuestro p\u00e9same a su familia, a la familia Fenasep y...            <\/div>\r\n\r\n            \r\n        <\/div>\r\n\r\n        \n\t<\/div> <!-- .\/td-block-span12 -->\n\n\t<div class=\"td-block-span12\">\n\r\n        <div class=\"td_module_2 td_module_wrap td-animation-stack\">\r\n            <div class=\"td-module-image\">\r\n                <div class=\"td-module-thumb\"><a href=\"http:\/\/fundacionluisanderson.org\/index.php\/2019\/07\/10\/aniversario-fla-18\/\" rel=\"bookmark\" class=\"td-image-wrap\" title=\"ANIVERSARIO FLA &#8217;18\"><img loading=\"lazy\" decoding=\"async\" width=\"300\" height=\"160\" class=\"entry-thumb\" src=\"http:\/\/fundacionluisanderson.org\/wp-content\/uploads\/2018\/11\/Foto-de-Luis-Anderson-300x300-300x160.jpg\" alt=\"\" title=\"ANIVERSARIO FLA &#8217;18\"\/><\/a><\/div>                <a href=\"http:\/\/fundacionluisanderson.org\/index.php\/category\/publicaciones\/\" class=\"td-post-category\">Publicaciones<\/a>            <\/div>\r\n            <h3 class=\"entry-title td-module-title\"><a href=\"http:\/\/fundacionluisanderson.org\/index.php\/2019\/07\/10\/aniversario-fla-18\/\" rel=\"bookmark\" title=\"ANIVERSARIO FLA &#8217;18\">ANIVERSARIO FLA &#8217;18<\/a><\/h3>\r\n\r\n            <div class=\"td-module-meta-info\">\r\n                <span class=\"td-post-author-name\"><a href=\"http:\/\/fundacionluisanderson.org\/index.php\/author\/fundacion\/\">Fundacion Luis Anderson<\/a> <span>-<\/span> <\/span>                <span class=\"td-post-date\"><time class=\"entry-date updated td-module-date\" datetime=\"2019-07-10T21:32:24+00:00\" >10 julio, 2019<\/time><\/span>                <div class=\"td-module-comments\"><a href=\"http:\/\/fundacionluisanderson.org\/index.php\/2019\/07\/10\/aniversario-fla-18\/#respond\">0<\/a><\/div>            <\/div>\r\n\r\n\r\n            <div class=\"td-excerpt\">\r\n                            <\/div>\r\n\r\n            \r\n        <\/div>\r\n\r\n        \n\t<\/div> <!-- .\/td-block-span12 --><\/div><div class=\"td_ajax_infinite\" id=\"next-page-td_uid_4_69f5dac776d4b\" data-td_block_id=\"td_uid_4_69f5dac776d4b\"> <\/div><div class=\"td-load-more-wrap td-load-more-infinite-wrap\" id=\"infinite-lm-td_uid_4_69f5dac776d4b\"><a href=\"#\" class=\"td_ajax_load_more td_ajax_load_more_js\" id=\"next-page-td_uid_4_69f5dac776d4b\" data-td_block_id=\"td_uid_4_69f5dac776d4b\">Cargar m\u00e1s<i class=\"td-icon-font td-icon-menu-down\"><\/i><\/a><\/div><\/div> <!-- .\/block -->[\/vc_column][vc_column width=\u00bb1\/3&#8243;][vc_widget_sidebar sidebar_id=\u00bbtd-default\u00bb][\/vc_column][\/vc_row]<\/p>\n","protected":false},"excerpt":{"rendered":"<p>[vc_row full_width=\u00bb\u00bb parallax=\u00bb\u00bb parallax_image=\u00bb\u00bb][vc_column width=\u00bb1\/1&#8243;][\/vc_column][\/vc_row][vc_row el_class=\u00bbtd-ss-row\u00bb][vc_column width=\u00bb2\/3&#8243;][\/vc_column][vc_column width=\u00bb1\/3&#8243;][vc_widget_sidebar sidebar_id=\u00bbtd-default\u00bb][\/vc_column][\/vc_row]<\/p>\n","protected":false},"author":1,"featured_media":0,"parent":0,"menu_order":0,"comment_status":"open","ping_status":"closed","template":"","meta":{"footnotes":""},"_links":{"self":[{"href":"http:\/\/fundacionluisanderson.org\/index.php\/wp-json\/wp\/v2\/pages\/51"}],"collection":[{"href":"http:\/\/fundacionluisanderson.org\/index.php\/wp-json\/wp\/v2\/pages"}],"about":[{"href":"http:\/\/fundacionluisanderson.org\/index.php\/wp-json\/wp\/v2\/types\/page"}],"author":[{"embeddable":true,"href":"http:\/\/fundacionluisanderson.org\/index.php\/wp-json\/wp\/v2\/users\/1"}],"replies":[{"embeddable":true,"href":"http:\/\/fundacionluisanderson.org\/index.php\/wp-json\/wp\/v2\/comments?post=51"}],"version-history":[{"count":0,"href":"http:\/\/fundacionluisanderson.org\/index.php\/wp-json\/wp\/v2\/pages\/51\/revisions"}],"wp:attachment":[{"href":"http:\/\/fundacionluisanderson.org\/index.php\/wp-json\/wp\/v2\/media?parent=51"}],"curies":[{"name":"wp","href":"https:\/\/api.w.org\/{rel}","templated":true}]}}