{"id":47,"date":"2018-10-16T21:58:52","date_gmt":"2018-10-16T21:58:52","guid":{"rendered":"http:\/\/td_uid_5_5bc65f1ceb54f"},"modified":"2018-10-16T21:58:52","modified_gmt":"2018-10-16T21:58:52","slug":"homepage-video","status":"publish","type":"page","link":"http:\/\/fundacionluisanderson.org\/index.php\/homepage-video\/","title":{"rendered":"Homepage &#8211; Video"},"content":{"rendered":"<p>[vc_row full_width=\u00bbstretch_row\u00bb el_class=\u00bbimport_video_slider_bg\u00bb ][vc_column width=\u00bb1\/1&#8243;]<div class=\"td_block_wrap td_block_big_grid_6 td_uid_1_69f265380cbe1_rand td-grid-style-1 td-hover-1 td-big-grids td-pb-border-top td_block_template_1 tdc-no-posts\"  data-td-block-uid=\"td_uid_1_69f265380cbe1\" ><div id=td_uid_1_69f265380cbe1 class=\"td_block_inner\"><div class=\"clearfix\"><\/div><\/div><\/div> <!-- .\/block -->[\/vc_column][\/vc_row][vc_row full_width=\u00bbstretch_row\u00bb el_class=\u00bbimport_video_bg\u00bb][vc_column width=\u00bb1\/1&#8243;]<div class=\"td-a-rec td-a-rec-id-content_bottom  td-rec-hide-on-m td-rec-hide-on-tl td-rec-hide-on-tp td-rec-hide-on-p td_uid_2_69f265380d74f_rand td_block_template_1\"><div class=\"td-all-devices\"><a href=\"#\" target=\"_blank\"><img decoding=\"async\" src=\"http:\/\/nastacloud.com\/demo\/fundacionluisanderson\/wp-content\/uploads\/2018\/10\/newspaper-rec728.jpg\"\/><\/a><\/div><\/div>[\/vc_column][\/vc_row][vc_row full_width=\u00bb\u00bb parallax=\u00bb\u00bb parallax_image=\u00bb\u00bb el_class=\u00bbtd-ss-row\u00bb][vc_column width=\u00bb2\/3&#8243;]<div class=\"td_block_wrap td_block_3 td_uid_3_69f265380d91c_rand td_with_ajax_pagination td-pb-border-top td_block_template_1 td-column-1 td_block_padding\"  data-td-block-uid=\"td_uid_3_69f265380d91c\" ><script>var block_td_uid_3_69f265380d91c = new tdBlock();\nblock_td_uid_3_69f265380d91c.id = \"td_uid_3_69f265380d91c\";\nblock_td_uid_3_69f265380d91c.atts = '{\"sort\":\"\",\"limit\":\"4\",\"custom_title\":\"POPULAR VIDEOS\",\"td_ajax_filter_type\":\"td_category_ids_filter\",\"td_ajax_filter_ids\":\"\",\"td_filter_default_txt\":\"All\",\"ajax_pagination\":\"next_prev\",\"separator\":\"\",\"custom_url\":\"\",\"block_template_id\":\"\",\"m1_tl\":\"\",\"post_ids\":\"\",\"category_id\":\"\",\"category_ids\":\"\",\"tag_slug\":\"\",\"autors_id\":\"\",\"installed_post_types\":\"\",\"offset\":\"\",\"el_class\":\"\",\"td_ajax_preloading\":\"\",\"f_header_font_header\":\"\",\"f_header_font_title\":\"Block header\",\"f_header_font_settings\":\"\",\"f_header_font_family\":\"\",\"f_header_font_size\":\"\",\"f_header_font_line_height\":\"\",\"f_header_font_style\":\"\",\"f_header_font_weight\":\"\",\"f_header_font_transform\":\"\",\"f_header_font_spacing\":\"\",\"f_header_\":\"\",\"f_ajax_font_title\":\"Ajax categories\",\"f_ajax_font_settings\":\"\",\"f_ajax_font_family\":\"\",\"f_ajax_font_size\":\"\",\"f_ajax_font_line_height\":\"\",\"f_ajax_font_style\":\"\",\"f_ajax_font_weight\":\"\",\"f_ajax_font_transform\":\"\",\"f_ajax_font_spacing\":\"\",\"f_ajax_\":\"\",\"f_more_font_title\":\"Load more button\",\"f_more_font_settings\":\"\",\"f_more_font_family\":\"\",\"f_more_font_size\":\"\",\"f_more_font_line_height\":\"\",\"f_more_font_style\":\"\",\"f_more_font_weight\":\"\",\"f_more_font_transform\":\"\",\"f_more_font_spacing\":\"\",\"f_more_\":\"\",\"m1f_title_font_header\":\"\",\"m1f_title_font_title\":\"Article title\",\"m1f_title_font_settings\":\"\",\"m1f_title_font_family\":\"\",\"m1f_title_font_size\":\"\",\"m1f_title_font_line_height\":\"\",\"m1f_title_font_style\":\"\",\"m1f_title_font_weight\":\"\",\"m1f_title_font_transform\":\"\",\"m1f_title_font_spacing\":\"\",\"m1f_title_\":\"\",\"m1f_cat_font_title\":\"Article category tag\",\"m1f_cat_font_settings\":\"\",\"m1f_cat_font_family\":\"\",\"m1f_cat_font_size\":\"\",\"m1f_cat_font_line_height\":\"\",\"m1f_cat_font_style\":\"\",\"m1f_cat_font_weight\":\"\",\"m1f_cat_font_transform\":\"\",\"m1f_cat_font_spacing\":\"\",\"m1f_cat_\":\"\",\"m1f_meta_font_title\":\"Article meta info\",\"m1f_meta_font_settings\":\"\",\"m1f_meta_font_family\":\"\",\"m1f_meta_font_size\":\"\",\"m1f_meta_font_line_height\":\"\",\"m1f_meta_font_style\":\"\",\"m1f_meta_font_weight\":\"\",\"m1f_meta_font_transform\":\"\",\"m1f_meta_font_spacing\":\"\",\"m1f_meta_\":\"\",\"ajax_pagination_infinite_stop\":\"\",\"css\":\"\",\"tdc_css\":\"\",\"td_column_number\":1,\"header_color\":\"\",\"color_preset\":\"\",\"border_top\":\"\",\"class\":\"td_uid_3_69f265380d91c_rand\",\"tdc_css_class\":\"td_uid_3_69f265380d91c_rand\",\"tdc_css_class_style\":\"td_uid_3_69f265380d91c_rand_style\"}';\nblock_td_uid_3_69f265380d91c.td_column_number = \"1\";\nblock_td_uid_3_69f265380d91c.block_type = \"td_block_3\";\nblock_td_uid_3_69f265380d91c.post_count = \"4\";\nblock_td_uid_3_69f265380d91c.found_posts = \"47\";\nblock_td_uid_3_69f265380d91c.header_color = \"\";\nblock_td_uid_3_69f265380d91c.ajax_pagination_infinite_stop = \"\";\nblock_td_uid_3_69f265380d91c.max_num_pages = \"12\";\ntdBlocksArray.push(block_td_uid_3_69f265380d91c);\n<\/script><div class=\"td-block-title-wrap\"><h4 class=\"block-title td-block-title\"><span class=\"td-pulldown-size\">POPULAR VIDEOS<\/span><\/h4><div class=\"td-pulldown-syle-default td-subcat-filter\" id=\"td_pulldown_td_uid_3_69f265380d91c\"><ul class=\"td-subcat-list\" id=\"td_pulldown_td_uid_3_69f265380d91c_list\"><li class=\"td-subcat-item\"><a class=\"td-subcat-link\" id=\"td_uid_4_69f265380e498\" data-td_filter_value=\"\" data-td_block_id=\"td_uid_3_69f265380d91c\" href=\"#\">All<\/a><\/li><li class=\"td-subcat-item\"><a class=\"td-subcat-link\" id=\"td_uid_5_69f265380e49b\" data-td_filter_value=\"3\" data-td_block_id=\"td_uid_3_69f265380d91c\" href=\"#\">Eventos<\/a><\/li><li class=\"td-subcat-item\"><a class=\"td-subcat-link\" id=\"td_uid_6_69f265380e49c\" data-td_filter_value=\"6\" data-td_block_id=\"td_uid_3_69f265380d91c\" href=\"#\">Homenaje<\/a><\/li><li class=\"td-subcat-item\"><a class=\"td-subcat-link\" id=\"td_uid_7_69f265380e49d\" data-td_filter_value=\"13\" data-td_block_id=\"td_uid_3_69f265380d91c\" href=\"#\">Publicaciones<\/a><\/li><\/ul><div class=\"td-subcat-dropdown\"><div class=\"td-subcat-more\" aria-haspopup=\"true\"><span>M\u00e1s<\/span><i class=\"td-icon-read-down\"><\/i><\/div><ul class=\"td-pulldown-filter-list\"><\/ul><\/div><\/div><\/div><div id=td_uid_3_69f265380d91c class=\"td_block_inner\">\n\n\t<div class=\"td-block-span12\">\n\r\n        <div class=\"td_module_1 td_module_wrap td-animation-stack\">\r\n            <div class=\"td-module-image\">\r\n                <div class=\"td-module-thumb\"><a href=\"http:\/\/fundacionluisanderson.org\/index.php\/2021\/12\/10\/desaparicion-fisica-de-nuestro-amigo-luigi-cal\/\" rel=\"bookmark\" class=\"td-image-wrap\" title=\"Desaparici\u00f3n f\u00edsica de nuestro amigo Luigi Cal\"><img loading=\"lazy\" decoding=\"async\" width=\"324\" height=\"160\" class=\"entry-thumb\" src=\"http:\/\/fundacionluisanderson.org\/wp-content\/uploads\/2021\/12\/WhatsApp-Image-2021-12-10-at-10.06.45-AM-324x160.jpeg\" alt=\"\" title=\"Desaparici\u00f3n f\u00edsica de nuestro amigo Luigi Cal\"\/><\/a><\/div>                <a href=\"http:\/\/fundacionluisanderson.org\/index.php\/category\/publicaciones\/\" class=\"td-post-category\">Publicaciones<\/a>            <\/div>\r\n            <h3 class=\"entry-title td-module-title\"><a href=\"http:\/\/fundacionluisanderson.org\/index.php\/2021\/12\/10\/desaparicion-fisica-de-nuestro-amigo-luigi-cal\/\" rel=\"bookmark\" title=\"Desaparici\u00f3n f\u00edsica de nuestro amigo Luigi Cal\">Desaparici\u00f3n f\u00edsica de nuestro amigo Luigi Cal<\/a><\/h3>\r\n            <div class=\"td-module-meta-info\">\r\n                <span class=\"td-post-author-name\"><a href=\"http:\/\/fundacionluisanderson.org\/index.php\/author\/fundacion\/\">Fundacion Luis Anderson<\/a> <span>-<\/span> <\/span>                <span class=\"td-post-date\"><time class=\"entry-date updated td-module-date\" datetime=\"2021-12-10T18:21:20+00:00\" >10 diciembre, 2021<\/time><\/span>                <div class=\"td-module-comments\"><a href=\"http:\/\/fundacionluisanderson.org\/index.php\/2021\/12\/10\/desaparicion-fisica-de-nuestro-amigo-luigi-cal\/#respond\">0<\/a><\/div>            <\/div>\r\n\r\n            \r\n        <\/div>\r\n\r\n        \n\t<\/div> <!-- .\/td-block-span12 -->\n\n\t<div class=\"td-block-span12\">\n\r\n        <div class=\"td_module_1 td_module_wrap td-animation-stack\">\r\n            <div class=\"td-module-image\">\r\n                <div class=\"td-module-thumb\"><a href=\"http:\/\/fundacionluisanderson.org\/index.php\/2020\/07\/07\/desaparicion-fisica-del-companero-mariano-negron\/\" rel=\"bookmark\" class=\"td-image-wrap\" title=\"Desaparici\u00f3n F\u00edsica del compa\u00f1ero Mariano Negr\u00f3n\"><img loading=\"lazy\" decoding=\"async\" width=\"324\" height=\"160\" class=\"entry-thumb\" src=\"http:\/\/fundacionluisanderson.org\/wp-content\/themes\/Newspaper\/images\/no-thumb\/td_324x160.png\" alt=\"\"\/><\/a><\/div>                <a href=\"http:\/\/fundacionluisanderson.org\/index.php\/category\/publicaciones\/\" class=\"td-post-category\">Publicaciones<\/a>            <\/div>\r\n            <h3 class=\"entry-title td-module-title\"><a href=\"http:\/\/fundacionluisanderson.org\/index.php\/2020\/07\/07\/desaparicion-fisica-del-companero-mariano-negron\/\" rel=\"bookmark\" title=\"Desaparici\u00f3n F\u00edsica del compa\u00f1ero Mariano Negr\u00f3n\">Desaparici\u00f3n F\u00edsica del compa\u00f1ero Mariano Negr\u00f3n<\/a><\/h3>\r\n            <div class=\"td-module-meta-info\">\r\n                <span class=\"td-post-author-name\"><a href=\"http:\/\/fundacionluisanderson.org\/index.php\/author\/fundacion\/\">Fundacion Luis Anderson<\/a> <span>-<\/span> <\/span>                <span class=\"td-post-date\"><time class=\"entry-date updated td-module-date\" datetime=\"2020-07-07T20:36:23+00:00\" >7 julio, 2020<\/time><\/span>                <div class=\"td-module-comments\"><a href=\"http:\/\/fundacionluisanderson.org\/index.php\/2020\/07\/07\/desaparicion-fisica-del-companero-mariano-negron\/#respond\">0<\/a><\/div>            <\/div>\r\n\r\n            \r\n        <\/div>\r\n\r\n        \n\t<\/div> <!-- .\/td-block-span12 -->\n\n\t<div class=\"td-block-span12\">\n\r\n        <div class=\"td_module_1 td_module_wrap td-animation-stack\">\r\n            <div class=\"td-module-image\">\r\n                <div class=\"td-module-thumb\"><a href=\"http:\/\/fundacionluisanderson.org\/index.php\/2019\/12\/10\/conferencia-magistral-la-historia-de-la-oit-desde-una-vision-americana\/\" rel=\"bookmark\" class=\"td-image-wrap\" title=\"Conferencia Magistral, \u201cLa historia de la OIT desde una visi\u00f3n americana\u201d\"><img loading=\"lazy\" decoding=\"async\" width=\"324\" height=\"160\" class=\"entry-thumb\" src=\"http:\/\/fundacionluisanderson.org\/wp-content\/uploads\/2019\/12\/2-324x160.jpeg\" srcset=\"http:\/\/fundacionluisanderson.org\/wp-content\/uploads\/2019\/12\/2-324x160.jpeg 324w, http:\/\/fundacionluisanderson.org\/wp-content\/uploads\/2019\/12\/2-533x261.jpeg 533w\" sizes=\"(max-width: 324px) 100vw, 324px\" alt=\"\" title=\"Conferencia Magistral, \u201cLa historia de la OIT desde una visi\u00f3n americana\u201d\"\/><\/a><\/div>                <a href=\"http:\/\/fundacionluisanderson.org\/index.php\/category\/eventos\/\" class=\"td-post-category\">Eventos<\/a>            <\/div>\r\n            <h3 class=\"entry-title td-module-title\"><a href=\"http:\/\/fundacionluisanderson.org\/index.php\/2019\/12\/10\/conferencia-magistral-la-historia-de-la-oit-desde-una-vision-americana\/\" rel=\"bookmark\" title=\"Conferencia Magistral, \u201cLa historia de la OIT desde una visi\u00f3n americana\u201d\">Conferencia Magistral, \u201cLa historia de la OIT desde una visi\u00f3n americana\u201d<\/a><\/h3>\r\n            <div class=\"td-module-meta-info\">\r\n                <span class=\"td-post-author-name\"><a href=\"http:\/\/fundacionluisanderson.org\/index.php\/author\/fundacion\/\">Fundacion Luis Anderson<\/a> <span>-<\/span> <\/span>                <span class=\"td-post-date\"><time class=\"entry-date updated td-module-date\" datetime=\"2019-12-10T17:21:49+00:00\" >10 diciembre, 2019<\/time><\/span>                <div class=\"td-module-comments\"><a href=\"http:\/\/fundacionluisanderson.org\/index.php\/2019\/12\/10\/conferencia-magistral-la-historia-de-la-oit-desde-una-vision-americana\/#respond\">0<\/a><\/div>            <\/div>\r\n\r\n            \r\n        <\/div>\r\n\r\n        \n\t<\/div> <!-- .\/td-block-span12 -->\n\n\t<div class=\"td-block-span12\">\n\r\n        <div class=\"td_module_1 td_module_wrap td-animation-stack\">\r\n            <div class=\"td-module-image\">\r\n                <div class=\"td-module-thumb\"><a href=\"http:\/\/fundacionluisanderson.org\/index.php\/2019\/10\/21\/articulo-oit-america-latina-y-la-oit-indagar-el-pasado-para-entender-el-futuro-del-trabajo\/\" rel=\"bookmark\" class=\"td-image-wrap\" title=\"ARTICULO: OIT &#8211; Am\u00e9rica Latina y la OIT: indagar el pasado para entender el futuro del trabajo\"><img loading=\"lazy\" decoding=\"async\" width=\"324\" height=\"160\" class=\"entry-thumb\" src=\"http:\/\/fundacionluisanderson.org\/wp-content\/themes\/Newspaper\/images\/no-thumb\/td_324x160.png\" alt=\"\"\/><\/a><\/div>                <a href=\"http:\/\/fundacionluisanderson.org\/index.php\/category\/publicaciones\/\" class=\"td-post-category\">Publicaciones<\/a>            <\/div>\r\n            <h3 class=\"entry-title td-module-title\"><a href=\"http:\/\/fundacionluisanderson.org\/index.php\/2019\/10\/21\/articulo-oit-america-latina-y-la-oit-indagar-el-pasado-para-entender-el-futuro-del-trabajo\/\" rel=\"bookmark\" title=\"ARTICULO: OIT &#8211; Am\u00e9rica Latina y la OIT: indagar el pasado para entender el futuro del trabajo\">ARTICULO: OIT &#8211; Am\u00e9rica Latina y la OIT: indagar el pasado...<\/a><\/h3>\r\n            <div class=\"td-module-meta-info\">\r\n                <span class=\"td-post-author-name\"><a href=\"http:\/\/fundacionluisanderson.org\/index.php\/author\/fundacion\/\">Fundacion Luis Anderson<\/a> <span>-<\/span> <\/span>                <span class=\"td-post-date\"><time class=\"entry-date updated td-module-date\" datetime=\"2019-10-21T17:45:18+00:00\" >21 octubre, 2019<\/time><\/span>                <div class=\"td-module-comments\"><a href=\"http:\/\/fundacionluisanderson.org\/index.php\/2019\/10\/21\/articulo-oit-america-latina-y-la-oit-indagar-el-pasado-para-entender-el-futuro-del-trabajo\/#respond\">0<\/a><\/div>            <\/div>\r\n\r\n            \r\n        <\/div>\r\n\r\n        \n\t<\/div> <!-- .\/td-block-span12 --><\/div><div class=\"td-next-prev-wrap\"><a href=\"#\" class=\"td-ajax-prev-page ajax-page-disabled\" id=\"prev-page-td_uid_3_69f265380d91c\" data-td_block_id=\"td_uid_3_69f265380d91c\"><i class=\"td-icon-font td-icon-menu-left\"><\/i><\/a><a href=\"#\"  class=\"td-ajax-next-page\" id=\"next-page-td_uid_3_69f265380d91c\" data-td_block_id=\"td_uid_3_69f265380d91c\"><i class=\"td-icon-font td-icon-menu-right\"><\/i><\/a><\/div><\/div> <!-- .\/block --><div class=\"td_block_wrap td_block_15 td_uid_8_69f265380f262_rand td_with_ajax_pagination td-pb-border-top td_block_template_1 td-column-1 td_block_padding\"  data-td-block-uid=\"td_uid_8_69f265380f262\" ><script>var block_td_uid_8_69f265380f262 = new tdBlock();\nblock_td_uid_8_69f265380f262.id = \"td_uid_8_69f265380f262\";\nblock_td_uid_8_69f265380f262.atts = '{\"category_id\":\"\",\"category_ids\":\"\",\"tag_slug\":\"\",\"autors_id\":\"\",\"sort\":\"random_posts\",\"installed_post_types\":\"\",\"limit\":\"6\",\"offset\":\"\",\"custom_title\":\"MOVIE TRAILERS\",\"custom_url\":\"\",\"header_text_color\":\"\",\"header_color\":\"\",\"td_ajax_filter_type\":\"\",\"td_ajax_filter_ids\":\"\",\"td_filter_default_txt\":\"All\",\"ajax_pagination\":\"load_more\",\"ajax_pagination_infinite_stop\":\"\",\"separator\":\"\",\"block_template_id\":\"\",\"mx4_tl\":\"\",\"post_ids\":\"\",\"el_class\":\"\",\"td_ajax_preloading\":\"\",\"f_header_font_header\":\"\",\"f_header_font_title\":\"Block header\",\"f_header_font_settings\":\"\",\"f_header_font_family\":\"\",\"f_header_font_size\":\"\",\"f_header_font_line_height\":\"\",\"f_header_font_style\":\"\",\"f_header_font_weight\":\"\",\"f_header_font_transform\":\"\",\"f_header_font_spacing\":\"\",\"f_header_\":\"\",\"f_ajax_font_title\":\"Ajax categories\",\"f_ajax_font_settings\":\"\",\"f_ajax_font_family\":\"\",\"f_ajax_font_size\":\"\",\"f_ajax_font_line_height\":\"\",\"f_ajax_font_style\":\"\",\"f_ajax_font_weight\":\"\",\"f_ajax_font_transform\":\"\",\"f_ajax_font_spacing\":\"\",\"f_ajax_\":\"\",\"f_more_font_title\":\"Load more button\",\"f_more_font_settings\":\"\",\"f_more_font_family\":\"\",\"f_more_font_size\":\"\",\"f_more_font_line_height\":\"\",\"f_more_font_style\":\"\",\"f_more_font_weight\":\"\",\"f_more_font_transform\":\"\",\"f_more_font_spacing\":\"\",\"f_more_\":\"\",\"mx4f_title_font_header\":\"\",\"mx4f_title_font_title\":\"Article title\",\"mx4f_title_font_settings\":\"\",\"mx4f_title_font_family\":\"\",\"mx4f_title_font_size\":\"\",\"mx4f_title_font_line_height\":\"\",\"mx4f_title_font_style\":\"\",\"mx4f_title_font_weight\":\"\",\"mx4f_title_font_transform\":\"\",\"mx4f_title_font_spacing\":\"\",\"mx4f_title_\":\"\",\"mx4f_cat_font_title\":\"Article category tag\",\"mx4f_cat_font_settings\":\"\",\"mx4f_cat_font_family\":\"\",\"mx4f_cat_font_size\":\"\",\"mx4f_cat_font_line_height\":\"\",\"mx4f_cat_font_style\":\"\",\"mx4f_cat_font_weight\":\"\",\"mx4f_cat_font_transform\":\"\",\"mx4f_cat_font_spacing\":\"\",\"mx4f_cat_\":\"\",\"css\":\"\",\"tdc_css\":\"\",\"td_column_number\":1,\"color_preset\":\"\",\"border_top\":\"\",\"class\":\"td_uid_8_69f265380f262_rand\",\"tdc_css_class\":\"td_uid_8_69f265380f262_rand\",\"tdc_css_class_style\":\"td_uid_8_69f265380f262_rand_style\"}';\nblock_td_uid_8_69f265380f262.td_column_number = \"1\";\nblock_td_uid_8_69f265380f262.block_type = \"td_block_15\";\nblock_td_uid_8_69f265380f262.post_count = \"6\";\nblock_td_uid_8_69f265380f262.found_posts = \"47\";\nblock_td_uid_8_69f265380f262.header_color = \"\";\nblock_td_uid_8_69f265380f262.ajax_pagination_infinite_stop = \"\";\nblock_td_uid_8_69f265380f262.max_num_pages = \"8\";\ntdBlocksArray.push(block_td_uid_8_69f265380f262);\n<\/script><div class=\"td-block-title-wrap\"><h4 class=\"block-title td-block-title\"><span class=\"td-pulldown-size\">MOVIE TRAILERS<\/span><\/h4><\/div><div id=td_uid_8_69f265380f262 class=\"td_block_inner td-column-1\"><div class=\"td-cust-row\">\n\n\t<div class=\"td-block-span12\">\n\r\n        <div class=\"td_module_mx4 td_module_wrap td-animation-stack\">\r\n            <div class=\"td-module-image\">\r\n                <div class=\"td-module-thumb\"><a href=\"http:\/\/fundacionluisanderson.org\/index.php\/2019\/06\/06\/nota-tecnica-a-dirigentes-empresariales-sindicales-y-profesionales-del-mundo-del-trabajo\/\" rel=\"bookmark\" class=\"td-image-wrap\" title=\"NOTA TECNICA A DIRIGENTES EMPRESARIALES, SINDICALES Y PROFESIONALES DEL MUNDO DEL TRABAJO\"><img loading=\"lazy\" decoding=\"async\" width=\"218\" height=\"150\" class=\"entry-thumb\" src=\"http:\/\/fundacionluisanderson.org\/wp-content\/themes\/Newspaper\/images\/no-thumb\/td_218x150.png\" alt=\"\"\/><\/a><\/div>                <a href=\"http:\/\/fundacionluisanderson.org\/index.php\/category\/publicaciones\/\" class=\"td-post-category\">Publicaciones<\/a>            <\/div>\r\n\r\n            <h3 class=\"entry-title td-module-title\"><a href=\"http:\/\/fundacionluisanderson.org\/index.php\/2019\/06\/06\/nota-tecnica-a-dirigentes-empresariales-sindicales-y-profesionales-del-mundo-del-trabajo\/\" rel=\"bookmark\" title=\"NOTA TECNICA A DIRIGENTES EMPRESARIALES, SINDICALES Y PROFESIONALES DEL MUNDO DEL TRABAJO\">NOTA TECNICA A DIRIGENTES EMPRESARIALES, SINDICALES Y PROFESIONALES DEL MUNDO DEL...<\/a><\/h3>\r\n        <\/div>\r\n\r\n        \n\t<\/div> <!-- .\/td-block-span12 -->\n\n\t<div class=\"td-block-span12\">\n\r\n        <div class=\"td_module_mx4 td_module_wrap td-animation-stack\">\r\n            <div class=\"td-module-image\">\r\n                <div class=\"td-module-thumb\"><a href=\"http:\/\/fundacionluisanderson.org\/index.php\/2018\/10\/30\/luis-anderson-el-valor-de-la-evolucion-y-sus-limites\/\" rel=\"bookmark\" class=\"td-image-wrap\" title=\"Luis Anderson: El valor de la evoluci\u00f3n y sus l\u00edmites\"><img loading=\"lazy\" decoding=\"async\" width=\"218\" height=\"150\" class=\"entry-thumb\" src=\"http:\/\/fundacionluisanderson.org\/wp-content\/uploads\/2018\/11\/Foto.JuanMoreno1-218x150.jpg\" srcset=\"http:\/\/fundacionluisanderson.org\/wp-content\/uploads\/2018\/11\/Foto.JuanMoreno1-218x150.jpg 218w, http:\/\/fundacionluisanderson.org\/wp-content\/uploads\/2018\/11\/Foto.JuanMoreno1-100x70.jpg 100w\" sizes=\"(max-width: 218px) 100vw, 218px\" alt=\"\" title=\"Luis Anderson: El valor de la evoluci\u00f3n y sus l\u00edmites\"\/><\/a><\/div>                <a href=\"http:\/\/fundacionluisanderson.org\/index.php\/category\/homenaje\/\" class=\"td-post-category\">Homenaje<\/a>            <\/div>\r\n\r\n            <h3 class=\"entry-title td-module-title\"><a href=\"http:\/\/fundacionluisanderson.org\/index.php\/2018\/10\/30\/luis-anderson-el-valor-de-la-evolucion-y-sus-limites\/\" rel=\"bookmark\" title=\"Luis Anderson: El valor de la evoluci\u00f3n y sus l\u00edmites\">Luis Anderson: El valor de la evoluci\u00f3n y sus l\u00edmites<\/a><\/h3>\r\n        <\/div>\r\n\r\n        \n\t<\/div> <!-- .\/td-block-span12 --><\/div><div class=\"td-cust-row\">\n\n\t<div class=\"td-block-span12\">\n\r\n        <div class=\"td_module_mx4 td_module_wrap td-animation-stack\">\r\n            <div class=\"td-module-image\">\r\n                <div class=\"td-module-thumb\"><a href=\"http:\/\/fundacionluisanderson.org\/index.php\/2018\/10\/30\/anderson-y-la-doble-agenda-sindical-interna-externa\/\" rel=\"bookmark\" class=\"td-image-wrap\" title=\"ANDERSON Y LA CONSTRUCCI\u00d3N DE UNA DOBLE AGENDA SINDICAL INTERNA\/EXTERNA\"><img loading=\"lazy\" decoding=\"async\" width=\"218\" height=\"150\" class=\"entry-thumb\" src=\"http:\/\/fundacionluisanderson.org\/wp-content\/uploads\/2018\/10\/AlvaroHilda-218x150.png\" srcset=\"http:\/\/fundacionluisanderson.org\/wp-content\/uploads\/2018\/10\/AlvaroHilda-218x150.png 218w, http:\/\/fundacionluisanderson.org\/wp-content\/uploads\/2018\/10\/AlvaroHilda-100x70.png 100w\" sizes=\"(max-width: 218px) 100vw, 218px\" alt=\"\" title=\"ANDERSON Y LA CONSTRUCCI\u00d3N DE UNA DOBLE AGENDA SINDICAL INTERNA\/EXTERNA\"\/><\/a><\/div>                <a href=\"http:\/\/fundacionluisanderson.org\/index.php\/category\/homenaje\/\" class=\"td-post-category\">Homenaje<\/a>            <\/div>\r\n\r\n            <h3 class=\"entry-title td-module-title\"><a href=\"http:\/\/fundacionluisanderson.org\/index.php\/2018\/10\/30\/anderson-y-la-doble-agenda-sindical-interna-externa\/\" rel=\"bookmark\" title=\"ANDERSON Y LA CONSTRUCCI\u00d3N DE UNA DOBLE AGENDA SINDICAL INTERNA\/EXTERNA\">ANDERSON Y LA CONSTRUCCI\u00d3N DE UNA DOBLE AGENDA SINDICAL INTERNA\/EXTERNA<\/a><\/h3>\r\n        <\/div>\r\n\r\n        \n\t<\/div> <!-- .\/td-block-span12 -->\n\n\t<div class=\"td-block-span12\">\n\r\n        <div class=\"td_module_mx4 td_module_wrap td-animation-stack\">\r\n            <div class=\"td-module-image\">\r\n                <div class=\"td-module-thumb\"><a href=\"http:\/\/fundacionluisanderson.org\/index.php\/2019\/05\/21\/nota-de-prensa-nueva-directiva\/\" rel=\"bookmark\" class=\"td-image-wrap\" title=\"FUNDACION LUIS ANDERSON PARA LA INVESTIGACION Y EL DESARROLLO SINDICAL RENUEVA SU JUNTA DIRECTIVA\"><img loading=\"lazy\" decoding=\"async\" width=\"218\" height=\"150\" class=\"entry-thumb\" src=\"http:\/\/fundacionluisanderson.org\/wp-content\/uploads\/2018\/11\/LOGO-FLA-FINAL-01-218x150.png\" srcset=\"http:\/\/fundacionluisanderson.org\/wp-content\/uploads\/2018\/11\/LOGO-FLA-FINAL-01-218x150.png 218w, http:\/\/fundacionluisanderson.org\/wp-content\/uploads\/2018\/11\/LOGO-FLA-FINAL-01-100x70.png 100w\" sizes=\"(max-width: 218px) 100vw, 218px\" alt=\"\" title=\"FUNDACION LUIS ANDERSON PARA LA INVESTIGACION Y EL DESARROLLO SINDICAL RENUEVA SU JUNTA DIRECTIVA\"\/><\/a><\/div>                <a href=\"http:\/\/fundacionluisanderson.org\/index.php\/category\/eventos\/\" class=\"td-post-category\">Eventos<\/a>            <\/div>\r\n\r\n            <h3 class=\"entry-title td-module-title\"><a href=\"http:\/\/fundacionluisanderson.org\/index.php\/2019\/05\/21\/nota-de-prensa-nueva-directiva\/\" rel=\"bookmark\" title=\"FUNDACION LUIS ANDERSON PARA LA INVESTIGACION Y EL DESARROLLO SINDICAL RENUEVA SU JUNTA DIRECTIVA\">FUNDACION LUIS ANDERSON PARA LA INVESTIGACION Y EL DESARROLLO SINDICAL RENUEVA...<\/a><\/h3>\r\n        <\/div>\r\n\r\n        \n\t<\/div> <!-- .\/td-block-span12 --><\/div><div class=\"td-cust-row\">\n\n\t<div class=\"td-block-span12\">\n\r\n        <div class=\"td_module_mx4 td_module_wrap td-animation-stack\">\r\n            <div class=\"td-module-image\">\r\n                <div class=\"td-module-thumb\"><a href=\"http:\/\/fundacionluisanderson.org\/index.php\/2018\/10\/30\/dos-encuentros-en-bruselas\/\" rel=\"bookmark\" class=\"td-image-wrap\" title=\"Dos encuentros en Bruselas\"><img loading=\"lazy\" decoding=\"async\" width=\"218\" height=\"150\" class=\"entry-thumb\" src=\"http:\/\/fundacionluisanderson.org\/wp-content\/uploads\/2018\/10\/Queren-1.png\" srcset=\"http:\/\/fundacionluisanderson.org\/wp-content\/uploads\/2018\/10\/Queren-1.png 218w, http:\/\/fundacionluisanderson.org\/wp-content\/uploads\/2018\/10\/Queren-1-100x70.png 100w\" sizes=\"(max-width: 218px) 100vw, 218px\" alt=\"\" title=\"Dos encuentros en Bruselas\"\/><\/a><\/div>                <a href=\"http:\/\/fundacionluisanderson.org\/index.php\/category\/homenaje\/\" class=\"td-post-category\">Homenaje<\/a>            <\/div>\r\n\r\n            <h3 class=\"entry-title td-module-title\"><a href=\"http:\/\/fundacionluisanderson.org\/index.php\/2018\/10\/30\/dos-encuentros-en-bruselas\/\" rel=\"bookmark\" title=\"Dos encuentros en Bruselas\">Dos encuentros en Bruselas<\/a><\/h3>\r\n        <\/div>\r\n\r\n        \n\t<\/div> <!-- .\/td-block-span12 -->\n\n\t<div class=\"td-block-span12\">\n\r\n        <div class=\"td_module_mx4 td_module_wrap td-animation-stack\">\r\n            <div class=\"td-module-image\">\r\n                <div class=\"td-module-thumb\"><a href=\"http:\/\/fundacionluisanderson.org\/index.php\/2021\/12\/10\/desaparicion-fisica-de-nuestro-amigo-luigi-cal\/\" rel=\"bookmark\" class=\"td-image-wrap\" title=\"Desaparici\u00f3n f\u00edsica de nuestro amigo Luigi Cal\"><img loading=\"lazy\" decoding=\"async\" width=\"218\" height=\"150\" class=\"entry-thumb\" src=\"http:\/\/fundacionluisanderson.org\/wp-content\/uploads\/2021\/12\/WhatsApp-Image-2021-12-10-at-10.06.45-AM-218x150.jpeg\" srcset=\"http:\/\/fundacionluisanderson.org\/wp-content\/uploads\/2021\/12\/WhatsApp-Image-2021-12-10-at-10.06.45-AM-218x150.jpeg 218w, http:\/\/fundacionluisanderson.org\/wp-content\/uploads\/2021\/12\/WhatsApp-Image-2021-12-10-at-10.06.45-AM-100x70.jpeg 100w\" sizes=\"(max-width: 218px) 100vw, 218px\" alt=\"\" title=\"Desaparici\u00f3n f\u00edsica de nuestro amigo Luigi Cal\"\/><\/a><\/div>                <a href=\"http:\/\/fundacionluisanderson.org\/index.php\/category\/publicaciones\/\" class=\"td-post-category\">Publicaciones<\/a>            <\/div>\r\n\r\n            <h3 class=\"entry-title td-module-title\"><a href=\"http:\/\/fundacionluisanderson.org\/index.php\/2021\/12\/10\/desaparicion-fisica-de-nuestro-amigo-luigi-cal\/\" rel=\"bookmark\" title=\"Desaparici\u00f3n f\u00edsica de nuestro amigo Luigi Cal\">Desaparici\u00f3n f\u00edsica de nuestro amigo Luigi Cal<\/a><\/h3>\r\n        <\/div>\r\n\r\n        \n\t<\/div> <!-- .\/td-block-span12 --><\/div><\/div><div class=\"td-load-more-wrap\"><a href=\"#\" class=\"td_ajax_load_more td_ajax_load_more_js\" id=\"next-page-td_uid_8_69f265380f262\" data-td_block_id=\"td_uid_8_69f265380f262\">Cargar m\u00e1s<i class=\"td-icon-font td-icon-menu-down\"><\/i><\/a><\/div><\/div> <!-- .\/block --><div class=\"clearfix\"><\/div><div class=\"td-a-rec td-a-rec-id-custom_ad_2  td_uid_9_69f2653811443_rand td_block_template_1\"><span class=\"td-adspot-title\">Advertisement <\/span><div class=\"td-all-devices\"><a href=\"#\" target=\"_blank\"><img decoding=\"async\" src=\"http:\/\/nastacloud.com\/demo\/fundacionluisanderson\/wp-content\/uploads\/2018\/10\/newspaper-rec728.jpg\"\/><\/a><\/div><\/div><div class=\"td_block_wrap td_block_15 td_uid_10_69f26538115a2_rand td_with_ajax_pagination td-pb-border-top td_block_template_1 td-column-1 td_block_padding\"  data-td-block-uid=\"td_uid_10_69f26538115a2\" ><script>var block_td_uid_10_69f26538115a2 = new tdBlock();\nblock_td_uid_10_69f26538115a2.id = \"td_uid_10_69f26538115a2\";\nblock_td_uid_10_69f26538115a2.atts = '{\"category_id\":\"\",\"category_ids\":\"\",\"tag_slug\":\"\",\"autors_id\":\"\",\"sort\":\"random_posts\",\"installed_post_types\":\"\",\"limit\":\"6\",\"offset\":\"\",\"custom_title\":\"GAMEPLAY\",\"custom_url\":\"\",\"header_text_color\":\"\",\"header_color\":\"\",\"td_ajax_filter_type\":\"\",\"td_ajax_filter_ids\":\"\",\"td_filter_default_txt\":\"All\",\"ajax_pagination\":\"load_more\",\"ajax_pagination_infinite_stop\":\"\",\"separator\":\"\",\"block_template_id\":\"\",\"mx4_tl\":\"\",\"post_ids\":\"\",\"el_class\":\"\",\"td_ajax_preloading\":\"\",\"f_header_font_header\":\"\",\"f_header_font_title\":\"Block header\",\"f_header_font_settings\":\"\",\"f_header_font_family\":\"\",\"f_header_font_size\":\"\",\"f_header_font_line_height\":\"\",\"f_header_font_style\":\"\",\"f_header_font_weight\":\"\",\"f_header_font_transform\":\"\",\"f_header_font_spacing\":\"\",\"f_header_\":\"\",\"f_ajax_font_title\":\"Ajax categories\",\"f_ajax_font_settings\":\"\",\"f_ajax_font_family\":\"\",\"f_ajax_font_size\":\"\",\"f_ajax_font_line_height\":\"\",\"f_ajax_font_style\":\"\",\"f_ajax_font_weight\":\"\",\"f_ajax_font_transform\":\"\",\"f_ajax_font_spacing\":\"\",\"f_ajax_\":\"\",\"f_more_font_title\":\"Load more button\",\"f_more_font_settings\":\"\",\"f_more_font_family\":\"\",\"f_more_font_size\":\"\",\"f_more_font_line_height\":\"\",\"f_more_font_style\":\"\",\"f_more_font_weight\":\"\",\"f_more_font_transform\":\"\",\"f_more_font_spacing\":\"\",\"f_more_\":\"\",\"mx4f_title_font_header\":\"\",\"mx4f_title_font_title\":\"Article title\",\"mx4f_title_font_settings\":\"\",\"mx4f_title_font_family\":\"\",\"mx4f_title_font_size\":\"\",\"mx4f_title_font_line_height\":\"\",\"mx4f_title_font_style\":\"\",\"mx4f_title_font_weight\":\"\",\"mx4f_title_font_transform\":\"\",\"mx4f_title_font_spacing\":\"\",\"mx4f_title_\":\"\",\"mx4f_cat_font_title\":\"Article category tag\",\"mx4f_cat_font_settings\":\"\",\"mx4f_cat_font_family\":\"\",\"mx4f_cat_font_size\":\"\",\"mx4f_cat_font_line_height\":\"\",\"mx4f_cat_font_style\":\"\",\"mx4f_cat_font_weight\":\"\",\"mx4f_cat_font_transform\":\"\",\"mx4f_cat_font_spacing\":\"\",\"mx4f_cat_\":\"\",\"css\":\"\",\"tdc_css\":\"\",\"td_column_number\":1,\"color_preset\":\"\",\"border_top\":\"\",\"class\":\"td_uid_10_69f26538115a2_rand\",\"tdc_css_class\":\"td_uid_10_69f26538115a2_rand\",\"tdc_css_class_style\":\"td_uid_10_69f26538115a2_rand_style\"}';\nblock_td_uid_10_69f26538115a2.td_column_number = \"1\";\nblock_td_uid_10_69f26538115a2.block_type = \"td_block_15\";\nblock_td_uid_10_69f26538115a2.post_count = \"6\";\nblock_td_uid_10_69f26538115a2.found_posts = \"47\";\nblock_td_uid_10_69f26538115a2.header_color = \"\";\nblock_td_uid_10_69f26538115a2.ajax_pagination_infinite_stop = \"\";\nblock_td_uid_10_69f26538115a2.max_num_pages = \"8\";\ntdBlocksArray.push(block_td_uid_10_69f26538115a2);\n<\/script><div class=\"td-block-title-wrap\"><h4 class=\"block-title td-block-title\"><span class=\"td-pulldown-size\">GAMEPLAY<\/span><\/h4><\/div><div id=td_uid_10_69f26538115a2 class=\"td_block_inner td-column-1\"><div class=\"td-cust-row\">\n\n\t<div class=\"td-block-span12\">\n\r\n        <div class=\"td_module_mx4 td_module_wrap td-animation-stack\">\r\n            <div class=\"td-module-image\">\r\n                <div class=\"td-module-thumb\"><a href=\"http:\/\/fundacionluisanderson.org\/index.php\/2018\/10\/30\/luis-anderson-20-anos-al-frente-de-la-ciosl-orit-un-gran-dirigente\/\" rel=\"bookmark\" class=\"td-image-wrap\" title=\"Luis Anderson \u2013 20 a\u00f1os al frente de la CIOSL\/ORIT \u2013 Un Gran Dirigente\"><img loading=\"lazy\" decoding=\"async\" width=\"218\" height=\"150\" class=\"entry-thumb\" src=\"http:\/\/fundacionluisanderson.org\/wp-content\/uploads\/2018\/10\/Rodolfo-Romero-1-218x150.jpg\" srcset=\"http:\/\/fundacionluisanderson.org\/wp-content\/uploads\/2018\/10\/Rodolfo-Romero-1-218x150.jpg 218w, http:\/\/fundacionluisanderson.org\/wp-content\/uploads\/2018\/10\/Rodolfo-Romero-1-100x70.jpg 100w\" sizes=\"(max-width: 218px) 100vw, 218px\" alt=\"\" title=\"Luis Anderson \u2013 20 a\u00f1os al frente de la CIOSL\/ORIT \u2013 Un Gran Dirigente\"\/><\/a><\/div>                <a href=\"http:\/\/fundacionluisanderson.org\/index.php\/category\/homenaje\/\" class=\"td-post-category\">Homenaje<\/a>            <\/div>\r\n\r\n            <h3 class=\"entry-title td-module-title\"><a href=\"http:\/\/fundacionluisanderson.org\/index.php\/2018\/10\/30\/luis-anderson-20-anos-al-frente-de-la-ciosl-orit-un-gran-dirigente\/\" rel=\"bookmark\" title=\"Luis Anderson \u2013 20 a\u00f1os al frente de la CIOSL\/ORIT \u2013 Un Gran Dirigente\">Luis Anderson \u2013 20 a\u00f1os al frente de la CIOSL\/ORIT \u2013...<\/a><\/h3>\r\n        <\/div>\r\n\r\n        \n\t<\/div> <!-- .\/td-block-span12 -->\n\n\t<div class=\"td-block-span12\">\n\r\n        <div class=\"td_module_mx4 td_module_wrap td-animation-stack\">\r\n            <div class=\"td-module-image\">\r\n                <div class=\"td-module-thumb\"><a href=\"http:\/\/fundacionluisanderson.org\/index.php\/2018\/10\/30\/mis-recuerdos-de-luis-anderson\/\" rel=\"bookmark\" class=\"td-image-wrap\" title=\"Mis recuerdos de Luis Anderson\"><img loading=\"lazy\" decoding=\"async\" width=\"218\" height=\"150\" class=\"entry-thumb\" src=\"http:\/\/fundacionluisanderson.org\/wp-content\/uploads\/2018\/11\/TimBeatty-218x150.jpg\" srcset=\"http:\/\/fundacionluisanderson.org\/wp-content\/uploads\/2018\/11\/TimBeatty-218x150.jpg 218w, http:\/\/fundacionluisanderson.org\/wp-content\/uploads\/2018\/11\/TimBeatty-100x70.jpg 100w\" sizes=\"(max-width: 218px) 100vw, 218px\" alt=\"\" title=\"Mis recuerdos de Luis Anderson\"\/><\/a><\/div>                <a href=\"http:\/\/fundacionluisanderson.org\/index.php\/category\/homenaje\/\" class=\"td-post-category\">Homenaje<\/a>            <\/div>\r\n\r\n            <h3 class=\"entry-title td-module-title\"><a href=\"http:\/\/fundacionluisanderson.org\/index.php\/2018\/10\/30\/mis-recuerdos-de-luis-anderson\/\" rel=\"bookmark\" title=\"Mis recuerdos de Luis Anderson\">Mis recuerdos de Luis Anderson<\/a><\/h3>\r\n        <\/div>\r\n\r\n        \n\t<\/div> <!-- .\/td-block-span12 --><\/div><div class=\"td-cust-row\">\n\n\t<div class=\"td-block-span12\">\n\r\n        <div class=\"td_module_mx4 td_module_wrap td-animation-stack\">\r\n            <div class=\"td-module-image\">\r\n                <div class=\"td-module-thumb\"><a href=\"http:\/\/fundacionluisanderson.org\/index.php\/2018\/10\/29\/luis-anderson-su-aporte-al-cambio-geopolitico-mundial-recuerdo-en-los-15-anos-de-su-partida\/\" rel=\"bookmark\" class=\"td-image-wrap\" title=\"Luis Anderson: Su aporte al cambio geopol\u00edtico mundial. \u00a1Recuerdo en los 15 a\u00f1os de su partida!\"><img loading=\"lazy\" decoding=\"async\" width=\"218\" height=\"150\" class=\"entry-thumb\" src=\"http:\/\/fundacionluisanderson.org\/wp-content\/uploads\/2018\/11\/Beethoven-218x150.jpg\" srcset=\"http:\/\/fundacionluisanderson.org\/wp-content\/uploads\/2018\/11\/Beethoven-218x150.jpg 218w, http:\/\/fundacionluisanderson.org\/wp-content\/uploads\/2018\/11\/Beethoven-100x70.jpg 100w\" sizes=\"(max-width: 218px) 100vw, 218px\" alt=\"\" title=\"Luis Anderson: Su aporte al cambio geopol\u00edtico mundial. \u00a1Recuerdo en los 15 a\u00f1os de su partida!\"\/><\/a><\/div>                <a href=\"http:\/\/fundacionluisanderson.org\/index.php\/category\/homenaje\/\" class=\"td-post-category\">Homenaje<\/a>            <\/div>\r\n\r\n            <h3 class=\"entry-title td-module-title\"><a href=\"http:\/\/fundacionluisanderson.org\/index.php\/2018\/10\/29\/luis-anderson-su-aporte-al-cambio-geopolitico-mundial-recuerdo-en-los-15-anos-de-su-partida\/\" rel=\"bookmark\" title=\"Luis Anderson: Su aporte al cambio geopol\u00edtico mundial. \u00a1Recuerdo en los 15 a\u00f1os de su partida!\">Luis Anderson: Su aporte al cambio geopol\u00edtico mundial. \u00a1Recuerdo en los...<\/a><\/h3>\r\n        <\/div>\r\n\r\n        \n\t<\/div> <!-- .\/td-block-span12 -->\n\n\t<div class=\"td-block-span12\">\n\r\n        <div class=\"td_module_mx4 td_module_wrap td-animation-stack\">\r\n            <div class=\"td-module-image\">\r\n                <div class=\"td-module-thumb\"><a href=\"http:\/\/fundacionluisanderson.org\/index.php\/2018\/10\/30\/luis-anderson-y-la-union-general-de-trabajadores-de-espana\/\" rel=\"bookmark\" class=\"td-image-wrap\" title=\"Luis Anderson y La Uni\u00f3n General de Trabajadores de Espa\u00f1a\"><img loading=\"lazy\" decoding=\"async\" width=\"218\" height=\"150\" class=\"entry-thumb\" src=\"http:\/\/fundacionluisanderson.org\/wp-content\/uploads\/2018\/10\/Candido_small-218x150.jpg\" srcset=\"http:\/\/fundacionluisanderson.org\/wp-content\/uploads\/2018\/10\/Candido_small-218x150.jpg 218w, http:\/\/fundacionluisanderson.org\/wp-content\/uploads\/2018\/10\/Candido_small-218x150-100x70.jpg 100w\" sizes=\"(max-width: 218px) 100vw, 218px\" alt=\"\" title=\"Luis Anderson y La Uni\u00f3n General de Trabajadores de Espa\u00f1a\"\/><\/a><\/div>                <a href=\"http:\/\/fundacionluisanderson.org\/index.php\/category\/homenaje\/\" class=\"td-post-category\">Homenaje<\/a>            <\/div>\r\n\r\n            <h3 class=\"entry-title td-module-title\"><a href=\"http:\/\/fundacionluisanderson.org\/index.php\/2018\/10\/30\/luis-anderson-y-la-union-general-de-trabajadores-de-espana\/\" rel=\"bookmark\" title=\"Luis Anderson y La Uni\u00f3n General de Trabajadores de Espa\u00f1a\">Luis Anderson y La Uni\u00f3n General de Trabajadores de Espa\u00f1a<\/a><\/h3>\r\n        <\/div>\r\n\r\n        \n\t<\/div> <!-- .\/td-block-span12 --><\/div><div class=\"td-cust-row\">\n\n\t<div class=\"td-block-span12\">\n\r\n        <div class=\"td_module_mx4 td_module_wrap td-animation-stack\">\r\n            <div class=\"td-module-image\">\r\n                <div class=\"td-module-thumb\"><a href=\"http:\/\/fundacionluisanderson.org\/index.php\/2019\/07\/10\/aniversario-fla-18\/\" rel=\"bookmark\" class=\"td-image-wrap\" title=\"ANIVERSARIO FLA &#8217;18\"><img loading=\"lazy\" decoding=\"async\" width=\"218\" height=\"150\" class=\"entry-thumb\" src=\"http:\/\/fundacionluisanderson.org\/wp-content\/uploads\/2018\/11\/Foto-de-Luis-Anderson-300x300-218x150.jpg\" srcset=\"http:\/\/fundacionluisanderson.org\/wp-content\/uploads\/2018\/11\/Foto-de-Luis-Anderson-300x300-218x150.jpg 218w, http:\/\/fundacionluisanderson.org\/wp-content\/uploads\/2018\/11\/Foto-de-Luis-Anderson-300x300-100x70.jpg 100w\" sizes=\"(max-width: 218px) 100vw, 218px\" alt=\"\" title=\"ANIVERSARIO FLA &#8217;18\"\/><\/a><\/div>                <a href=\"http:\/\/fundacionluisanderson.org\/index.php\/category\/publicaciones\/\" class=\"td-post-category\">Publicaciones<\/a>            <\/div>\r\n\r\n            <h3 class=\"entry-title td-module-title\"><a href=\"http:\/\/fundacionluisanderson.org\/index.php\/2019\/07\/10\/aniversario-fla-18\/\" rel=\"bookmark\" title=\"ANIVERSARIO FLA &#8217;18\">ANIVERSARIO FLA &#8217;18<\/a><\/h3>\r\n        <\/div>\r\n\r\n        \n\t<\/div> <!-- .\/td-block-span12 -->\n\n\t<div class=\"td-block-span12\">\n\r\n        <div class=\"td_module_mx4 td_module_wrap td-animation-stack\">\r\n            <div class=\"td-module-image\">\r\n                <div class=\"td-module-thumb\"><a href=\"http:\/\/fundacionluisanderson.org\/index.php\/2019\/05\/21\/nota-de-prensa-nueva-directiva\/\" rel=\"bookmark\" class=\"td-image-wrap\" title=\"FUNDACION LUIS ANDERSON PARA LA INVESTIGACION Y EL DESARROLLO SINDICAL RENUEVA SU JUNTA DIRECTIVA\"><img loading=\"lazy\" decoding=\"async\" width=\"218\" height=\"150\" class=\"entry-thumb\" src=\"http:\/\/fundacionluisanderson.org\/wp-content\/uploads\/2018\/11\/LOGO-FLA-FINAL-01-218x150.png\" srcset=\"http:\/\/fundacionluisanderson.org\/wp-content\/uploads\/2018\/11\/LOGO-FLA-FINAL-01-218x150.png 218w, http:\/\/fundacionluisanderson.org\/wp-content\/uploads\/2018\/11\/LOGO-FLA-FINAL-01-100x70.png 100w\" sizes=\"(max-width: 218px) 100vw, 218px\" alt=\"\" title=\"FUNDACION LUIS ANDERSON PARA LA INVESTIGACION Y EL DESARROLLO SINDICAL RENUEVA SU JUNTA DIRECTIVA\"\/><\/a><\/div>                <a href=\"http:\/\/fundacionluisanderson.org\/index.php\/category\/eventos\/\" class=\"td-post-category\">Eventos<\/a>            <\/div>\r\n\r\n            <h3 class=\"entry-title td-module-title\"><a href=\"http:\/\/fundacionluisanderson.org\/index.php\/2019\/05\/21\/nota-de-prensa-nueva-directiva\/\" rel=\"bookmark\" title=\"FUNDACION LUIS ANDERSON PARA LA INVESTIGACION Y EL DESARROLLO SINDICAL RENUEVA SU JUNTA DIRECTIVA\">FUNDACION LUIS ANDERSON PARA LA INVESTIGACION Y EL DESARROLLO SINDICAL RENUEVA...<\/a><\/h3>\r\n        <\/div>\r\n\r\n        \n\t<\/div> <!-- .\/td-block-span12 --><\/div><\/div><div class=\"td-load-more-wrap\"><a href=\"#\" class=\"td_ajax_load_more td_ajax_load_more_js\" id=\"next-page-td_uid_10_69f26538115a2\" data-td_block_id=\"td_uid_10_69f26538115a2\">Cargar m\u00e1s<i class=\"td-icon-font td-icon-menu-down\"><\/i><\/a><\/div><\/div> <!-- .\/block --><div class=\"clearfix\"><\/div>[\/vc_column][vc_column width=\u00bb1\/3&#8243;]<div class=\"td-a-rec td-a-rec-id-sidebar  td-rec-hide-on-m td-rec-hide-on-tl td-rec-hide-on-tp td-rec-hide-on-p td_uid_11_69f26538137c0_rand td_block_template_1\"><span class=\"td-adspot-title\">Advertisement <\/span><div class=\"td-all-devices\"><a href=\"#\" target=\"_blank\"><img decoding=\"async\" src=\"http:\/\/nastacloud.com\/demo\/fundacionluisanderson\/wp-content\/uploads\/2018\/10\/newspaper-rec300.jpg\"\/><\/a><\/div><\/div><div class=\"td_block_wrap td_block_15 td_uid_12_69f26538138f3_rand td_with_ajax_pagination td-pb-border-top td_block_template_1 td-column-1 td_block_padding\"  data-td-block-uid=\"td_uid_12_69f26538138f3\" ><script>var block_td_uid_12_69f26538138f3 = new tdBlock();\nblock_td_uid_12_69f26538138f3.id = \"td_uid_12_69f26538138f3\";\nblock_td_uid_12_69f26538138f3.atts = '{\"custom_title\":\"TRENDING NOW\",\"limit\":\"6\",\"td_filter_default_txt\":\"All\",\"ajax_pagination\":\"next_prev\",\"separator\":\"\",\"custom_url\":\"\",\"block_template_id\":\"\",\"mx4_tl\":\"\",\"post_ids\":\"\",\"category_id\":\"\",\"category_ids\":\"\",\"tag_slug\":\"\",\"autors_id\":\"\",\"installed_post_types\":\"\",\"sort\":\"\",\"offset\":\"\",\"el_class\":\"\",\"td_ajax_filter_type\":\"\",\"td_ajax_filter_ids\":\"\",\"td_ajax_preloading\":\"\",\"f_header_font_header\":\"\",\"f_header_font_title\":\"Block header\",\"f_header_font_settings\":\"\",\"f_header_font_family\":\"\",\"f_header_font_size\":\"\",\"f_header_font_line_height\":\"\",\"f_header_font_style\":\"\",\"f_header_font_weight\":\"\",\"f_header_font_transform\":\"\",\"f_header_font_spacing\":\"\",\"f_header_\":\"\",\"f_ajax_font_title\":\"Ajax categories\",\"f_ajax_font_settings\":\"\",\"f_ajax_font_family\":\"\",\"f_ajax_font_size\":\"\",\"f_ajax_font_line_height\":\"\",\"f_ajax_font_style\":\"\",\"f_ajax_font_weight\":\"\",\"f_ajax_font_transform\":\"\",\"f_ajax_font_spacing\":\"\",\"f_ajax_\":\"\",\"f_more_font_title\":\"Load more button\",\"f_more_font_settings\":\"\",\"f_more_font_family\":\"\",\"f_more_font_size\":\"\",\"f_more_font_line_height\":\"\",\"f_more_font_style\":\"\",\"f_more_font_weight\":\"\",\"f_more_font_transform\":\"\",\"f_more_font_spacing\":\"\",\"f_more_\":\"\",\"mx4f_title_font_header\":\"\",\"mx4f_title_font_title\":\"Article title\",\"mx4f_title_font_settings\":\"\",\"mx4f_title_font_family\":\"\",\"mx4f_title_font_size\":\"\",\"mx4f_title_font_line_height\":\"\",\"mx4f_title_font_style\":\"\",\"mx4f_title_font_weight\":\"\",\"mx4f_title_font_transform\":\"\",\"mx4f_title_font_spacing\":\"\",\"mx4f_title_\":\"\",\"mx4f_cat_font_title\":\"Article category tag\",\"mx4f_cat_font_settings\":\"\",\"mx4f_cat_font_family\":\"\",\"mx4f_cat_font_size\":\"\",\"mx4f_cat_font_line_height\":\"\",\"mx4f_cat_font_style\":\"\",\"mx4f_cat_font_weight\":\"\",\"mx4f_cat_font_transform\":\"\",\"mx4f_cat_font_spacing\":\"\",\"mx4f_cat_\":\"\",\"ajax_pagination_infinite_stop\":\"\",\"css\":\"\",\"tdc_css\":\"\",\"td_column_number\":1,\"header_color\":\"\",\"color_preset\":\"\",\"border_top\":\"\",\"class\":\"td_uid_12_69f26538138f3_rand\",\"tdc_css_class\":\"td_uid_12_69f26538138f3_rand\",\"tdc_css_class_style\":\"td_uid_12_69f26538138f3_rand_style\"}';\nblock_td_uid_12_69f26538138f3.td_column_number = \"1\";\nblock_td_uid_12_69f26538138f3.block_type = \"td_block_15\";\nblock_td_uid_12_69f26538138f3.post_count = \"6\";\nblock_td_uid_12_69f26538138f3.found_posts = \"47\";\nblock_td_uid_12_69f26538138f3.header_color = \"\";\nblock_td_uid_12_69f26538138f3.ajax_pagination_infinite_stop = \"\";\nblock_td_uid_12_69f26538138f3.max_num_pages = \"8\";\ntdBlocksArray.push(block_td_uid_12_69f26538138f3);\n<\/script><div class=\"td-block-title-wrap\"><h4 class=\"block-title td-block-title\"><span class=\"td-pulldown-size\">TRENDING NOW<\/span><\/h4><\/div><div id=td_uid_12_69f26538138f3 class=\"td_block_inner td-column-1\"><div class=\"td-cust-row\">\n\n\t<div class=\"td-block-span12\">\n\r\n        <div class=\"td_module_mx4 td_module_wrap td-animation-stack\">\r\n            <div class=\"td-module-image\">\r\n                <div class=\"td-module-thumb\"><a href=\"http:\/\/fundacionluisanderson.org\/index.php\/2021\/12\/10\/desaparicion-fisica-de-nuestro-amigo-luigi-cal\/\" rel=\"bookmark\" class=\"td-image-wrap\" title=\"Desaparici\u00f3n f\u00edsica de nuestro amigo Luigi Cal\"><img loading=\"lazy\" decoding=\"async\" width=\"218\" height=\"150\" class=\"entry-thumb\" src=\"http:\/\/fundacionluisanderson.org\/wp-content\/uploads\/2021\/12\/WhatsApp-Image-2021-12-10-at-10.06.45-AM-218x150.jpeg\" srcset=\"http:\/\/fundacionluisanderson.org\/wp-content\/uploads\/2021\/12\/WhatsApp-Image-2021-12-10-at-10.06.45-AM-218x150.jpeg 218w, http:\/\/fundacionluisanderson.org\/wp-content\/uploads\/2021\/12\/WhatsApp-Image-2021-12-10-at-10.06.45-AM-100x70.jpeg 100w\" sizes=\"(max-width: 218px) 100vw, 218px\" alt=\"\" title=\"Desaparici\u00f3n f\u00edsica de nuestro amigo Luigi Cal\"\/><\/a><\/div>                <a href=\"http:\/\/fundacionluisanderson.org\/index.php\/category\/publicaciones\/\" class=\"td-post-category\">Publicaciones<\/a>            <\/div>\r\n\r\n            <h3 class=\"entry-title td-module-title\"><a href=\"http:\/\/fundacionluisanderson.org\/index.php\/2021\/12\/10\/desaparicion-fisica-de-nuestro-amigo-luigi-cal\/\" rel=\"bookmark\" title=\"Desaparici\u00f3n f\u00edsica de nuestro amigo Luigi Cal\">Desaparici\u00f3n f\u00edsica de nuestro amigo Luigi Cal<\/a><\/h3>\r\n        <\/div>\r\n\r\n        \n\t<\/div> <!-- .\/td-block-span12 -->\n\n\t<div class=\"td-block-span12\">\n\r\n        <div class=\"td_module_mx4 td_module_wrap td-animation-stack\">\r\n            <div class=\"td-module-image\">\r\n                <div class=\"td-module-thumb\"><a href=\"http:\/\/fundacionluisanderson.org\/index.php\/2020\/07\/07\/desaparicion-fisica-del-companero-mariano-negron\/\" rel=\"bookmark\" class=\"td-image-wrap\" title=\"Desaparici\u00f3n F\u00edsica del compa\u00f1ero Mariano Negr\u00f3n\"><img loading=\"lazy\" decoding=\"async\" width=\"218\" height=\"150\" class=\"entry-thumb\" src=\"http:\/\/fundacionluisanderson.org\/wp-content\/themes\/Newspaper\/images\/no-thumb\/td_218x150.png\" alt=\"\"\/><\/a><\/div>                <a href=\"http:\/\/fundacionluisanderson.org\/index.php\/category\/publicaciones\/\" class=\"td-post-category\">Publicaciones<\/a>            <\/div>\r\n\r\n            <h3 class=\"entry-title td-module-title\"><a href=\"http:\/\/fundacionluisanderson.org\/index.php\/2020\/07\/07\/desaparicion-fisica-del-companero-mariano-negron\/\" rel=\"bookmark\" title=\"Desaparici\u00f3n F\u00edsica del compa\u00f1ero Mariano Negr\u00f3n\">Desaparici\u00f3n F\u00edsica del compa\u00f1ero Mariano Negr\u00f3n<\/a><\/h3>\r\n        <\/div>\r\n\r\n        \n\t<\/div> <!-- .\/td-block-span12 --><\/div><div class=\"td-cust-row\">\n\n\t<div class=\"td-block-span12\">\n\r\n        <div class=\"td_module_mx4 td_module_wrap td-animation-stack\">\r\n            <div class=\"td-module-image\">\r\n                <div class=\"td-module-thumb\"><a href=\"http:\/\/fundacionluisanderson.org\/index.php\/2019\/12\/10\/conferencia-magistral-la-historia-de-la-oit-desde-una-vision-americana\/\" rel=\"bookmark\" class=\"td-image-wrap\" title=\"Conferencia Magistral, \u201cLa historia de la OIT desde una visi\u00f3n americana\u201d\"><img loading=\"lazy\" decoding=\"async\" width=\"218\" height=\"150\" class=\"entry-thumb\" src=\"http:\/\/fundacionluisanderson.org\/wp-content\/uploads\/2019\/12\/2-218x150.jpeg\" srcset=\"http:\/\/fundacionluisanderson.org\/wp-content\/uploads\/2019\/12\/2-218x150.jpeg 218w, http:\/\/fundacionluisanderson.org\/wp-content\/uploads\/2019\/12\/2-100x70.jpeg 100w\" sizes=\"(max-width: 218px) 100vw, 218px\" alt=\"\" title=\"Conferencia Magistral, \u201cLa historia de la OIT desde una visi\u00f3n americana\u201d\"\/><\/a><\/div>                <a href=\"http:\/\/fundacionluisanderson.org\/index.php\/category\/eventos\/\" class=\"td-post-category\">Eventos<\/a>            <\/div>\r\n\r\n            <h3 class=\"entry-title td-module-title\"><a href=\"http:\/\/fundacionluisanderson.org\/index.php\/2019\/12\/10\/conferencia-magistral-la-historia-de-la-oit-desde-una-vision-americana\/\" rel=\"bookmark\" title=\"Conferencia Magistral, \u201cLa historia de la OIT desde una visi\u00f3n americana\u201d\">Conferencia Magistral, \u201cLa historia de la OIT desde una visi\u00f3n americana\u201d<\/a><\/h3>\r\n        <\/div>\r\n\r\n        \n\t<\/div> <!-- .\/td-block-span12 -->\n\n\t<div class=\"td-block-span12\">\n\r\n        <div class=\"td_module_mx4 td_module_wrap td-animation-stack\">\r\n            <div class=\"td-module-image\">\r\n                <div class=\"td-module-thumb\"><a href=\"http:\/\/fundacionluisanderson.org\/index.php\/2019\/10\/21\/articulo-oit-america-latina-y-la-oit-indagar-el-pasado-para-entender-el-futuro-del-trabajo\/\" rel=\"bookmark\" class=\"td-image-wrap\" title=\"ARTICULO: OIT &#8211; Am\u00e9rica Latina y la OIT: indagar el pasado para entender el futuro del trabajo\"><img loading=\"lazy\" decoding=\"async\" width=\"218\" height=\"150\" class=\"entry-thumb\" src=\"http:\/\/fundacionluisanderson.org\/wp-content\/themes\/Newspaper\/images\/no-thumb\/td_218x150.png\" alt=\"\"\/><\/a><\/div>                <a href=\"http:\/\/fundacionluisanderson.org\/index.php\/category\/publicaciones\/\" class=\"td-post-category\">Publicaciones<\/a>            <\/div>\r\n\r\n            <h3 class=\"entry-title td-module-title\"><a href=\"http:\/\/fundacionluisanderson.org\/index.php\/2019\/10\/21\/articulo-oit-america-latina-y-la-oit-indagar-el-pasado-para-entender-el-futuro-del-trabajo\/\" rel=\"bookmark\" title=\"ARTICULO: OIT &#8211; Am\u00e9rica Latina y la OIT: indagar el pasado para entender el futuro del trabajo\">ARTICULO: OIT &#8211; Am\u00e9rica Latina y la OIT: indagar el pasado...<\/a><\/h3>\r\n        <\/div>\r\n\r\n        \n\t<\/div> <!-- .\/td-block-span12 --><\/div><div class=\"td-cust-row\">\n\n\t<div class=\"td-block-span12\">\n\r\n        <div class=\"td_module_mx4 td_module_wrap td-animation-stack\">\r\n            <div class=\"td-module-image\">\r\n                <div class=\"td-module-thumb\"><a href=\"http:\/\/fundacionluisanderson.org\/index.php\/2019\/10\/14\/desaparicion-fisica-del-companero-santiago-montero\/\" rel=\"bookmark\" class=\"td-image-wrap\" title=\"Desaparici\u00f3n f\u00edsica del compa\u00f1ero Santiago Montero\"><img loading=\"lazy\" decoding=\"async\" width=\"218\" height=\"150\" class=\"entry-thumb\" src=\"http:\/\/fundacionluisanderson.org\/wp-content\/uploads\/2019\/10\/Santiado-Montero-218x150.jpeg\" srcset=\"http:\/\/fundacionluisanderson.org\/wp-content\/uploads\/2019\/10\/Santiado-Montero-218x150.jpeg 218w, http:\/\/fundacionluisanderson.org\/wp-content\/uploads\/2019\/10\/Santiado-Montero-100x70.jpeg 100w\" sizes=\"(max-width: 218px) 100vw, 218px\" alt=\"\" title=\"Desaparici\u00f3n f\u00edsica del compa\u00f1ero Santiago Montero\"\/><\/a><\/div>                <a href=\"http:\/\/fundacionluisanderson.org\/index.php\/category\/publicaciones\/\" class=\"td-post-category\">Publicaciones<\/a>            <\/div>\r\n\r\n            <h3 class=\"entry-title td-module-title\"><a href=\"http:\/\/fundacionluisanderson.org\/index.php\/2019\/10\/14\/desaparicion-fisica-del-companero-santiago-montero\/\" rel=\"bookmark\" title=\"Desaparici\u00f3n f\u00edsica del compa\u00f1ero Santiago Montero\">Desaparici\u00f3n f\u00edsica del compa\u00f1ero Santiago Montero<\/a><\/h3>\r\n        <\/div>\r\n\r\n        \n\t<\/div> <!-- .\/td-block-span12 -->\n\n\t<div class=\"td-block-span12\">\n\r\n        <div class=\"td_module_mx4 td_module_wrap td-animation-stack\">\r\n            <div class=\"td-module-image\">\r\n                <div class=\"td-module-thumb\"><a href=\"http:\/\/fundacionluisanderson.org\/index.php\/2019\/07\/10\/aniversario-fla-18\/\" rel=\"bookmark\" class=\"td-image-wrap\" title=\"ANIVERSARIO FLA &#8217;18\"><img loading=\"lazy\" decoding=\"async\" width=\"218\" height=\"150\" class=\"entry-thumb\" src=\"http:\/\/fundacionluisanderson.org\/wp-content\/uploads\/2018\/11\/Foto-de-Luis-Anderson-300x300-218x150.jpg\" srcset=\"http:\/\/fundacionluisanderson.org\/wp-content\/uploads\/2018\/11\/Foto-de-Luis-Anderson-300x300-218x150.jpg 218w, http:\/\/fundacionluisanderson.org\/wp-content\/uploads\/2018\/11\/Foto-de-Luis-Anderson-300x300-100x70.jpg 100w\" sizes=\"(max-width: 218px) 100vw, 218px\" alt=\"\" title=\"ANIVERSARIO FLA &#8217;18\"\/><\/a><\/div>                <a href=\"http:\/\/fundacionluisanderson.org\/index.php\/category\/publicaciones\/\" class=\"td-post-category\">Publicaciones<\/a>            <\/div>\r\n\r\n            <h3 class=\"entry-title td-module-title\"><a href=\"http:\/\/fundacionluisanderson.org\/index.php\/2019\/07\/10\/aniversario-fla-18\/\" rel=\"bookmark\" title=\"ANIVERSARIO FLA &#8217;18\">ANIVERSARIO FLA &#8217;18<\/a><\/h3>\r\n        <\/div>\r\n\r\n        \n\t<\/div> <!-- .\/td-block-span12 --><\/div><\/div><div class=\"td-next-prev-wrap\"><a href=\"#\" class=\"td-ajax-prev-page ajax-page-disabled\" id=\"prev-page-td_uid_12_69f26538138f3\" data-td_block_id=\"td_uid_12_69f26538138f3\"><i class=\"td-icon-font td-icon-menu-left\"><\/i><\/a><a href=\"#\"  class=\"td-ajax-next-page\" id=\"next-page-td_uid_12_69f26538138f3\" data-td_block_id=\"td_uid_12_69f26538138f3\"><i class=\"td-icon-font td-icon-menu-right\"><\/i><\/a><\/div><\/div> <!-- .\/block --><div class=\"clearfix\"><\/div>[td_block_social_counter custom_title=\u00bbSTAY CONNECTED\u00bb header_color=\u00bb\u00bb header_text_color=\u00bb\u00bb facebook=\u00bbenvato\u00bb twitter=\u00bbenvato\u00bb youtube=\u00bbtagdiv\u00bb vimeo=\u00bb\u00bb googleplus=\u00bb\u00bb instagram=\u00bb\u00bb soundcloud=\u00bb\u00bb rss=\u00bb\u00bb open_in_new_window=\u00bby\u00bb]<div class=\"td_block_wrap td_block_18 td_uid_13_69f26538149d4_rand td-pb-border-top td_block_template_1 td-column-1\"  data-td-block-uid=\"td_uid_13_69f26538149d4\" ><script>var block_td_uid_13_69f26538149d4 = new tdBlock();\nblock_td_uid_13_69f26538149d4.id = \"td_uid_13_69f26538149d4\";\nblock_td_uid_13_69f26538149d4.atts = '{\"limit\":\"5\",\"custom_title\":\"TOP REVIEWS\",\"td_filter_default_txt\":\"All\",\"category_id\":\"\",\"separator\":\"\",\"custom_url\":\"\",\"block_template_id\":\"\",\"mx8_tl\":\"\",\"m10_tl\":\"\",\"m10_el\":\"\",\"mx2_tl\":\"\",\"post_ids\":\"\",\"category_ids\":\"\",\"tag_slug\":\"\",\"autors_id\":\"\",\"installed_post_types\":\"\",\"sort\":\"\",\"offset\":\"\",\"el_class\":\"\",\"td_ajax_filter_type\":\"\",\"td_ajax_filter_ids\":\"\",\"td_ajax_preloading\":\"\",\"f_header_font_header\":\"\",\"f_header_font_title\":\"Block header\",\"f_header_font_settings\":\"\",\"f_header_font_family\":\"\",\"f_header_font_size\":\"\",\"f_header_font_line_height\":\"\",\"f_header_font_style\":\"\",\"f_header_font_weight\":\"\",\"f_header_font_transform\":\"\",\"f_header_font_spacing\":\"\",\"f_header_\":\"\",\"f_ajax_font_title\":\"Ajax categories\",\"f_ajax_font_settings\":\"\",\"f_ajax_font_family\":\"\",\"f_ajax_font_size\":\"\",\"f_ajax_font_line_height\":\"\",\"f_ajax_font_style\":\"\",\"f_ajax_font_weight\":\"\",\"f_ajax_font_transform\":\"\",\"f_ajax_font_spacing\":\"\",\"f_ajax_\":\"\",\"f_more_font_title\":\"Load more button\",\"f_more_font_settings\":\"\",\"f_more_font_family\":\"\",\"f_more_font_size\":\"\",\"f_more_font_line_height\":\"\",\"f_more_font_style\":\"\",\"f_more_font_weight\":\"\",\"f_more_font_transform\":\"\",\"f_more_font_spacing\":\"\",\"f_more_\":\"\",\"mx8f_title_font_header\":\"\",\"mx8f_title_font_title\":\"Article title\",\"mx8f_title_font_settings\":\"\",\"mx8f_title_font_family\":\"\",\"mx8f_title_font_size\":\"\",\"mx8f_title_font_line_height\":\"\",\"mx8f_title_font_style\":\"\",\"mx8f_title_font_weight\":\"\",\"mx8f_title_font_transform\":\"\",\"mx8f_title_font_spacing\":\"\",\"mx8f_title_\":\"\",\"mx8f_cat_font_title\":\"Article category tag\",\"mx8f_cat_font_settings\":\"\",\"mx8f_cat_font_family\":\"\",\"mx8f_cat_font_size\":\"\",\"mx8f_cat_font_line_height\":\"\",\"mx8f_cat_font_style\":\"\",\"mx8f_cat_font_weight\":\"\",\"mx8f_cat_font_transform\":\"\",\"mx8f_cat_font_spacing\":\"\",\"mx8f_cat_\":\"\",\"mx8f_meta_font_title\":\"Article meta info\",\"mx8f_meta_font_settings\":\"\",\"mx8f_meta_font_family\":\"\",\"mx8f_meta_font_size\":\"\",\"mx8f_meta_font_line_height\":\"\",\"mx8f_meta_font_style\":\"\",\"mx8f_meta_font_weight\":\"\",\"mx8f_meta_font_transform\":\"\",\"mx8f_meta_font_spacing\":\"\",\"mx8f_meta_\":\"\",\"m10f_title_font_header\":\"\",\"m10f_title_font_title\":\"Article title\",\"m10f_title_font_settings\":\"\",\"m10f_title_font_family\":\"\",\"m10f_title_font_size\":\"\",\"m10f_title_font_line_height\":\"\",\"m10f_title_font_style\":\"\",\"m10f_title_font_weight\":\"\",\"m10f_title_font_transform\":\"\",\"m10f_title_font_spacing\":\"\",\"m10f_title_\":\"\",\"m10f_cat_font_title\":\"Article category tag\",\"m10f_cat_font_settings\":\"\",\"m10f_cat_font_family\":\"\",\"m10f_cat_font_size\":\"\",\"m10f_cat_font_line_height\":\"\",\"m10f_cat_font_style\":\"\",\"m10f_cat_font_weight\":\"\",\"m10f_cat_font_transform\":\"\",\"m10f_cat_font_spacing\":\"\",\"m10f_cat_\":\"\",\"m10f_meta_font_title\":\"Article meta info\",\"m10f_meta_font_settings\":\"\",\"m10f_meta_font_family\":\"\",\"m10f_meta_font_size\":\"\",\"m10f_meta_font_line_height\":\"\",\"m10f_meta_font_style\":\"\",\"m10f_meta_font_weight\":\"\",\"m10f_meta_font_transform\":\"\",\"m10f_meta_font_spacing\":\"\",\"m10f_meta_\":\"\",\"m10f_ex_font_title\":\"Article excerpt\",\"m10f_ex_font_settings\":\"\",\"m10f_ex_font_family\":\"\",\"m10f_ex_font_size\":\"\",\"m10f_ex_font_line_height\":\"\",\"m10f_ex_font_style\":\"\",\"m10f_ex_font_weight\":\"\",\"m10f_ex_font_transform\":\"\",\"m10f_ex_font_spacing\":\"\",\"m10f_ex_\":\"\",\"mx2f_title_font_header\":\"\",\"mx2f_title_font_title\":\"Article title\",\"mx2f_title_font_settings\":\"\",\"mx2f_title_font_family\":\"\",\"mx2f_title_font_size\":\"\",\"mx2f_title_font_line_height\":\"\",\"mx2f_title_font_style\":\"\",\"mx2f_title_font_weight\":\"\",\"mx2f_title_font_transform\":\"\",\"mx2f_title_font_spacing\":\"\",\"mx2f_title_\":\"\",\"mx2f_cat_font_title\":\"Article category tag\",\"mx2f_cat_font_settings\":\"\",\"mx2f_cat_font_family\":\"\",\"mx2f_cat_font_size\":\"\",\"mx2f_cat_font_line_height\":\"\",\"mx2f_cat_font_style\":\"\",\"mx2f_cat_font_weight\":\"\",\"mx2f_cat_font_transform\":\"\",\"mx2f_cat_font_spacing\":\"\",\"mx2f_cat_\":\"\",\"mx2f_meta_font_title\":\"Article meta info\",\"mx2f_meta_font_settings\":\"\",\"mx2f_meta_font_family\":\"\",\"mx2f_meta_font_size\":\"\",\"mx2f_meta_font_line_height\":\"\",\"mx2f_meta_font_style\":\"\",\"mx2f_meta_font_weight\":\"\",\"mx2f_meta_font_transform\":\"\",\"mx2f_meta_font_spacing\":\"\",\"mx2f_meta_\":\"\",\"ajax_pagination\":\"\",\"ajax_pagination_infinite_stop\":\"\",\"css\":\"\",\"tdc_css\":\"\",\"td_column_number\":1,\"header_color\":\"\",\"color_preset\":\"\",\"border_top\":\"\",\"class\":\"td_uid_13_69f26538149d4_rand\",\"tdc_css_class\":\"td_uid_13_69f26538149d4_rand\",\"tdc_css_class_style\":\"td_uid_13_69f26538149d4_rand_style\"}';\nblock_td_uid_13_69f26538149d4.td_column_number = \"1\";\nblock_td_uid_13_69f26538149d4.block_type = \"td_block_18\";\nblock_td_uid_13_69f26538149d4.post_count = \"5\";\nblock_td_uid_13_69f26538149d4.found_posts = \"47\";\nblock_td_uid_13_69f26538149d4.header_color = \"\";\nblock_td_uid_13_69f26538149d4.ajax_pagination_infinite_stop = \"\";\nblock_td_uid_13_69f26538149d4.max_num_pages = \"10\";\ntdBlocksArray.push(block_td_uid_13_69f26538149d4);\n<\/script><div class=\"td-block-title-wrap\"><h4 class=\"block-title td-block-title\"><span class=\"td-pulldown-size\">TOP REVIEWS<\/span><\/h4><\/div><div id=td_uid_13_69f26538149d4 class=\"td_block_inner td-column-1\">\r\n        <div class=\"td_module_mx8 td_module_wrap td-animation-stack\">\r\n            <div class=\"meta-info-container\">\r\n                <div class=\"td-module-thumb\"><a href=\"http:\/\/fundacionluisanderson.org\/index.php\/2021\/12\/10\/desaparicion-fisica-de-nuestro-amigo-luigi-cal\/\" rel=\"bookmark\" class=\"td-image-wrap\" title=\"Desaparici\u00f3n f\u00edsica de nuestro amigo Luigi Cal\"><img loading=\"lazy\" decoding=\"async\" width=\"406\" height=\"385\" class=\"entry-thumb\" src=\"http:\/\/fundacionluisanderson.org\/wp-content\/uploads\/2021\/12\/WhatsApp-Image-2021-12-10-at-10.06.45-AM-406x385.jpeg\" alt=\"\" title=\"Desaparici\u00f3n f\u00edsica de nuestro amigo Luigi Cal\"\/><\/a><\/div>\r\n                <div class=\"td-module-meta-info\">\r\n                    <h3 class=\"entry-title td-module-title\"><a href=\"http:\/\/fundacionluisanderson.org\/index.php\/2021\/12\/10\/desaparicion-fisica-de-nuestro-amigo-luigi-cal\/\" rel=\"bookmark\" title=\"Desaparici\u00f3n f\u00edsica de nuestro amigo Luigi Cal\">Desaparici\u00f3n f\u00edsica de nuestro amigo Luigi Cal<\/a><\/h3>                                        <span class=\"td-author-date\">\r\n                        <span class=\"td-post-author-name\"><a href=\"http:\/\/fundacionluisanderson.org\/index.php\/author\/fundacion\/\">Fundacion Luis Anderson<\/a> <span>-<\/span> <\/span>                        <span class=\"td-post-date\"><time class=\"entry-date updated td-module-date\" datetime=\"2021-12-10T18:21:20+00:00\" >10 diciembre, 2021<\/time><\/span>                        <div class=\"td-module-comments\"><a href=\"http:\/\/fundacionluisanderson.org\/index.php\/2021\/12\/10\/desaparicion-fisica-de-nuestro-amigo-luigi-cal\/#respond\">0<\/a><\/div>                    <\/span>\r\n                <\/div>\r\n            <\/div>\r\n\r\n        <\/div>\r\n\r\n        \r\n        <div class=\"td_module_mx2 td_module_wrap td-animation-stack\">\r\n\r\n            <div class=\"td-module-thumb\"><a href=\"http:\/\/fundacionluisanderson.org\/index.php\/2020\/07\/07\/desaparicion-fisica-del-companero-mariano-negron\/\" rel=\"bookmark\" class=\"td-image-wrap\" title=\"Desaparici\u00f3n F\u00edsica del compa\u00f1ero Mariano Negr\u00f3n\"><img loading=\"lazy\" decoding=\"async\" width=\"80\" height=\"60\" class=\"entry-thumb\" src=\"http:\/\/fundacionluisanderson.org\/wp-content\/themes\/Newspaper\/images\/no-thumb\/td_80x60.png\" alt=\"\"\/><\/a><\/div>\r\n            <div class=\"item-details\">\r\n                <h3 class=\"entry-title td-module-title\"><a href=\"http:\/\/fundacionluisanderson.org\/index.php\/2020\/07\/07\/desaparicion-fisica-del-companero-mariano-negron\/\" rel=\"bookmark\" title=\"Desaparici\u00f3n F\u00edsica del compa\u00f1ero Mariano Negr\u00f3n\">Desaparici\u00f3n F\u00edsica del compa\u00f1ero Mariano Negr\u00f3n<\/a><\/h3>                <div class=\"td-module-meta-info\">\r\n                                                            <span class=\"td-post-date\"><time class=\"entry-date updated td-module-date\" datetime=\"2020-07-07T20:36:23+00:00\" >7 julio, 2020<\/time><\/span>                                    <\/div>\r\n            <\/div>\r\n\r\n        <\/div>\r\n\r\n        \r\n        <div class=\"td_module_mx2 td_module_wrap td-animation-stack\">\r\n\r\n            <div class=\"td-module-thumb\"><a href=\"http:\/\/fundacionluisanderson.org\/index.php\/2019\/12\/10\/conferencia-magistral-la-historia-de-la-oit-desde-una-vision-americana\/\" rel=\"bookmark\" class=\"td-image-wrap\" title=\"Conferencia Magistral, \u201cLa historia de la OIT desde una visi\u00f3n americana\u201d\"><img loading=\"lazy\" decoding=\"async\" width=\"80\" height=\"60\" class=\"entry-thumb\" src=\"http:\/\/fundacionluisanderson.org\/wp-content\/uploads\/2019\/12\/2-80x60.jpeg\" srcset=\"http:\/\/fundacionluisanderson.org\/wp-content\/uploads\/2019\/12\/2-80x60.jpeg 80w, http:\/\/fundacionluisanderson.org\/wp-content\/uploads\/2019\/12\/2-300x225.jpeg 300w, http:\/\/fundacionluisanderson.org\/wp-content\/uploads\/2019\/12\/2-768x576.jpeg 768w, http:\/\/fundacionluisanderson.org\/wp-content\/uploads\/2019\/12\/2.jpeg 1024w, http:\/\/fundacionluisanderson.org\/wp-content\/uploads\/2019\/12\/2-265x198.jpeg 265w, http:\/\/fundacionluisanderson.org\/wp-content\/uploads\/2019\/12\/2-696x522.jpeg 696w, http:\/\/fundacionluisanderson.org\/wp-content\/uploads\/2019\/12\/2-560x420.jpeg 560w\" sizes=\"(max-width: 80px) 100vw, 80px\" alt=\"\" title=\"Conferencia Magistral, \u201cLa historia de la OIT desde una visi\u00f3n americana\u201d\"\/><\/a><\/div>\r\n            <div class=\"item-details\">\r\n                <h3 class=\"entry-title td-module-title\"><a href=\"http:\/\/fundacionluisanderson.org\/index.php\/2019\/12\/10\/conferencia-magistral-la-historia-de-la-oit-desde-una-vision-americana\/\" rel=\"bookmark\" title=\"Conferencia Magistral, \u201cLa historia de la OIT desde una visi\u00f3n americana\u201d\">Conferencia Magistral, \u201cLa historia de la OIT desde una visi\u00f3n americana\u201d<\/a><\/h3>                <div class=\"td-module-meta-info\">\r\n                                                            <span class=\"td-post-date\"><time class=\"entry-date updated td-module-date\" datetime=\"2019-12-10T17:21:49+00:00\" >10 diciembre, 2019<\/time><\/span>                                    <\/div>\r\n            <\/div>\r\n\r\n        <\/div>\r\n\r\n        \r\n        <div class=\"td_module_mx2 td_module_wrap td-animation-stack\">\r\n\r\n            <div class=\"td-module-thumb\"><a href=\"http:\/\/fundacionluisanderson.org\/index.php\/2019\/10\/21\/articulo-oit-america-latina-y-la-oit-indagar-el-pasado-para-entender-el-futuro-del-trabajo\/\" rel=\"bookmark\" class=\"td-image-wrap\" title=\"ARTICULO: OIT &#8211; Am\u00e9rica Latina y la OIT: indagar el pasado para entender el futuro del trabajo\"><img loading=\"lazy\" decoding=\"async\" width=\"80\" height=\"60\" class=\"entry-thumb\" src=\"http:\/\/fundacionluisanderson.org\/wp-content\/themes\/Newspaper\/images\/no-thumb\/td_80x60.png\" alt=\"\"\/><\/a><\/div>\r\n            <div class=\"item-details\">\r\n                <h3 class=\"entry-title td-module-title\"><a href=\"http:\/\/fundacionluisanderson.org\/index.php\/2019\/10\/21\/articulo-oit-america-latina-y-la-oit-indagar-el-pasado-para-entender-el-futuro-del-trabajo\/\" rel=\"bookmark\" title=\"ARTICULO: OIT &#8211; Am\u00e9rica Latina y la OIT: indagar el pasado para entender el futuro del trabajo\">ARTICULO: OIT &#8211; Am\u00e9rica Latina y la OIT: indagar el pasado para entender el futuro del trabajo<\/a><\/h3>                <div class=\"td-module-meta-info\">\r\n                                                            <span class=\"td-post-date\"><time class=\"entry-date updated td-module-date\" datetime=\"2019-10-21T17:45:18+00:00\" >21 octubre, 2019<\/time><\/span>                                    <\/div>\r\n            <\/div>\r\n\r\n        <\/div>\r\n\r\n        \r\n        <div class=\"td_module_mx2 td_module_wrap td-animation-stack\">\r\n\r\n            <div class=\"td-module-thumb\"><a href=\"http:\/\/fundacionluisanderson.org\/index.php\/2019\/10\/14\/desaparicion-fisica-del-companero-santiago-montero\/\" rel=\"bookmark\" class=\"td-image-wrap\" title=\"Desaparici\u00f3n f\u00edsica del compa\u00f1ero Santiago Montero\"><img loading=\"lazy\" decoding=\"async\" width=\"80\" height=\"60\" class=\"entry-thumb\" src=\"http:\/\/fundacionluisanderson.org\/wp-content\/uploads\/2019\/10\/Santiado-Montero-80x60.jpeg\" srcset=\"http:\/\/fundacionluisanderson.org\/wp-content\/uploads\/2019\/10\/Santiado-Montero-80x60.jpeg 80w, http:\/\/fundacionluisanderson.org\/wp-content\/uploads\/2019\/10\/Santiado-Montero-265x198.jpeg 265w\" sizes=\"(max-width: 80px) 100vw, 80px\" alt=\"\" title=\"Desaparici\u00f3n f\u00edsica del compa\u00f1ero Santiago Montero\"\/><\/a><\/div>\r\n            <div class=\"item-details\">\r\n                <h3 class=\"entry-title td-module-title\"><a href=\"http:\/\/fundacionluisanderson.org\/index.php\/2019\/10\/14\/desaparicion-fisica-del-companero-santiago-montero\/\" rel=\"bookmark\" title=\"Desaparici\u00f3n f\u00edsica del compa\u00f1ero Santiago Montero\">Desaparici\u00f3n f\u00edsica del compa\u00f1ero Santiago Montero<\/a><\/h3>                <div class=\"td-module-meta-info\">\r\n                                                            <span class=\"td-post-date\"><time class=\"entry-date updated td-module-date\" datetime=\"2019-10-14T22:30:51+00:00\" >14 octubre, 2019<\/time><\/span>                                    <\/div>\r\n            <\/div>\r\n\r\n        <\/div>\r\n\r\n        <\/div><\/div> <!-- .\/block -->[\/vc_column][\/vc_row][vc_row full_width=\u00bbstretch_row\u00bb el_class=\u00bbimport_dont_miss\u00bb][vc_column width=\u00bb1\/1&#8243;]<div class=\"td_block_wrap td_block_14 td_uid_14_69f2653815df9_rand td-pb-full-cell td_with_ajax_pagination td-pb-border-top td_block_template_1 td-column-1\"  data-td-block-uid=\"td_uid_14_69f2653815df9\" >\n<style>\n.td-theme-wrap .td_uid_14_69f2653815df9_rand .td-pulldown-filter-link:hover,\r\n            .td-theme-wrap .td_uid_14_69f2653815df9_rand .td-subcat-item a:hover,\r\n            .td-theme-wrap .td_uid_14_69f2653815df9_rand .td-subcat-item .td-cur-simple-item {\r\n                color: #f8c900;\r\n            }\r\n\r\n            .td-theme-wrap .td_uid_14_69f2653815df9_rand .block-title > *,\r\n            .td-theme-wrap .td_uid_14_69f2653815df9_rand .td-subcat-dropdown:hover .td-subcat-more {\r\n                background-color: #f8c900;\r\n            }\r\n            .td-theme-wrap .td-footer-wrapper .td_uid_14_69f2653815df9_rand .block-title > * {\r\n                padding: 6px 7px 5px;\r\n                line-height: 1;\r\n            }\r\n\r\n            .td-theme-wrap .td_uid_14_69f2653815df9_rand .block-title {\r\n                border-color: #f8c900;\r\n            }\r\n\r\n            \r\n            .td-theme-wrap .td_uid_14_69f2653815df9_rand .td_module_wrap:hover .entry-title a,\r\n            .td-theme-wrap .td_uid_14_69f2653815df9_rand .td_quote_on_blocks,\r\n            .td-theme-wrap .td_uid_14_69f2653815df9_rand .td-opacity-cat .td-post-category:hover,\r\n            .td-theme-wrap .td_uid_14_69f2653815df9_rand .td-opacity-read .td-read-more a:hover,\r\n            .td-theme-wrap .td_uid_14_69f2653815df9_rand .td-opacity-author .td-post-author-name a:hover,\r\n            .td-theme-wrap .td_uid_14_69f2653815df9_rand .td-instagram-user a {\r\n                color: #f8c900;\r\n            }\r\n\r\n            .td-theme-wrap .td_uid_14_69f2653815df9_rand .td-next-prev-wrap a:hover,\r\n            .td-theme-wrap .td_uid_14_69f2653815df9_rand .td-load-more-wrap a:hover {\r\n                background-color: #f8c900;\r\n                border-color: #f8c900;\r\n            }\r\n\r\n            .td-theme-wrap .td_uid_14_69f2653815df9_rand .td-read-more a,\r\n            .td-theme-wrap .td_uid_14_69f2653815df9_rand .td-weather-information:before,\r\n            .td-theme-wrap .td_uid_14_69f2653815df9_rand .td-weather-week:before,\r\n            .td-theme-wrap .td_uid_14_69f2653815df9_rand .td-exchange-header:before,\r\n            .td-theme-wrap .td-footer-wrapper .td_uid_14_69f2653815df9_rand .td-post-category,\r\n            .td-theme-wrap .td_uid_14_69f2653815df9_rand .td-post-category:hover {\r\n                background-color: #f8c900;\r\n            }\n<\/style><script>var block_td_uid_14_69f2653815df9 = new tdBlock();\nblock_td_uid_14_69f2653815df9.id = \"td_uid_14_69f2653815df9\";\nblock_td_uid_14_69f2653815df9.atts = '{\"sort\":\"random_posts\",\"limit\":\"3\",\"offset\":\"\",\"custom_title\":\"DON\\u0027T MISS\",\"td_ajax_filter_ids\":\"\",\"td_filter_default_txt\":\"All\",\"ajax_pagination\":\"next_prev\",\"td_ajax_filter_type\":\"td_category_ids_filter\",\"header_color\":\"#f8c900\",\"separator\":\"\",\"custom_url\":\"\",\"block_template_id\":\"\",\"mx1_tl\":\"\",\"post_ids\":\"\",\"category_id\":\"\",\"category_ids\":\"\",\"tag_slug\":\"\",\"autors_id\":\"\",\"installed_post_types\":\"\",\"el_class\":\"\",\"td_ajax_preloading\":\"\",\"f_header_font_header\":\"\",\"f_header_font_title\":\"Block header\",\"f_header_font_settings\":\"\",\"f_header_font_family\":\"\",\"f_header_font_size\":\"\",\"f_header_font_line_height\":\"\",\"f_header_font_style\":\"\",\"f_header_font_weight\":\"\",\"f_header_font_transform\":\"\",\"f_header_font_spacing\":\"\",\"f_header_\":\"\",\"f_ajax_font_title\":\"Ajax categories\",\"f_ajax_font_settings\":\"\",\"f_ajax_font_family\":\"\",\"f_ajax_font_size\":\"\",\"f_ajax_font_line_height\":\"\",\"f_ajax_font_style\":\"\",\"f_ajax_font_weight\":\"\",\"f_ajax_font_transform\":\"\",\"f_ajax_font_spacing\":\"\",\"f_ajax_\":\"\",\"f_more_font_title\":\"Load more button\",\"f_more_font_settings\":\"\",\"f_more_font_family\":\"\",\"f_more_font_size\":\"\",\"f_more_font_line_height\":\"\",\"f_more_font_style\":\"\",\"f_more_font_weight\":\"\",\"f_more_font_transform\":\"\",\"f_more_font_spacing\":\"\",\"f_more_\":\"\",\"mx1f_title_font_header\":\"\",\"mx1f_title_font_title\":\"Article title\",\"mx1f_title_font_settings\":\"\",\"mx1f_title_font_family\":\"\",\"mx1f_title_font_size\":\"\",\"mx1f_title_font_line_height\":\"\",\"mx1f_title_font_style\":\"\",\"mx1f_title_font_weight\":\"\",\"mx1f_title_font_transform\":\"\",\"mx1f_title_font_spacing\":\"\",\"mx1f_title_\":\"\",\"mx1f_cat_font_title\":\"Article category tag\",\"mx1f_cat_font_settings\":\"\",\"mx1f_cat_font_family\":\"\",\"mx1f_cat_font_size\":\"\",\"mx1f_cat_font_line_height\":\"\",\"mx1f_cat_font_style\":\"\",\"mx1f_cat_font_weight\":\"\",\"mx1f_cat_font_transform\":\"\",\"mx1f_cat_font_spacing\":\"\",\"mx1f_cat_\":\"\",\"mx1f_meta_font_title\":\"Article meta info\",\"mx1f_meta_font_settings\":\"\",\"mx1f_meta_font_family\":\"\",\"mx1f_meta_font_size\":\"\",\"mx1f_meta_font_line_height\":\"\",\"mx1f_meta_font_style\":\"\",\"mx1f_meta_font_weight\":\"\",\"mx1f_meta_font_transform\":\"\",\"mx1f_meta_font_spacing\":\"\",\"mx1f_meta_\":\"\",\"ajax_pagination_infinite_stop\":\"\",\"css\":\"\",\"tdc_css\":\"\",\"td_column_number\":1,\"color_preset\":\"\",\"border_top\":\"\",\"class\":\"td_uid_14_69f2653815df9_rand\",\"tdc_css_class\":\"td_uid_14_69f2653815df9_rand\",\"tdc_css_class_style\":\"td_uid_14_69f2653815df9_rand_style\"}';\nblock_td_uid_14_69f2653815df9.td_column_number = \"1\";\nblock_td_uid_14_69f2653815df9.block_type = \"td_block_14\";\nblock_td_uid_14_69f2653815df9.post_count = \"3\";\nblock_td_uid_14_69f2653815df9.found_posts = \"47\";\nblock_td_uid_14_69f2653815df9.header_color = \"#f8c900\";\nblock_td_uid_14_69f2653815df9.ajax_pagination_infinite_stop = \"\";\nblock_td_uid_14_69f2653815df9.max_num_pages = \"16\";\ntdBlocksArray.push(block_td_uid_14_69f2653815df9);\n<\/script><div class=\"td-block-title-wrap\"><h4 class=\"block-title td-block-title\"><span class=\"td-pulldown-size\">DON&#039;T MISS<\/span><\/h4><div class=\"td-pulldown-syle-default td-subcat-filter\" id=\"td_pulldown_td_uid_14_69f2653815df9\"><ul class=\"td-subcat-list\" id=\"td_pulldown_td_uid_14_69f2653815df9_list\"><li class=\"td-subcat-item\"><a class=\"td-subcat-link\" id=\"td_uid_15_69f2653816a74\" data-td_filter_value=\"\" data-td_block_id=\"td_uid_14_69f2653815df9\" href=\"#\">All<\/a><\/li><li class=\"td-subcat-item\"><a class=\"td-subcat-link\" id=\"td_uid_16_69f2653816a75\" data-td_filter_value=\"3\" data-td_block_id=\"td_uid_14_69f2653815df9\" href=\"#\">Eventos<\/a><\/li><li class=\"td-subcat-item\"><a class=\"td-subcat-link\" id=\"td_uid_17_69f2653816a76\" data-td_filter_value=\"6\" data-td_block_id=\"td_uid_14_69f2653815df9\" href=\"#\">Homenaje<\/a><\/li><li class=\"td-subcat-item\"><a class=\"td-subcat-link\" id=\"td_uid_18_69f2653816a77\" data-td_filter_value=\"13\" data-td_block_id=\"td_uid_14_69f2653815df9\" href=\"#\">Publicaciones<\/a><\/li><\/ul><div class=\"td-subcat-dropdown\"><div class=\"td-subcat-more\" aria-haspopup=\"true\"><span>M\u00e1s<\/span><i class=\"td-icon-read-down\"><\/i><\/div><ul class=\"td-pulldown-filter-list\"><\/ul><\/div><\/div><\/div><div id=td_uid_14_69f2653815df9 class=\"td_block_inner td-column-1\">\n\n\t<div class=\"td-block-span12\">\n\r\n        <div class=\"td_module_mx1 td_module_wrap td-animation-stack\">\r\n            <div class=\"td-module-thumb\"><a href=\"http:\/\/fundacionluisanderson.org\/index.php\/2018\/10\/30\/el-negro-anderson\/\" rel=\"bookmark\" class=\"td-image-wrap\" title=\"El \u201cNegro Anderson\u201d\"><img loading=\"lazy\" decoding=\"async\" width=\"356\" height=\"220\" class=\"entry-thumb\" src=\"http:\/\/fundacionluisanderson.org\/wp-content\/uploads\/2018\/11\/AlbertoBArrow-356x220.jpg\" alt=\"\" title=\"El \u201cNegro Anderson\u201d\"\/><\/a><\/div>\r\n            <div class=\"td-module-meta-info\">\r\n                <h3 class=\"entry-title td-module-title\"><a href=\"http:\/\/fundacionluisanderson.org\/index.php\/2018\/10\/30\/el-negro-anderson\/\" rel=\"bookmark\" title=\"El \u201cNegro Anderson\u201d\">El \u201cNegro Anderson\u201d<\/a><\/h3>                <div class=\"td-editor-date\">\r\n                                        <span class=\"td-author-date\">\r\n                        <span class=\"td-post-author-name\"><a href=\"http:\/\/fundacionluisanderson.org\/index.php\/author\/admin\/\">admin<\/a> <span>-<\/span> <\/span>                        <span class=\"td-post-date\"><time class=\"entry-date updated td-module-date\" datetime=\"2018-10-30T03:57:00+00:00\" >30 octubre, 2018<\/time><\/span>                    <\/span>\r\n                <\/div>\r\n            <\/div>\r\n\r\n        <\/div>\r\n\r\n        \n\t<\/div> <!-- .\/td-block-span12 -->\n\n\t<div class=\"td-block-span12\">\n\r\n        <div class=\"td_module_mx1 td_module_wrap td-animation-stack\">\r\n            <div class=\"td-module-thumb\"><a href=\"http:\/\/fundacionluisanderson.org\/index.php\/2018\/10\/30\/homenaje-a-luis-anderson\/\" rel=\"bookmark\" class=\"td-image-wrap\" title=\"Homenaje a Luis Anderson\"><img loading=\"lazy\" decoding=\"async\" width=\"356\" height=\"220\" class=\"entry-thumb\" src=\"http:\/\/fundacionluisanderson.org\/wp-content\/uploads\/2018\/11\/StanleyGacek-356x220.png\" alt=\"\" title=\"Homenaje a Luis Anderson\"\/><\/a><\/div>\r\n            <div class=\"td-module-meta-info\">\r\n                <h3 class=\"entry-title td-module-title\"><a href=\"http:\/\/fundacionluisanderson.org\/index.php\/2018\/10\/30\/homenaje-a-luis-anderson\/\" rel=\"bookmark\" title=\"Homenaje a Luis Anderson\">Homenaje a Luis Anderson<\/a><\/h3>                <div class=\"td-editor-date\">\r\n                                        <span class=\"td-author-date\">\r\n                        <span class=\"td-post-author-name\"><a href=\"http:\/\/fundacionluisanderson.org\/index.php\/author\/admin\/\">admin<\/a> <span>-<\/span> <\/span>                        <span class=\"td-post-date\"><time class=\"entry-date updated td-module-date\" datetime=\"2018-10-30T03:59:19+00:00\" >30 octubre, 2018<\/time><\/span>                    <\/span>\r\n                <\/div>\r\n            <\/div>\r\n\r\n        <\/div>\r\n\r\n        \n\t<\/div> <!-- .\/td-block-span12 -->\n\n\t<div class=\"td-block-span12\">\n\r\n        <div class=\"td_module_mx1 td_module_wrap td-animation-stack\">\r\n            <div class=\"td-module-thumb\"><a href=\"http:\/\/fundacionluisanderson.org\/index.php\/2018\/10\/30\/luis-anderson-un-recuerdo\/\" rel=\"bookmark\" class=\"td-image-wrap\" title=\"Luis Anderson, Un Recuerdo\"><img loading=\"lazy\" decoding=\"async\" width=\"356\" height=\"220\" class=\"entry-thumb\" src=\"http:\/\/fundacionluisanderson.org\/wp-content\/uploads\/2018\/10\/AnnaBiondi-356x220.jpg\" alt=\"\" title=\"Luis Anderson, Un Recuerdo\"\/><\/a><\/div>\r\n            <div class=\"td-module-meta-info\">\r\n                <h3 class=\"entry-title td-module-title\"><a href=\"http:\/\/fundacionluisanderson.org\/index.php\/2018\/10\/30\/luis-anderson-un-recuerdo\/\" rel=\"bookmark\" title=\"Luis Anderson, Un Recuerdo\">Luis Anderson, Un Recuerdo<\/a><\/h3>                <div class=\"td-editor-date\">\r\n                                        <span class=\"td-author-date\">\r\n                        <span class=\"td-post-author-name\"><a href=\"http:\/\/fundacionluisanderson.org\/index.php\/author\/admin\/\">admin<\/a> <span>-<\/span> <\/span>                        <span class=\"td-post-date\"><time class=\"entry-date updated td-module-date\" datetime=\"2018-10-30T04:02:44+00:00\" >30 octubre, 2018<\/time><\/span>                    <\/span>\r\n                <\/div>\r\n            <\/div>\r\n\r\n        <\/div>\r\n\r\n        \n\t<\/div> <!-- .\/td-block-span12 --><\/div><div class=\"td-next-prev-wrap\"><a href=\"#\" class=\"td-ajax-prev-page ajax-page-disabled\" id=\"prev-page-td_uid_14_69f2653815df9\" data-td_block_id=\"td_uid_14_69f2653815df9\"><i class=\"td-icon-font td-icon-menu-left\"><\/i><\/a><a href=\"#\"  class=\"td-ajax-next-page\" id=\"next-page-td_uid_14_69f2653815df9\" data-td_block_id=\"td_uid_14_69f2653815df9\"><i class=\"td-icon-font td-icon-menu-right\"><\/i><\/a><\/div><\/div> <!-- .\/block --><div class=\"clearfix\"><\/div>[\/vc_column][\/vc_row]<\/p>\n","protected":false},"excerpt":{"rendered":"<p>[vc_row full_width=\u00bbstretch_row\u00bb el_class=\u00bbimport_video_slider_bg\u00bb ][vc_column width=\u00bb1\/1&#8243;][\/vc_column][\/vc_row][vc_row full_width=\u00bbstretch_row\u00bb el_class=\u00bbimport_video_bg\u00bb][vc_column width=\u00bb1\/1&#8243;][\/vc_column][\/vc_row][vc_row full_width=\u00bb\u00bb parallax=\u00bb\u00bb parallax_image=\u00bb\u00bb el_class=\u00bbtd-ss-row\u00bb][vc_column width=\u00bb2\/3&#8243;][\/vc_column][vc_column width=\u00bb1\/3&#8243;][td_block_social_counter custom_title=\u00bbSTAY CONNECTED\u00bb header_color=\u00bb\u00bb header_text_color=\u00bb\u00bb facebook=\u00bbenvato\u00bb twitter=\u00bbenvato\u00bb youtube=\u00bbtagdiv\u00bb vimeo=\u00bb\u00bb googleplus=\u00bb\u00bb instagram=\u00bb\u00bb soundcloud=\u00bb\u00bb rss=\u00bb\u00bb open_in_new_window=\u00bby\u00bb][\/vc_column][\/vc_row][vc_row full_width=\u00bbstretch_row\u00bb el_class=\u00bbimport_dont_miss\u00bb][vc_column width=\u00bb1\/1&#8243;][\/vc_column][\/vc_row]<\/p>\n","protected":false},"author":1,"featured_media":0,"parent":0,"menu_order":0,"comment_status":"open","ping_status":"closed","template":"page-pagebuilder-latest.php","meta":{"footnotes":""},"_links":{"self":[{"href":"http:\/\/fundacionluisanderson.org\/index.php\/wp-json\/wp\/v2\/pages\/47"}],"collection":[{"href":"http:\/\/fundacionluisanderson.org\/index.php\/wp-json\/wp\/v2\/pages"}],"about":[{"href":"http:\/\/fundacionluisanderson.org\/index.php\/wp-json\/wp\/v2\/types\/page"}],"author":[{"embeddable":true,"href":"http:\/\/fundacionluisanderson.org\/index.php\/wp-json\/wp\/v2\/users\/1"}],"replies":[{"embeddable":true,"href":"http:\/\/fundacionluisanderson.org\/index.php\/wp-json\/wp\/v2\/comments?post=47"}],"version-history":[{"count":0,"href":"http:\/\/fundacionluisanderson.org\/index.php\/wp-json\/wp\/v2\/pages\/47\/revisions"}],"wp:attachment":[{"href":"http:\/\/fundacionluisanderson.org\/index.php\/wp-json\/wp\/v2\/media?parent=47"}],"curies":[{"name":"wp","href":"https:\/\/api.w.org\/{rel}","templated":true}]}}